{"id":14,"date":"2014-06-20T11:20:46","date_gmt":"2014-06-20T11:20:46","guid":{"rendered":"http:\/\/www.ndh.ufms.br\/?page_id=14"},"modified":"2026-03-23T15:44:22","modified_gmt":"2026-03-23T19:44:22","slug":"acervo","status":"publish","type":"page","link":"https:\/\/ndh-cptl.ufms.br\/?page_id=14","title":{"rendered":"Acervo"},"content":{"rendered":"<p style=\"text-align: justify;\"><strong>Biblioteca NDH<\/strong><\/p>\n<p style=\"text-align: justify;\">O NDH possui uma biblioteca com cerca de 2 mil volumes que serve aos alunos e \u00e0s alunas do Curso de Hist\u00f3ria e consulentes diversos. As obras s\u00e3o origin\u00e1rias de doa\u00e7\u00f5es de docentes aposentados e aposentadas, de docentes da ativa, bem como de diversas institui\u00e7\u00f5es e pessoas.<\/p>\n<p style=\"text-align: justify;\">Na biblioteca do NDH est\u00e1 o acervo bibliogr\u00e1fico do Instituto Administrativo Jesus Bom Pastor,\u00a0analisado em\u00a0pesquisa de Inicia\u00e7\u00e3o Cient\u00edfica [<a title=\"Biblioteca do Instituto Administrativo Jesus Bom Pastor\" href=\"https:\/\/ndh-cptl.ufms.br\/wp-content\/uploads\/2020\/12\/JOSENIAS_RELATORIO_BIBLIOTECA_IAJES.pdf\" target=\"_blank\" rel=\"noopener\">Leia aqui<\/a>]<\/p>\n<p style=\"text-align: justify;\"><strong>Linhas de Acervo<\/strong><br \/>As linhas de acervo existentes no N\u00facleo de Documenta\u00e7\u00e3o Hist\u00f3rica \u201cHon\u00f3rio de Souza Carneiro\u201d foram se constituindo ao longo dos trabalhos desenvolvidos pelos docentes do Curso de Hist\u00f3ria e por doa\u00e7\u00f5es, n\u00e3o se tratando de uma defini\u00e7\u00e3o a priori. Na reorganiza\u00e7\u00e3o do acervo documental, iniciada em 2006, houve a preocupa\u00e7\u00e3o em agrupar os diversos arquivos e cole\u00e7\u00f5es existentes em Linhas de Acervo, o que permite otimizar os trabalhos do N\u00facleo, tanto em termos de tratamento documental, como no sentido de novas aquisi\u00e7\u00f5es e amplia\u00e7\u00f5es do mesmo.<\/p>\n<p style=\"text-align: justify;\">As linhas de acervo existentes no N\u00facleo s\u00e3o Hist\u00f3ria local e regional, Movimentos sociais e Mem\u00f3ria universit\u00e1ria. Os arquivos e cole\u00e7\u00f5es que constituem cada uma delas s\u00e3o os seguintes:<\/p>\n<p style=\"text-align: justify;\"><strong><em>Hist\u00f3ria local e regional<\/em><\/strong><br \/>Grupos:<br \/>&#8211; Imprensa<br \/>&#8211; Rede Ferrovi\u00e1ria Federal S.A \/ Noroeste do Brasil<br \/>&#8211; Barrageiros<br \/>&#8211; Prefeitura Municipal de Tr\u00eas Lagoas<br \/>&#8211; Arquivo fotogr\u00e1fico<br \/>&#8211; Arquivo pessoal<\/p>\n<p style=\"text-align: justify;\"><strong><em>Movimentos sociais<\/em><\/strong><br \/>Grupos:<br \/>&#8211; Instituto Administrativo Jesus Bom Pastor (Fundo Giancarlo Oliveri)<br \/>&#8211; Comiss\u00e3o Pastoral da Terra<br \/>&#8211; Sindicato dos Trabalhadores em Empresas Ferrovi\u00e1rias de Bauru e Mato Grosso do Sul<br \/>&#8211; Sindicato dos Trabalhadores em Educa\u00e7\u00e3o de Tr\u00eas Lagoas e Selv\u00edria<br \/>&#8211; Partido dos Trabalhadores<\/p>\n<p style=\"text-align: justify;\"><strong><em>Mem\u00f3ria universit\u00e1ria<\/em><\/strong><br \/>Grupos:<br \/>&#8211; Universidade Federal de Mato Grosso do Sul<br \/>&#8211; Corpo Docente de Hist\u00f3ria<\/p>\n<p style=\"text-align: justify;\"><strong><em>Arquivo da Palavra<\/em><\/strong><br \/>Constitu\u00eddo por documenta\u00e7\u00e3o oral e audiovisual, re\u00fane fontes que podem ser consideradas como integrantes das tr\u00eas linhas de acervo existentes no N\u00facleo.<\/p>\n<p style=\"text-align: justify;\"><a name=\"topo\"><\/a><strong>GUIA DO ACERVO<\/strong><br \/>A descri\u00e7\u00e3o dos grupos, cole\u00e7\u00f5es e fundos foi realizada de acordo com os dados prescritos na ISAD-G \u2013 Norma Geral Internacional de Descri\u00e7\u00e3o Arquiv\u00edstica. O \u00edtem \u201cinstrumentos de pesquisa\u201d d\u00e1 acesso ao cat\u00e1logo com uma descri\u00e7\u00e3o mais densa e com a localiza\u00e7\u00e3o do documento no arquivo. Alguns grupos n\u00e3o possuem instrumento de busca, por estarem em processo de cataloga\u00e7\u00e3o, no entanto, est\u00e3o abertos \u00e0 consulta, mesmo considerando a dificuldade de se trabalhar com documenta\u00e7\u00e3o n\u00e3o catalogada.<\/p>\n<p><strong><span style=\"color: #ff0000;\">FORMA DE FAZER REFER\u00caNCIA A FONTES DO NDH<\/span><\/strong><br \/><span style=\"color: #000000;\">Nome do Autor do documento. <em>T\u00edtulo do documento<\/em> [complemento se necess\u00e1rio]. Data de refer\u00eancia do documento. Fundo (Caixa 134). N\u00facleo de Documenta\u00e7\u00e3o Hist\u00f3rica Hon\u00f3rio de Souza Carneiro. UFMS, Campus de Tr\u00eas Lagoas.<\/span><\/p>\n<p style=\"text-align: justify;\">:: <a href=\"#jornais\">Peri\u00f3dicos<\/a><br \/>:: <a href=\"#2\">Rede Ferrovi\u00e1ria Federal S\/A, Superintend\u00eancia Regional 10, Noroeste do Brasil<\/a><br \/>:: <a href=\"#3\">Barrageiros<\/a><br \/>:: <a href=\"#4\">Prefeitura Municipal de Tr\u00eas lagoas<\/a><br \/>:: <a href=\"#5\">Arquivo fotogr\u00e1fico<\/a><br \/>:: <a href=\"#6\">Arquivo pessoal<\/a><br \/>:: <a href=\"#7\">Instituto Administrativo Jesus Bom Pastor \u2013 \u201cGiancarlo Oliveri\u201d<\/a><br \/>:: <a href=\"#8\">Comiss\u00e3o Pastoral da Terra<\/a><br \/>:: <a href=\"#9\">Sindicato dos Trabalhadores em Empresas Ferrovi\u00e1rias de Baur\u00fa e Mato Grosso do Sul<\/a><br \/>:: <a href=\"#10\">Sindicato dos Trabalhadores em educa\u00e7\u00e3o de Tr\u00eas Lagoas e Selviria<\/a><br \/>:: <a href=\"#11\">Partido dos Trabalhadores<\/a><br \/>:: <a href=\"#12\">Universidade Federal de Mato Grosso do Sul<\/a><br \/>:: <a href=\"#13\">Corpo Docente de Hist\u00f3ria <\/a><br \/>:: <a href=\"#14\">Arquivo da Palavra<\/a><br \/>:: Discoteca\u00a0<a href=\"https:\/\/ndh-cptl.ufms.br\/wp-content\/uploads\/2016\/04\/DISCOTECA_PET_04_2016.xls\" target=\"_blank\" rel=\"noopener\">Excel<\/a> ou <a href=\"https:\/\/ndh-cptl.ufms.br\/wp-content\/uploads\/2016\/04\/DISCOTECA_PET_04_2016.pdf\" target=\"_blank\" rel=\"noopener\">PDF<\/a><br \/>::\u00a0<a title=\"P\u00e1gina Ofai\u00e9\" href=\"https:\/\/ndh-cptl.ufms.br\/?page_id=943\" target=\"_blank\" rel=\"noopener\">Ofai\u00e9 &#8211; Ata\u00edde Xehit\u00e2-ha<\/a>\u00a0\/ <a href=\"https:\/\/ndh-cptl.ufms.br\/wp-content\/uploads\/2024\/12\/OFAIE_10-2024.pdf\" target=\"_blank\" rel=\"noopener\">descri\u00e7\u00e3o do acervo<\/a><\/p>\n<p style=\"text-align: justify;\">:: <a href=\"https:\/\/ndh-cptl.ufms.br\/wp-content\/uploads\/2023\/03\/CATALOGO_INTRODUCAO_f.pdf\" target=\"_blank\" rel=\"noopener\">Chancelaria da C\u00faria Diocesana de Tr\u00eas Lagoas<\/a> [<a href=\"https:\/\/drive.google.com\/drive\/folders\/1AxNnxMOXeXkiu99tKB9IgNCqAk66V4Xg?usp=sharing\" target=\"_blank\" rel=\"noopener\"><strong>acesse o drive<\/strong><\/a> com a cataloga\u00e7\u00e3o de acervo <strong>sob a guarda da Chancelaria<\/strong>]\u00a0<\/p>\n<p>:: <a href=\"https:\/\/ndh-cptl.ufms.br\/wp-content\/uploads\/2026\/03\/CEM.pdf\" target=\"_blank\" rel=\"noopener\">Centro de Estudos Migrat\u00f3rios<\/a> [<a href=\"https:\/\/ndh-cptl.ufms.br\/wp-content\/uploads\/2026\/03\/CEM_01-12-2025.pdf\" target=\"_blank\" rel=\"noopener\">tabela descritiva<\/a>]<\/p>\n<p style=\"text-align: justify;\"><strong><a name=\"jornais\"><\/a><span style=\"color: #ff0000;\">1 &#8211; COLE\u00c7\u00c3O DE PERI\u00d3DICOS <\/span><\/strong><br \/>A cole\u00e7\u00e3o de peri\u00f3dicos (jornais e revistas) \u00e9 constitu\u00edda por doa\u00e7\u00f5es de particulares e empresas. S\u00e3o peri\u00f3dicos desde a d\u00e9cada de 1950 at\u00e9 2011. Em sua maioria s\u00e3o jornais locais e regionais, arquivados em pasta poliondas, intercalados com papel neutro. A cole\u00e7\u00e3o \u00e9 composta, tamb\u00e9m, de revistas magazine de \u00e2mbito nacional e regional.<\/p>\n<p style=\"text-align: justify;\">A lista a seguir apresenta o t\u00edtulo, notas de t\u00edtulo (quando houver), local de publica\u00e7\u00e3o e a primeira e \u00faltima datas de publica\u00e7\u00e3o do respectivo exemplar existente no acervo. Cada arquivo possui um link com a ficha descritiva do peri\u00f3dico.<\/p>\n<ul style=\"text-align: justify;\">\n<li><a title=\"A GAZETA DA ESTIVA\" href=\"https:\/\/ndh-cptl.ufms.br\/wp-content\/uploads\/2014\/09\/A-GAZETA-DA-ESTIVA.pdf\" target=\"_blank\" rel=\"noopener\">A GAZETA DA ESTIVA; 01\/01\/2002 a 01\/08\/2003<\/a>;<\/li>\n<li><a href=\"https:\/\/ndh-cptl.ufms.br\/wp-content\/uploads\/2024\/12\/AROEIRA.pdf\" target=\"_blank\" rel=\"noopener\">AROEIRA<\/a>: <em>Comiss\u00e3o Pastoral da Terra<\/em> &#8211; Mato Grosso; 1986 a 1989 [Fundo IAJES];<\/li>\n<\/ul>\n<ul style=\"text-align: justify;\">\n<li><a title=\"A TRIBUNA DE TR\u00caS LAGOAS\" href=\"https:\/\/ndh-cptl.ufms.br\/wp-content\/uploads\/2014\/10\/A-TRIBUNA-DE-TRES-LAGOAS.pdf\" target=\"_blank\" rel=\"noopener\">A TRIBUNA DE TR\u00caS LAGOAS: <em>\u201c<\/em><em>o 1\u00ba em off-set da regi\u00e3o* *a servi\u00e7o do bols\u00e3o\u201d;<\/em>21\/03\/1990 a 30\/08\/1994<\/a>;<\/li>\n<\/ul>\n<ul style=\"text-align: justify;\">\n<li><a title=\"A TRIBUNA DO ESTADO\" href=\"https:\/\/ndh-cptl.ufms.br\/wp-content\/uploads\/2014\/10\/A-TRIBUNA-DO-ESTADO.pdf\" target=\"_blank\" rel=\"noopener\">A TRIBUNA DO ESTADO: <em>a servi\u00e7o de MS<\/em>; 05\/07\/1997 a 11\/07\/1997<\/a>;<\/li>\n<\/ul>\n<ul style=\"text-align: justify;\">\n<li><a title=\"A VOZ MATOGROSSENSE\" href=\"https:\/\/ndh-cptl.ufms.br\/wp-content\/uploads\/2014\/10\/A-VOZ-MATOGROSSENSE.pdf\" target=\"_blank\" rel=\"noopener\">AVOZ MATOGROSSENSE: Ed. Especial; 15\/03\/1975<\/a>;<\/li>\n<\/ul>\n<ul style=\"text-align: justify;\">\n<li><a title=\"ACONTECE\" href=\"https:\/\/ndh-cptl.ufms.br\/wp-content\/uploads\/2014\/10\/ACONTECE.pdf\" target=\"_blank\" rel=\"noopener\">ACONTECE: <em>boletim informativo interno da prefeitura municipal de Tr\u00eas Lagoas<\/em>; S\/D<\/a>;<\/li>\n<\/ul>\n<ul style=\"text-align: justify;\">\n<li><a title=\"ANDRADINA 59 ANOS\" href=\"https:\/\/ndh-cptl.ufms.br\/wp-content\/uploads\/2014\/10\/ANDRADINA-59-ANOS.pdf\" target=\"_blank\" rel=\"noopener\">ANDRADINA 59 ANOS; 01\/07\/1996<\/a>;<\/li>\n<\/ul>\n<ul style=\"text-align: justify;\">\n<li><a title=\"BOLS\u00c3O EM NOT\u00cdCIA\" href=\"https:\/\/ndh-cptl.ufms.br\/wp-content\/uploads\/2014\/10\/BOLSAO-EM-NOTICIAS.pdf\" target=\"_blank\" rel=\"noopener\">BOLS\u00c3O EM NOTICIA; 09\/07\/1997 a 21\/01\/1998<\/a>;<\/li>\n<\/ul>\n<ul style=\"text-align: justify;\">\n<li><a title=\"BRASIL DE FATO\" href=\"https:\/\/ndh-cptl.ufms.br\/wp-content\/uploads\/2014\/10\/BRASIL-DE-FATO.pdf\" target=\"_blank\" rel=\"noopener\">BRASIL DE FATO: <em>uma vis\u00e3o do Brasil e do Mundo<\/em>; 01\/12\/2007<\/a>;<\/li>\n<\/ul>\n<ul style=\"text-align: justify;\">\n<li><a title=\"CADERNO DE S\u00c1BADO\" href=\"https:\/\/ndh-cptl.ufms.br\/wp-content\/uploads\/2014\/10\/CADERNO-DE-SABADO.pdf\" target=\"_blank\" rel=\"noopener\">CADERNO DE S\u00c1BADO (Avulsos); 10\/05\/1997 a 05\/11\/1998<\/a>;<\/li>\n<\/ul>\n<ul style=\"text-align: justify;\">\n<li><a title=\"CADERNO ESPECIAL O ESTADO DE S\u00c3O PAULO\" href=\"https:\/\/ndh-cptl.ufms.br\/wp-content\/uploads\/2014\/10\/CADERNO-ESPECIAL-O-ESTADO-DE-S\u00c3O-PAULO.pdf\" target=\"_blank\" rel=\"noopener\">CADERNO ESPECIAL &#8211; O ESTADO DE S\u00c3O PAULO: 31\/12\/2003 &#8211; 25\/01\/2004<\/a>;<\/li>\n<\/ul>\n<ul style=\"text-align: justify;\">\n<li><a title=\"CASTILHO HOJE\" href=\"https:\/\/ndh-cptl.ufms.br\/wp-content\/uploads\/2014\/10\/CASTILHO-HOJE.pdf\" target=\"_blank\" rel=\"noopener\">CASTILHO HOJE; 14\/01\/1991 a 01\/07\/1997<\/a>;<\/li>\n<\/ul>\n<ul style=\"text-align: justify;\">\n<li><a title=\"CATRACA\" href=\"https:\/\/ndh-cptl.ufms.br\/wp-content\/uploads\/2014\/10\/CATRACA.pdf\" target=\"_blank\" rel=\"noopener\">CATRACA: <em>jornal dos alunos de pedagogia CEUL\/UFMS;<\/em> 01\/12\/1991<\/a>;<\/li>\n<\/ul>\n<ul style=\"text-align: justify;\">\n<li><a title=\"COLE\u00c7\u00c3O JORNAL AGROPECU\u00c1RIO\" href=\"https:\/\/ndh-cptl.ufms.br\/wp-content\/uploads\/2014\/10\/COLE\u00c7\u00c3O-JORNAL-AGRPECUARIO.pdf\" target=\"_blank\" rel=\"noopener\">COLE\u00c7\u00c3O JORNAL AGROPECU\u00c1RIO: <em>a servi\u00e7o do produtor rural<\/em>; s\/d<\/a>;<\/li>\n<\/ul>\n<ul style=\"text-align: justify;\">\n<li><a title=\"CORREIO DA ILHA\" href=\"https:\/\/ndh-cptl.ufms.br\/wp-content\/uploads\/2014\/10\/CORREIO-DA-ILHA.pdf\" target=\"_blank\" rel=\"noopener\">CORREIO DA ILHA; 15\/10\/1997; mar\u00e7o de 1999 \u00e0 outubro de 1999; mar\u00e7o \u00e0 abril de 2001<\/a>;<\/li>\n<\/ul>\n<ul style=\"text-align: justify;\">\n<li><a title=\"CORREIO DE TR\u00caS LAGOAS\" href=\"https:\/\/ndh-cptl.ufms.br\/wp-content\/uploads\/2014\/10\/CORREIO-DE-TRES-LAGOAS.pdf\" target=\"_blank\" rel=\"noopener\">CORREIO DE TR\u00caS LAGOAS: 14\/05\/2006 \u2013 02\/11\/2006<\/a>;<\/li>\n<\/ul>\n<ul style=\"text-align: justify;\">\n<li><a title=\"CORREIO DO ESTADO\" href=\"https:\/\/ndh-cptl.ufms.br\/wp-content\/uploads\/2014\/10\/CORREIO-DO-ESTADO.pdf\" target=\"_blank\" rel=\"noopener\">CORREIO DO ESTADO; 03\/04\/1990 a 29\/05\/2002<\/a>;<\/li>\n<li><a href=\"https:\/\/ndh-cptl.ufms.br\/wp-content\/uploads\/2024\/12\/CUNHARY-\u2013-RIO-DE-MULHERES.pdf\" target=\"_blank\" rel=\"noopener\">CUNHARY \u2013 RIO DE MULHERES<\/a>: Informativo da rede mulheres; 01\/12\/1988 a 01\/11\/1989 [Fundo IAJES];<\/li>\n<\/ul>\n<ul style=\"text-align: justify;\">\n<li><a title=\"DEBATE\" href=\"https:\/\/ndh-cptl.ufms.br\/wp-content\/uploads\/2014\/10\/DEBATE.pdf\" target=\"_blank\" rel=\"noopener\">DEBATE: <em>seman\u00e1rio regional<\/em>; 03\/05\/1997 a 11\/07\/1997<\/a>;<\/li>\n<\/ul>\n<ul style=\"text-align: justify;\">\n<li><a title=\"DIA A DIA\" href=\"https:\/\/ndh-cptl.ufms.br\/wp-content\/uploads\/2014\/10\/DIA-A-DIA.pdf\" target=\"_blank\" rel=\"noopener\">DIA A DIA: <em>um jornal a servi\u00e7o do Bols\u00e3o<\/em>; 11\/01\/1998 a 12\/09\/1998<\/a>;<\/li>\n<\/ul>\n<ul style=\"text-align: justify;\">\n<li><a title=\"DI\u00c1RIO A CIDADE DE ILHA SOLTEIRA\" href=\"https:\/\/ndh-cptl.ufms.br\/wp-content\/uploads\/2014\/10\/DIARIO-A-CIDADE-DE-ILHA-SOLTEIRA.pdf\" target=\"_blank\" rel=\"noopener\">DI\u00c1RIO A CIDADE DE ILHA SOLTEIRA; 15\/10\/1997 a 20\/11\/1997<\/a>;<\/li>\n<\/ul>\n<ul style=\"text-align: justify;\">\n<li><a title=\"DI\u00c1RIO DE ANDRADINA\" href=\"https:\/\/ndh-cptl.ufms.br\/wp-content\/uploads\/2014\/10\/DIARIO-DE-ANDRADINA.pdf\" target=\"_blank\" rel=\"noopener\">DI\u00c1RIO DE ANDRADINA; 08\/07\/1997 a 13\/11\/1997<\/a>;<\/li>\n<\/ul>\n<ul style=\"text-align: justify;\">\n<li><a title=\"DI\u00c1RIO DE TR\u00caS LAGOAS\" href=\"https:\/\/ndh-cptl.ufms.br\/wp-content\/uploads\/2014\/10\/DIARIO-DE-TRES-LAGOAS.pdf\" target=\"_blank\" rel=\"noopener\">DI\u00c1RIO DE TR\u00caS LAGOAS; 20\/04\/1996 a 09\/12\/1998<\/a>;<\/li>\n<\/ul>\n<ul style=\"text-align: justify;\">\n<li><a title=\"DI\u00c1RIO DO POVO\" href=\"https:\/\/ndh-cptl.ufms.br\/wp-content\/uploads\/2014\/09\/DIARIO-DO-POVO.pdf\" target=\"_blank\" rel=\"noopener\">DI\u00c1RIO DO POVO: <em>o jornal de integra\u00e7\u00e3o regional<\/em>; 01\/07\/1997 a 07\/11\/1997<\/a>;<\/li>\n<\/ul>\n<ul style=\"text-align: justify;\">\n<li><a title=\"DI\u00c1RIO MS\" href=\"https:\/\/ndh-cptl.ufms.br\/wp-content\/uploads\/2014\/09\/DIARIO-MS.pdf\" target=\"_blank\" rel=\"noopener\">DI\u00c1RIO MS: o <em>jornal da integra\u00e7\u00e3o regional (Dourados); <\/em>15\/09\/2008<\/a>;<\/li>\n<\/ul>\n<ul style=\"text-align: justify;\">\n<li><a title=\"FAZENDO HIST\u00d3RIA\" href=\"https:\/\/ndh-cptl.ufms.br\/wp-content\/uploads\/2014\/09\/FAZENDO-HISTORIA.pdf\" target=\"_blank\" rel=\"noopener\">FAZENDO HIST\u00d3RIA: <em>jornal de hist\u00f3ria do centro universit\u00e1rio de Jales:<\/em> 01\/06\/2003 \u2013 01\/11\/2007<\/a>;<\/li>\n<\/ul>\n<ul style=\"text-align: justify;\">\n<li><a title=\"FOLHA DA ILHA\" href=\"https:\/\/ndh-cptl.ufms.br\/wp-content\/uploads\/2014\/09\/FOLHA-DA-ILHA.pdf\" target=\"_blank\" rel=\"noopener\">FOLHA DA ILHA: <em>um jornal com a vis\u00e3o do leitor;<\/em> 02\/05\/1992 a 18\/07\/1992<\/a>;<\/li>\n<\/ul>\n<ul style=\"text-align: justify;\">\n<li><a title=\"FOLHA DE S\u00c3O PAULO PRIMEIRA P\u00c1GINA\" href=\"https:\/\/ndh-cptl.ufms.br\/wp-content\/uploads\/2014\/09\/FOLHA-DE-SAO-PAULO-PRIMEIRA-P\u00c1GINA.pdf\" target=\"_blank\" rel=\"noopener\">FOLHA DE S\u00c3O PAULO: <em>um jornal a servi\u00e7o do Brasil<\/em>; 01\/07\/1925 \u2013 02\/06\/1985<\/a>;<\/li>\n<\/ul>\n<ul style=\"text-align: justify;\">\n<li><a title=\"FOLHA DE TR\u00caS LAGOAS\" href=\"https:\/\/ndh-cptl.ufms.br\/wp-content\/uploads\/2014\/09\/FOLHA-DE-TRES-LAGOAS.pdf\" target=\"_blank\" rel=\"noopener\">FOLHA DE TR\u00caS LAGOAS; 05\/12\/1987<\/a>;<\/li>\n<\/ul>\n<ul style=\"text-align: justify;\">\n<li><a title=\"FOLHA INDEPENDENTE\" href=\"https:\/\/ndh-cptl.ufms.br\/wp-content\/uploads\/2014\/09\/FOLHA-INDEPENDENTE.pdf\" target=\"_blank\" rel=\"noopener\">FOLHA INDEPENDENTE; 19\/11\/1998 a 08\/06\/2002<\/a>;<\/li>\n<\/ul>\n<ul style=\"text-align: justify;\">\n<li><a title=\"FOLHA REGIONAL\" href=\"https:\/\/ndh-cptl.ufms.br\/wp-content\/uploads\/2014\/09\/FOLHA-REGIONAL.pdf\" target=\"_blank\" rel=\"noopener\">FOLHA REGIONAL; 31\/07\/1991<\/a>;<\/li>\n<\/ul>\n<ul style=\"text-align: justify;\">\n<li><a title=\"HOJEMS\" href=\"https:\/\/ndh-cptl.ufms.br\/wp-content\/uploads\/2014\/09\/HOJE-MS.pdf\" target=\"_blank\" rel=\"noopener\">HOJE MS; 22\/09\/2007<\/a>;<\/li>\n<\/ul>\n<ul style=\"text-align: justify;\">\n<li><a title=\"IMPACTO\" href=\"https:\/\/ndh-cptl.ufms.br\/wp-content\/uploads\/2014\/09\/IMPACTO.pdf\" target=\"_blank\" rel=\"noopener\">IMPACTO; 09\/11\/1996 a 21\/03\/1998<\/a>;<\/li>\n<\/ul>\n<ul style=\"text-align: justify;\">\n<li><a title=\"INFORMANDES\" href=\"https:\/\/ndh-cptl.ufms.br\/wp-content\/uploads\/2014\/09\/INFORMANDES.pdf\" target=\"_blank\" rel=\"noopener\">INFORMANDES: <em>informativo do sindicato nacional dos docentes das institui\u00e7\u00f5es de ensino superior<\/em>; 01\/03\/1983 a 01\/01\/1993<\/a>;<\/li>\n<\/ul>\n<ul style=\"text-align: justify;\">\n<li><a title=\"INFORMATIVO\" href=\"https:\/\/ndh-cptl.ufms.br\/wp-content\/uploads\/2014\/09\/INFORMATIVO.pdf\" target=\"_blank\" rel=\"noopener\">INFORMATIVO: <em>informes do jornal da universidade<\/em>; 25\/08\/1989 a 14\/03\/1991<\/a>;<\/li>\n<\/ul>\n<ul style=\"text-align: justify;\">\n<li><a title=\"INFORME ADUFMS\" href=\"https:\/\/ndh-cptl.ufms.br\/wp-content\/uploads\/2014\/09\/INFORME-DA-ADUFMS.pdf\" target=\"_blank\" rel=\"noopener\">INFORME ADUFMS: associa\u00e7\u00e3o dos docentes da Universidade Federal de Mato Grosso do Sul; 01\/12\/1991 a 01\/06\/1995<\/a>;<\/li>\n<\/ul>\n<ul style=\"text-align: justify;\">\n<li><a title=\"JORNAL AGROPECU\u00c1RIO\" href=\"https:\/\/ndh-cptl.ufms.br\/wp-content\/uploads\/2014\/09\/JORNAL-AGROPECUARIO.pdf\" target=\"_blank\" rel=\"noopener\">JORNAL AGROPECU\u00c1RIO: <em>a servi\u00e7o do produtor rural; <\/em>1990<\/a>;<\/li>\n<\/ul>\n<ul style=\"text-align: justify;\">\n<li><a title=\"JORNAL DA APEOESP\" href=\"http:\/\/\/ndh-cptl.ufms.br\/wp-content\/uploads\/2014\/09\/JORNAL-DA-APEOESP.pdf\" target=\"_blank\" rel=\"noopener\">JORNAL DA APEOESP; 01\/08\/2001 a 01\/11\/2001<\/a>;<\/li>\n<\/ul>\n<ul style=\"text-align: justify;\">\n<li><a title=\"JORNAL DA GASA\" href=\"https:\/\/ndh-cptl.ufms.br\/wp-content\/uploads\/2014\/09\/JORNAL-DA-GASA.pdf\" target=\"_blank\" rel=\"noopener\">JORNAL DA GASA: jornal Guanabara Agroindustrial S.A<\/a>.;<\/li>\n<\/ul>\n<ul style=\"text-align: justify;\">\n<li><a title=\"JORNAL DA ILHA\" href=\"https:\/\/ndh-cptl.ufms.br\/wp-content\/uploads\/2014\/09\/JORNAL-DA-ILHA.pdf\" target=\"_blank\" rel=\"noopener\">JORNAL DA ILHA; 23\/11\/1999 a 11\/12\/1999<\/a>;<\/li>\n<\/ul>\n<ul style=\"text-align: justify;\">\n<li><a title=\"JORNAL DA UFMS\" href=\"https:\/\/ndh-cptl.ufms.br\/wp-content\/uploads\/2014\/09\/JORNAL-DA-UFMS.pdf\" target=\"_blank\" rel=\"noopener\">JORNAL DA UFMS: 1997 a 2005<\/a>;<\/li>\n<\/ul>\n<ul style=\"text-align: justify;\">\n<li><a title=\"JORNAL DA UNESP\" href=\"https:\/\/ndh-cptl.ufms.br\/wp-content\/uploads\/2014\/09\/JORNAL-DA-UNESP.pdf\" target=\"_blank\" rel=\"noopener\">JORNAL DA UNESP; 01\/10\/1999 a 01\/01\/2004<\/a>;<\/li>\n<\/ul>\n<ul style=\"text-align: justify;\">\n<li><a title=\"JORNAL DA UNIVERSIDADE\" href=\"https:\/\/ndh-cptl.ufms.br\/wp-content\/uploads\/2014\/09\/JORNAL-DA-UNIVERSIDADE.pdf\" target=\"_blank\" rel=\"noopener\">JORNAL DA UNIVERSIDADE; 31\/08\/1992 a 23\/10\/1992<\/a>;<\/li>\n<\/ul>\n<ul style=\"text-align: justify;\">\n<li><a title=\"JORNAL DE CONCURSOS E EMPREGOS\" href=\"https:\/\/ndh-cptl.ufms.br\/wp-content\/uploads\/2014\/09\/JORNAL-DE-CONCURSOS-E-EMPREGOS.pdf\" target=\"_blank\" rel=\"noopener\">JORNAL DE CONCURSOS E EMPREGOS: <em>concursos p\u00fablicos, RH- iniciativa privada, op\u00e7\u00f5es de negocio e educa\u00e7\u00e3o<\/em>; 03\/08\/1997 a 28\/07\/2001<\/a>;<\/li>\n<\/ul>\n<ul style=\"text-align: justify;\">\n<li><a title=\"JORNAL DE LETRAS, ARTES E IDEIAS\" href=\"https:\/\/ndh-cptl.ufms.br\/wp-content\/uploads\/2014\/09\/JORNAL-DE-LETRAS-ARTES-E-IDEIAS.pdf\" target=\"_blank\" rel=\"noopener\">JORNAL DE LETRAS, ARTES E ID\u00c9IAS; 08\/09\/1992 a 21\/06\/1997<\/a>;<\/li>\n<\/ul>\n<ul style=\"text-align: justify;\">\n<li><a title=\"JORNAL DE MIRAND\u00d3POLIS\" href=\"https:\/\/ndh-cptl.ufms.br\/wp-content\/uploads\/2014\/09\/JORNAL-DE-MIRANDOPOLIS.pdf\" target=\"_blank\" rel=\"noopener\">JORNAL DE MIRAND\u00d3POLIS: <em>divulgando e defendendo Mirand\u00f3polis e regi\u00e3o<\/em>; 05\/01\/1967 a 20\/12\/1981<\/a>;<\/li>\n<\/ul>\n<ul style=\"text-align: justify;\">\n<li><a title=\"JORNAL DE RESENHAS\" href=\"https:\/\/ndh-cptl.ufms.br\/wp-content\/uploads\/2014\/09\/JORNAL-DE-RESENHAS.pdf\" target=\"_blank\" rel=\"noopener\">JORNAL DE RESENHAS: <em>folha de S\u00e3o Paulo\/ discurso editorial\/ USP<\/em>; 03\/04\/1995 a 13\/12\/1996<\/a>;<\/li>\n<\/ul>\n<ul style=\"text-align: justify;\">\n<li><a title=\"JORNAL DO CEUD\" href=\"https:\/\/ndh-cptl.ufms.br\/wp-content\/uploads\/2014\/09\/JORNAL-DO-CEUD.pdf\" target=\"_blank\" rel=\"noopener\">JORNAL DO CEUD; s\/d<\/a>;<\/li>\n<\/ul>\n<ul style=\"text-align: justify;\">\n<li><a title=\"JORNAL DO POVO\" href=\"https:\/\/ndh-cptl.ufms.br\/wp-content\/uploads\/2014\/10\/JORNAL-DO-POVO.pdf\" target=\"_blank\" rel=\"noopener\">JORNAL DO POVO: <em>um jornal independente a servi\u00e7o da comunidade<\/em>; 18\/07\/1971 a 29\/01\/2011<\/a>;<\/li>\n<\/ul>\n<ul style=\"text-align: justify;\">\n<li><a title=\"JORNAL DO SESEF\" href=\"https:\/\/ndh-cptl.ufms.br\/wp-content\/uploads\/2014\/09\/JORNAL-DO-SESEF.pdf\" target=\"_blank\" rel=\"noopener\">JORNAL DO SESEF: <em>\u00f3rg\u00e3o do servi\u00e7o social das estradas de ferro<\/em>; 01\/12\/1996<\/a>;<\/li>\n<\/ul>\n<ul style=\"text-align: justify;\">\n<li><a title=\"JORNAL D'OESTE\" href=\"https:\/\/ndh-cptl.ufms.br\/wp-content\/uploads\/2014\/09\/JORNAL-DOESTE.pdf\" target=\"_blank\" rel=\"noopener\">JORNAL D\u2019OESTE; 11\/11\/1973<\/a>;<\/li>\n<\/ul>\n<ul style=\"text-align: justify;\">\n<li><a title=\"JORNAL INTEGRA\u00c7\u00c3O\" href=\"https:\/\/ndh-cptl.ufms.br\/wp-content\/uploads\/2014\/09\/JORNAL-INTEGRACAO.pdf\" target=\"_blank\" rel=\"noopener\">JORNAL INTEGRA\u00c7\u00c3O; 02\/08\/1991 a 10\/12\/1997<\/a>;<\/li>\n<\/ul>\n<ul style=\"text-align: justify;\">\n<li><a title=\"JORNAL LEITURA\" href=\"https:\/\/ndh-cptl.ufms.br\/wp-content\/uploads\/2014\/09\/JORNAL-LEITURA.pdf\" target=\"_blank\" rel=\"noopener\">JORNAL LEITURA: <em>publica\u00e7\u00e3o cultural da imprensa oficial do Estado S.A-IMESP; <\/em>08\/01\/1990-13\/07\/1994<\/a>;<\/li>\n<\/ul>\n<ul style=\"text-align: justify;\">\n<li><a title=\"JORNAL PILOTO\" href=\"https:\/\/ndh-cptl.ufms.br\/wp-content\/uploads\/2014\/09\/JORNAL-PILOTO.pdf\" target=\"_blank\" rel=\"noopener\">JORNAL PILOTO: <em>um jornal voltado para a comunidade<\/em>; 05\/08\/1995 a 18\/08\/1995<\/a>;<\/li>\n<\/ul>\n<ul style=\"text-align: justify;\">\n<li><a title=\"LINHA ABERTA\" href=\"https:\/\/ndh-cptl.ufms.br\/wp-content\/uploads\/2014\/09\/LINHA-ABERTA.pdf\" target=\"_blank\" rel=\"noopener\">LINHA ABERTA: <em>para comunidade e integra\u00e7\u00e3o dos ferrovi\u00e1rios SR.4<\/em>; 01\/03\/1989<\/a>;<\/li>\n<\/ul>\n<ul style=\"text-align: justify;\">\n<li><a title=\"LINHA DIRETA CESP\" href=\"https:\/\/ndh-cptl.ufms.br\/wp-content\/uploads\/2014\/09\/LINHA-DIRETA-CESP.pdf\" target=\"_blank\" rel=\"noopener\">LINHA DIRETA CESP; 01\/03\/1988 a 01\/10\/1997<\/a>;<\/li>\n<\/ul>\n<ul style=\"text-align: justify;\">\n<li><a title=\"MOVIMENTO\" href=\"https:\/\/ndh-cptl.ufms.br\/wp-content\/uploads\/2014\/09\/MOVIMENTO.pdf\" target=\"_blank\" rel=\"noopener\">MOVIMENTO: 07\/07\/1975 \u2013 05\/04\/1976<\/a>;<\/li>\n<li><a href=\"https:\/\/ndh-cptl.ufms.br\/wp-content\/uploads\/2024\/12\/MULHERIO.pdf\" target=\"_blank\" rel=\"noopener\">MULHERIO<\/a>: 1988 [apenas um n\u00famero] [ Fundo IAJES];<\/li>\n<\/ul>\n<ul style=\"text-align: justify;\">\n<li><a title=\"NOVO JORNAL\" href=\"https:\/\/ndh-cptl.ufms.br\/wp-content\/uploads\/2014\/09\/NOVO-JORNAL.pdf\" target=\"_blank\" rel=\"noopener\">NOVO JORNAL: <em>jornalismo cr\u00edtico e autentico<\/em>; 04\/09\/1885<\/a>;<\/li>\n<li><a title=\"O BARRAGEIRO\" href=\"https:\/\/ndh-cptl.ufms.br\/wp-content\/uploads\/2014\/09\/BARRAGEIRO.pdf\" target=\"_blank\" rel=\"noopener\">O BARRAGEIRO: <em>\u00f3rg\u00e3o oficial da sociedade esportiva Urubupunga; <\/em>22\/06\/1963 \u2013 25\/01\/1974<\/a> [Fundo Barrageiro];<\/li>\n<\/ul>\n<ul style=\"text-align: justify;\">\n<li><a title=\"O BEIRA RIO\" href=\"https:\/\/ndh-cptl.ufms.br\/wp-content\/uploads\/2014\/09\/O-BEIRA-RIO.pdf\" target=\"_blank\" rel=\"noopener\">O BEIRA RIO: <em>jornal revista em defesa de Panorama, Paulic\u00e9ia e Santa Mercedes<\/em>; 24\/01\/1997 a 06\/03\/1998<\/a>;<\/li>\n<\/ul>\n<ul style=\"text-align: justify;\">\n<li><a title=\"O COM\u00c9RCIO\" href=\"https:\/\/ndh-cptl.ufms.br\/wp-content\/uploads\/2014\/09\/O-COMERCIO.pdf\" target=\"_blank\" rel=\"noopener\">O COM\u00c9RCIO; 10\/06\/2009<\/a>;<\/li>\n<\/ul>\n<ul style=\"text-align: justify;\">\n<li><a title=\"O DEMOCR\u00c1TICO\" href=\"https:\/\/ndh-cptl.ufms.br\/wp-content\/uploads\/2014\/09\/O-DEMOCRATICO.pdf\" target=\"_blank\" rel=\"noopener\">O DEMOCR\u00c1TICO; 18\/07\/1997 a 11\/09\/1997<\/a>;<\/li>\n<\/ul>\n<ul style=\"text-align: justify;\">\n<li><a title=\"O HIST\u00d3RICO\" href=\"https:\/\/ndh-cptl.ufms.br\/wp-content\/uploads\/2014\/09\/O-HISTORICO.pdf\" target=\"_blank\" rel=\"noopener\">O HIST\u00d3RICO; 01\/04\/2001 a 01\/08\/2001<\/a>;<\/li>\n<\/ul>\n<ul style=\"text-align: justify;\">\n<li><a title=\"O JORNAL DA REGI\u00c3O\" href=\"https:\/\/ndh-cptl.ufms.br\/wp-content\/uploads\/2014\/09\/O-JORNAL-DA-REGIAO.pdf\" target=\"_blank\" rel=\"noopener\">O JORNAL DA REGI\u00c3O: <em>di\u00e1rio livre e independente<\/em>; 31\/01\/1965 \u2013 15\/02\/2000<\/a>;<\/li>\n<\/ul>\n<ul style=\"text-align: justify;\">\n<li><a title=\"O LEGISLATIVO\" href=\"https:\/\/ndh-cptl.ufms.br\/wp-content\/uploads\/2014\/09\/O-LEGISLATIVO.pdf\" target=\"_blank\" rel=\"noopener\">O LEGISLATIVO: <em>informa\u00e7\u00e3o, respeito e credibilidade<\/em>; 01\/12\/2006<\/a>;<\/li>\n<\/ul>\n<ul style=\"text-align: justify;\">\n<li><a title=\"O MANIFESTO\" href=\"https:\/\/ndh-cptl.ufms.br\/wp-content\/uploads\/2014\/09\/O-MANIFESTO.pdf\" target=\"_blank\" rel=\"noopener\">O MANIFESTO; Segunda quinzena de julho<\/a>;<\/li>\n<\/ul>\n<ul style=\"text-align: justify;\">\n<li><a title=\"O MATRACA\" href=\"https:\/\/ndh-cptl.ufms.br\/wp-content\/uploads\/2014\/09\/O-MATRACA.pdf\" target=\"_blank\" rel=\"noopener\">O MATRACA: <em>informativo do SISTA \u2013 Sindicato dos Trabalhadores T\u00e9cnicos Administrativo da UFMS; <\/em>julho de 1996 \u2013 mar\u00e7o de 1998<\/a>;<\/li>\n<\/ul>\n<ul style=\"text-align: justify;\">\n<li><a title=\"O MIGRANTE\" href=\"https:\/\/ndh-cptl.ufms.br\/wp-content\/uploads\/2014\/09\/O-MIGRANTE.pdf\" target=\"_blank\" rel=\"noopener\">O MIGRANTE: <em>\u00f3rg\u00e3o informativo do CEPAMI<\/em>; 01\/02\/1998 a 01\/08\/2001<\/a>;<\/li>\n<\/ul>\n<ul style=\"text-align: justify;\">\n<li><a title=\"O MOMENTO\" href=\"https:\/\/ndh-cptl.ufms.br\/wp-content\/uploads\/2014\/09\/O-MOMENTO.pdf\" target=\"_blank\" rel=\"noopener\">O MOMENTO; 27\/04\/1990 a 04\/07\/1993<\/a>;<\/li>\n<li><a href=\"https:\/\/ndh-cptl.ufms.br\/wp-content\/uploads\/2024\/12\/O-SAO-PAULO.pdf\" target=\"_blank\" rel=\"noopener\">O S\u00c3O PAULO: 1985 a 1986<\/a> [Fundo IAJES];<\/li>\n<\/ul>\n<ul style=\"text-align: justify;\">\n<li><a title=\"O SEMAN\u00c1RIO\" href=\"https:\/\/ndh-cptl.ufms.br\/wp-content\/uploads\/2014\/09\/O-SEMANARIO.pdf\" target=\"_blank\" rel=\"noopener\">O SEMAN\u00c1RIO; 21\/11\/1991<\/a>;<\/li>\n<\/ul>\n<ul style=\"text-align: justify;\">\n<li><a title=\"OPINI\u00c3O SOCIALISTA\" href=\"https:\/\/ndh-cptl.ufms.br\/wp-content\/uploads\/2014\/09\/OPINIAO-SOCIALISTA.pdf\" target=\"_blank\" rel=\"noopener\">OPINI\u00c3O SOCIALISTA; 10\/12\/2007 \u2013 08\/07\/2009<\/a>;<\/li>\n<\/ul>\n<ul style=\"text-align: justify;\">\n<li><a title=\"PAU NA M\u00c1QUINA\" href=\"https:\/\/ndh-cptl.ufms.br\/wp-content\/uploads\/2014\/09\/PAU-NA-MAQUINA.pdf\" target=\"_blank\" rel=\"noopener\">PAU NA M\u00c1QUINA: <em>M.U.F. (Movimento da Unidade Ferrovi\u00e1ria);<\/em> 27\/12\/1993 A 22\/01\/1998<\/a>;<\/li>\n<\/ul>\n<ul style=\"text-align: justify;\">\n<li><a title=\"PERSPECTIVA UNIVERSIT\u00c1RIA\" href=\"https:\/\/ndh-cptl.ufms.br\/wp-content\/uploads\/2014\/09\/PERSPECTIVA-UNIVERSITARIA.pdf\" target=\"_blank\" rel=\"noopener\">PERSPECTIVA UNIVERSIT\u00c1RIA; 01\/01\/1991 a 01\/03\/1992<\/a>;<\/li>\n<\/ul>\n<ul style=\"text-align: justify;\">\n<li><a title=\"POR\u00c3-DUB\u00c1\" href=\"https:\/\/ndh-cptl.ufms.br\/wp-content\/uploads\/2014\/09\/PORA-DUBA.pdf\" target=\"_blank\" rel=\"noopener\">POR\u00c3\u2019 DUBA; 06\/04\/1987<\/a>;<\/li>\n<\/ul>\n<ul style=\"text-align: justify;\">\n<li><a title=\"PORTAL\" href=\"https:\/\/ndh-cptl.ufms.br\/wp-content\/uploads\/2014\/09\/PORTAL.pdf\" target=\"_blank\" rel=\"noopener\">PORTAL:<em> aqui voc\u00ea acha<\/em>: sem data<\/a>;<\/li>\n<\/ul>\n<ul style=\"text-align: justify;\">\n<li><a title=\"PRESEN\u00c7A LATINA\" href=\"https:\/\/ndh-cptl.ufms.br\/wp-content\/uploads\/2014\/09\/PRESENCA-LATINA.pdf\" target=\"_blank\" rel=\"noopener\">PRESEN\u00c7A LATINA: <em>jornal das comunidades latino-americanas em SP;<\/em> 01\/02\/2006<\/a>;<\/li>\n<\/ul>\n<ul style=\"text-align: justify;\">\n<li><a title=\"PROJETIL\" href=\"https:\/\/ndh-cptl.ufms.br\/wp-content\/uploads\/2014\/09\/PROJETIL.pdf\" target=\"_blank\" rel=\"noopener\">PROJ\u00c9TIL: <em>laborat\u00f3rio do curso de jornalismo da UFMS<\/em>; 01\/08\/1996 a 01\/12\/2005<\/a>;<\/li>\n<\/ul>\n<ul style=\"text-align: justify;\">\n<li><a title=\"REME JORNAL\" href=\"https:\/\/ndh-cptl.ufms.br\/wp-content\/uploads\/2014\/09\/REME-JORNAL.pdf\" target=\"_blank\" rel=\"noopener\">REME JORNAL; 01\/04\/1984 a 01\/08\/1984<\/a>;<\/li>\n<\/ul>\n<ul style=\"text-align: justify;\">\n<li><a title=\"ROTEIRO DE COMPRAS\" href=\"https:\/\/ndh-cptl.ufms.br\/wp-content\/uploads\/2014\/09\/ROTEIRO-DE-COMPRAS.pdf\" target=\"_blank\" rel=\"noopener\">ROTEIRO DE COMPRAS: <em>especial;<\/em> S\/D<\/a>;<\/li>\n<\/ul>\n<ul style=\"text-align: justify;\">\n<li><a title=\"SEGUNDO CADERNO\" href=\"https:\/\/ndh-cptl.ufms.br\/wp-content\/uploads\/2014\/09\/SEGUNDO-CADERNO.pdf\" target=\"_blank\" rel=\"noopener\">SEGUNDO CADERNO \u2013 JORNAL DO POVO; 1\u00aa e 2\u00aa quinzena de 1995 e 1\u00aa e 2\u00aa quinzena de 1996<\/a>;<\/li>\n<li><a href=\"https:\/\/ndh-cptl.ufms.br\/wp-content\/uploads\/2024\/12\/SEM-TERRA.pdf\" target=\"_blank\" rel=\"noopener\">SEM TERRA<\/a>: 1983 a 1992 [Fundo IAJES];<\/li>\n<\/ul>\n<ul style=\"text-align: justify;\">\n<li><a title=\"SEU\/O BARRAGEIRO\" href=\"https:\/\/ndh-cptl.ufms.br\/wp-content\/uploads\/2014\/09\/BARRAGEIRO.pdf\" target=\"_blank\" rel=\"noopener\">SOCIEDADE ESPORTIVA URUBUPUNG\u00c1 (S.E.U.): <em>\u00f3rg\u00e3o oficial da sociedade esportiva urubupung\u00e1; Urubupung\u00e1, a maior potencia hidrel\u00e9trica do hemisf\u00e9rio sul (O Barrageiro)<\/em>; 22\/06\/1963 a 25\/01\/1974<\/a>;<\/li>\n<li><a href=\"https:\/\/ndh-cptl.ufms.br\/wp-content\/uploads\/2024\/12\/TABLOIDE.pdf\" target=\"_blank\" rel=\"noopener\">TABLOIDE<\/a>: <em>ANAMPOS \u2013 Articula\u00e7\u00e3o Nacional dos Movimentos Populares<\/em>; 01\/05\/1988 a 01\/02\/1989 [Fundo IAJES];<\/li>\n<\/ul>\n<ul style=\"text-align: justify;\">\n<li><a title=\"TEMPO\" href=\"https:\/\/ndh-cptl.ufms.br\/wp-content\/uploads\/2014\/09\/TEMPO.pdf\" target=\"_blank\" rel=\"noopener\">TEMPO: <em>um jornal a servi\u00e7o de Tr\u00eas Lagoas e regi\u00e3o<\/em>; 12\/09\/1985<\/a>.<\/li>\n<\/ul>\n<p style=\"text-align: justify;\"><strong><em>Revistas<\/em><\/strong><\/p>\n<ul>\n<li>\n<p style=\"text-align: justify;\">ADUSP: <em>Associa\u00e7\u00e3o dos Docentes da USP- Se\u00e7\u00e3o Sindical da Andes- SN; <\/em>01\/05\/2003;<\/p>\n<\/li>\n<li style=\"text-align: justify;\">AFI- Atualidades Forenses e Interioranas: <em>\u00c9 uma revista a servi\u00e7o da justi\u00e7a e do interior brasileiro. Criada com amor para o desenvolvimento do pa\u00eds; <\/em>01\/02\/1981 a 01\/12\/1982;<\/li>\n<\/ul>\n<ul>\n<li style=\"text-align: justify;\">Aten\u00e7\u00e3o; 1995-1996.<\/li>\n<\/ul>\n<ul>\n<li style=\"text-align: justify;\">Bols\u00e3o Matogrossense; 01\/01\/1978 a 01\/04\/1978;<\/li>\n<\/ul>\n<ul>\n<li style=\"text-align: justify;\">Banas: controle da qualidade; 1998<\/li>\n<\/ul>\n<ul>\n<li style=\"text-align: justify;\">Cad\u00eancia: <em>Revista de Bauru para a Regi\u00e3o, Noroeste, Mato Grosso e o Brasil;<\/em> Junho S\/D;<\/li>\n<\/ul>\n<ul>\n<li style=\"text-align: justify;\">Cadernos do Terceiro Mundo: <em>Publica\u00e7\u00e3o com informa\u00e7\u00e3o e an\u00e1lise das realidades e aspira\u00e7\u00f5es dos pa\u00edses emergentes;<\/em> 01\/05\/1988 a 01\/03\/1995;<\/li>\n<\/ul>\n<ul>\n<li style=\"text-align: justify;\">Caros Amigos; 01\/11\/1997 a 01\/05\/2005;<\/li>\n<\/ul>\n<ul>\n<li style=\"text-align: justify;\">Carta Capital; 2009.<\/li>\n<\/ul>\n<ul>\n<li style=\"text-align: justify;\">Cespaulina; 1978.<\/li>\n<\/ul>\n<ul>\n<li style=\"text-align: justify;\">Ci\u00eancia hoje; 1984.<\/li>\n<\/ul>\n<ul>\n<li style=\"text-align: justify;\"><a title=\"Revista Claudia\" href=\"https:\/\/ndh-cptl.ufms.br\/wp-content\/uploads\/2020\/07\/Revista_Claudia_04_07_2020.pdf\" target=\"_blank\" rel=\"noopener\">Cl\u00e1udia: <\/a><em><a title=\"Revista Claudia\" href=\"https:\/\/ndh-cptl.ufms.br\/wp-content\/uploads\/2020\/07\/Revista_Claudia_04_07_2020.pdf\" target=\"_blank\" rel=\"noopener\">A revista de informa\u00e7\u00e3o da mulher<\/a>;\u00a0<\/em>01\/10\/1961 a 01\/04\/2001;<\/li>\n<\/ul>\n<ul>\n<li style=\"text-align: justify;\">Cl\u00e1ssicos do cinema (Os); n\u00fameros 0 e 1.<\/li>\n<\/ul>\n<ul>\n<li style=\"text-align: justify;\">CNI: Ind\u00fastria e produtividade; 1998.<\/li>\n<\/ul>\n<ul>\n<li style=\"text-align: justify;\">Cole\u00e7\u00e3o o grande desafio USA, URSS; n\u00fameros 1, 2 e 3.<\/li>\n<\/ul>\n<ul>\n<li style=\"text-align: justify;\">Coyote; 2003; 2007.<\/li>\n<\/ul>\n<ul>\n<li style=\"text-align: justify;\">Cr\u00edtica Social:\u00a0<em>Cr\u00edtica Social \u00e9 um suplemento trimestral da Revista Na\u00e7\u00e3o publicada pela ADIA<\/em>; 01\/03\/2003;<\/li>\n<\/ul>\n<ul>\n<li style=\"text-align: justify;\"><a title=\"Revista Desfile\" href=\"https:\/\/ndh-cptl.ufms.br\/wp-content\/uploads\/2017\/07\/Revista_Desfile.pdf\" target=\"_blank\" rel=\"noopener\">Desfile: <em>A revista da mulher brasileira<\/em><\/a>; 01\/10\/1969 a 01\/04\/1989;<\/li>\n<li>\n<p style=\"text-align: justify;\">\u00a0Destaque; 01\/01\/1998;<\/p>\n<\/li>\n<li style=\"text-align: justify;\">Deutschland: <em>Revista de pol\u00edtica, cultura, economia e ci\u00eancia<\/em>; 01\/12\/1993;<\/li>\n<\/ul>\n<ul>\n<li>Enciclop\u00e9dia Bloch; 01\/05\/1967 a 01\/10\/1972;<\/li>\n<\/ul>\n<ul style=\"text-align: justify;\">\n<li>\u00c9poca; 01\/06\/1993 a 01\/10\/2001;<\/li>\n<\/ul>\n<ul style=\"text-align: justify;\">\n<li>Exame; 10\/06\/1992 a 24\/01\/2001;<\/li>\n<\/ul>\n<ul style=\"text-align: justify;\">\n<li>Express\u00e3o: <em>Revista do Sindicato Campo-grandense dos Profissionais da Educa\u00e7\u00e3o P\u00fablica<\/em>; 01\/03\/1998 a 01\/10\/1998;<\/li>\n<\/ul>\n<ul style=\"text-align: justify;\">\n<li>Geogr\u00e1fica Universal: <em>Publica\u00e7\u00e3o mensal para informa\u00e7\u00e3o e cultura;<\/em> 01\/01\/1975 a 01\/02\/1991;<\/li>\n<\/ul>\n<ul style=\"text-align: justify;\">\n<li>Globo ci\u00eancia; 1995-1996.<\/li>\n<\/ul>\n<ul style=\"text-align: justify;\">\n<li>Grifo; 01\/06\/1979;<\/li>\n<\/ul>\n<ul style=\"text-align: justify;\">\n<li>Impacto: <em>Anu\u00e1rio dos munic\u00edpios de Mato Grosso do Sul;<\/em> 01\/01\/1981;<\/li>\n<\/ul>\n<ul style=\"text-align: justify;\">\n<li>INFO; 01\/07\/2000;<\/li>\n<\/ul>\n<ul style=\"text-align: justify;\">\n<li>Interior: <em>Revista bimestral do Minist\u00e9rio do Interior;<\/em> 01\/11\/1977 a 01\/06\/1985;<\/li>\n<\/ul>\n<ul style=\"text-align: justify;\">\n<li>Intrigante; n\u00ba 3.<\/li>\n<\/ul>\n<ul style=\"text-align: justify;\">\n<li>Isto \u00c9; 26\/11\/1997 a 31\/12\/1997;<\/li>\n<\/ul>\n<ul style=\"text-align: justify;\">\n<li>La Educacion en Nuestras Manos: <em>Revista Pedagogica de los Trabajadores de La Educacion;<\/em> 01\/04\/2003;<\/li>\n<\/ul>\n<ul style=\"text-align: justify;\">\n<li>Latinoam\u00e9rica Internacional: <em>Revista Pedagogica de los Trabajadores de La Educacion;<\/em> 01\/06\/1993 a 01\/09\/1993;<\/li>\n<\/ul>\n<ul style=\"text-align: justify;\">\n<li>Leia: <em>Revista Regional de Mato Grosso do Sul;<\/em> 01\/12\/1998 a 01\/02\/2000;<\/li>\n<\/ul>\n<ul style=\"text-align: justify;\">\n<li>Manchete; 04\/12\/1976 a 16\/05\/1981;<\/li>\n<\/ul>\n<ul style=\"text-align: justify;\">\n<li>Metr\u00f3pole; 01\/03\/1998 a 01\/02\/2000;<\/li>\n<\/ul>\n<ul style=\"text-align: justify;\">\n<li>Mocidade; 01\/05\/1998 a 01\/11\/1990;<\/li>\n<\/ul>\n<ul style=\"text-align: justify;\">\n<li>Momento; n\u00ba 20 1998.<\/li>\n<\/ul>\n<ul style=\"text-align: justify;\">\n<li>MS Cultura: <em>Uma publica\u00e7\u00e3o da Funda\u00e7\u00e3o de Cultura de Mato Grosso do Sul;<\/em> 01\/09\/1985 a 01\/03\/1987;<\/li>\n<\/ul>\n<ul style=\"text-align: justify;\">\n<li>Mundo jovem: um jornal de ideias; n\u00ba 294, 1999.<\/li>\n<\/ul>\n<ul style=\"text-align: justify;\">\n<li>Nova cosmopolitan: a revista de informa\u00e7\u00e3o da mulher; 1978-1990.<\/li>\n<\/ul>\n<ul style=\"text-align: justify;\">\n<li>O Correio Unesco: uma janela aberta sobre o mundo; 1973-1979.<\/li>\n<\/ul>\n<ul style=\"text-align: justify;\">\n<li>O Cruzeiro; 1972-1974.<\/li>\n<\/ul>\n<ul style=\"text-align: justify;\">\n<li>O passo: destinada a neoleitores do Mobral; 1973.<\/li>\n<\/ul>\n<ul style=\"text-align: justify;\">\n<li>Pais e filhos; 1971.<\/li>\n<\/ul>\n<ul style=\"text-align: justify;\">\n<li>Planeta; 1991; 1999.<\/li>\n<\/ul>\n<ul style=\"text-align: justify;\">\n<li>Porantim: <em>Em defesa da causa ind\u00edgena;<\/em> 01\/05\/2006 a 01\/09\/2006;<\/li>\n<\/ul>\n<ul style=\"text-align: justify;\">\n<li>Psicologia atual; n\u00ba 5.<\/li>\n<\/ul>\n<ul style=\"text-align: justify;\">\n<li>Qualimetria; 1998.<\/li>\n<\/ul>\n<ul style=\"text-align: justify;\">\n<li>Quatro Rodas; 01\/05\/1964 a 01\/08\/1989;<\/li>\n<\/ul>\n<ul style=\"text-align: justify;\">\n<li>Realidade: <em>Uma publica\u00e7\u00e3o da Editora Abril; <\/em>05\/1966 a 06\/1991.<\/li>\n<\/ul>\n<ul style=\"text-align: justify;\">\n<li>Revista cavacos; 2000.<\/li>\n<\/ul>\n<ul style=\"text-align: justify;\">\n<li>Revista de comunica\u00e7\u00e3o; 1985.<\/li>\n<\/ul>\n<ul style=\"text-align: justify;\">\n<li>Revista do Brasil; 2006; 2007.<\/li>\n<\/ul>\n<ul style=\"text-align: justify;\">\n<li>Sem Terra; 01\/07\/1997 a 01\/06\/2003;<\/li>\n<\/ul>\n<ul style=\"text-align: justify;\">\n<li>Super interessante; 1996.<\/li>\n<\/ul>\n<ul style=\"text-align: justify;\">\n<li>Tempo e Presen\u00e7a: <em>Revista Bimestral do CEDI;<\/em> 01\/09\/1991 a 01\/10\/1991;<\/li>\n<\/ul>\n<ul style=\"text-align: justify;\">\n<li>Teoria &amp; Debate: <em>Revista trimestral do Partido dos Trabalhadores;<\/em> 01\/06\/1988;<\/li>\n<\/ul>\n<ul style=\"text-align: justify;\">\n<li>VEJA; 01\/11\/1977 a 01\/04\/2006;<\/li>\n<\/ul>\n<ul style=\"text-align: justify;\">\n<li>Vida e sa\u00fade; 1983-1993.<\/li>\n<\/ul>\n<ul style=\"text-align: justify;\">\n<li>Vis\u00e3o; 06\/12\/1982 a 14\/03\/1983;<\/li>\n<\/ul>\n<p style=\"text-align: justify;\"><strong>Controle da descri\u00e7\u00e3o<\/strong>: Aline Alves Bertuci, C\u00e1ssia Queiroz da Silva, Renan Gon\u00e7alves Bressan, Renata Lopes Maia, Thalita da Silva Gon\u00e7alves, Thais Aparecida Alencar Gon\u00e7alves e Nelson Jose Chiericci Junior.<\/p>\n<p style=\"text-align: justify;\">Data da descri\u00e7\u00e3o: Junho de 2007.<\/p>\n<p style=\"text-align: justify;\"><a href=\"#topo\"><img loading=\"lazy\" decoding=\"async\" class=\"alignnone wp-image-333 size-full\" src=\"https:\/\/ndh-cptl.ufms.br\/wp-content\/uploads\/2014\/12\/icone_topo.gif\" alt=\"Voltar ao Topo\" width=\"111\" height=\"34\" \/><\/a><\/p>\n<p style=\"text-align: justify;\"><strong><a name=\"2\"><\/a><span style=\"color: #ff0000;\">2 &#8211; Rede Ferrovi\u00e1ria Federal S\/A, Superintend\u00eancia Regional 10, Noroeste do Brasil<\/span><\/strong><\/p>\n<p style=\"text-align: justify;\">Identifica\u00e7\u00e3o: Rede Ferrovi\u00e1ria Federal S\/A, Superintend\u00eancia Regional 10, Noroeste do Brasil<\/p>\n<p style=\"text-align: justify;\">C\u00f3digo: NOB<\/p>\n<p style=\"text-align: justify;\">Datas &#8211; limite: A data inicial \u00e9 marcada pelas fichas funcionais, preenchidas em 1935, com registro de admiss\u00e3o iniciado em 01\/01\/1916. A data final \u00e9 de documenta\u00e7\u00e3o produzida pela concession\u00e1ria Novo Oeste, em 1999.<\/p>\n<p style=\"text-align: justify;\"><strong>Dimens\u00e3o e suportes:<\/strong>\u00a023 metros lineares e cerca de 3.040 fichas funcionais.<\/p>\n<p style=\"text-align: justify;\"><strong>Produtores\/Colecionadores:<\/strong> Rede Ferrovi\u00e1ria Federal S\/A, Superintend\u00eancia Regional-10, Concession\u00e1ria Novo Oeste, Esta\u00e7\u00e3o Ferrovi\u00e1ria de Tr\u00eas Lagoas.<\/p>\n<p style=\"text-align: justify;\"><strong>Hist\u00f3rico:<\/strong> Ap\u00f3s diversos projetos ferrovi\u00e1rios de liga\u00e7\u00e3o de Mato Grosso ao centro do pa\u00eds, elaborados desde a segunda metade do s\u00e9culo XIX, \u201cEm junho de 1904 foi fundada no Rio de Janeiro a empresa denominada Companhia de Estradas de Ferro Noroeste do Brasil, com o expresso objetivo de construir a via Uberaba-Coxim, mediante a aquisi\u00e7\u00e3o da concess\u00e3o at\u00e9 ent\u00e3o pertencente ao Banco Uni\u00e3o de S. Paulo. A concess\u00e3o foi de fato transferida \u00e0 nova Companhia, mas o tra\u00e7ado previsto para a via f\u00e9rrea foi inteiramente alterado ainda em 1904: embora aproveitando a mesma concess\u00e3o, a estrada de ferro que seria agora constru\u00edda partiria de Bauru e iria at\u00e9 Cuiab\u00e1, capital de Mato Grosso, passando por Itapura (localidade situada \u00e0 margem direita do Rio Tiet\u00ea, pouco antes de sua foz no Rio Paran\u00e1). Em novembro do mesmo ano iniciaram-se os estudos explorat\u00f3rios da linha, e os trabalhos propriamente de constru\u00e7\u00e3o come\u00e7aram em julho de 1905, em Bauru, de modo que em setembro de 1906, em festiva solenidade, foram entregues ao tr\u00e1fego provis\u00f3rio os primeiros 48 km da via\u201d.<\/p>\n<p style=\"text-align: justify;\">\u201cContudo, a ponta dos trilhos estava ainda em territ\u00f3rio paulista quando, em abril de 1907, o governo federal determinou a mudan\u00e7a do ponto final a ser atingido \u2013 o qual (&#8230;) passa a ser Corumb\u00e1 (cidade sul-mato-grossense situada na margem direita do Rio Paraguai e nas proximidades da fronteira com a Bol\u00edvia)\u201d. Com o Decreto n\u00ba 6.899, de 24 de mar\u00e7o de 1908, no lugar da antiga Bauru-Cuiab\u00e1 passariam a existir duas estradas independentes: a primeira, em territ\u00f3rio paulista, seria a E. F. Bauru-Itapura, e a segunda, em sua maior parte em territ\u00f3rio mato-grossense, seria a E. F. Itapura-Corumb\u00e1.<\/p>\n<p style=\"text-align: justify;\">\u201cNa Bauru-Itapura os trabalhos prosseguiram, a despeito da resist\u00eancia dos Kaingang. A constru\u00e7\u00e3o da Itapura-Corumb\u00e1 seria atacada, por sua vez, pelas duas extremidades, sendo que j\u00e1 em maio de 1908 as obras tiveram in\u00edcio a partir do territ\u00f3rio mato-grossense\u201d.<\/p>\n<p style=\"text-align: justify;\">Com o rompimento do contrato entre o governo federal e a Companhia Noroeste, em 1913, a Uni\u00e3o assumiu os trabalhos de conclus\u00e3o da estrada: \u201cFoi, portanto, j\u00e1 sob a administra\u00e7\u00e3o federal que se efetivou, no fim de agosto de 1914, pouco a leste de Campo Grande (num ponto batizado precisamente com o nome de Liga\u00e7\u00e3o), a esperada jun\u00e7\u00e3o entre as duas pontas de trilhos, sendo declarada aberta ao tr\u00e1fego toda a linha entre Bauru e Porto Esperan\u00e7a\u201d, onde ficou estacionada por mais de uma d\u00e9cada.<\/p>\n<p style=\"text-align: justify;\">A partir de fins da d\u00e9cada de 1930 \u201cseria iniciado o prolongamento da Estrada em dire\u00e7\u00e3o a Corumb\u00e1 \u2013 ao mesmo tempo em que se iniciava tamb\u00e9m a constru\u00e7\u00e3o de um ramal que, partindo das imedia\u00e7\u00f5es de Campo Grande, dirigiu-se a Ponta Por\u00e3, na fronteira com a Rep\u00fablica do Paraguai\u201d.<\/p>\n<p style=\"text-align: justify;\">\u201cEm 1957 a Noroeste foi integrada \u00e0 Rede Ferrovi\u00e1ria Federal (RFFSA), e em 1996 voltou a ser operada por uma empresa privada, a saber, um cons\u00f3rcio formado exclusivamente por empresas estrangeiras e liderado pelo norte-americano Noel Group, que arrematou em leil\u00e3o os direitos de arrendamento do tr\u00e1fego e de utiliza\u00e7\u00e3o das instala\u00e7\u00f5es e equipamentos da velha ferrovia\u201d.<\/p>\n<p style=\"text-align: justify;\">A partir de 1996 o patrim\u00f4nio cultural e arquitet\u00f4nico da cidade de Tr\u00eas Lagoas, ligado \u00e0 ferrovia, passou a sofrer a a\u00e7\u00e3o do tempo e do descaso dos \u00f3rg\u00e3os governamentais e da iniciativa privada. Esta data marca o fim do transporte de passageiros entre o trecho Bauru-SP a Corumb\u00e1-MS e o in\u00edcio do abandono dos pr\u00e9dios das esta\u00e7\u00f5es rurais, de partes das oficinas, da descaracteriza\u00e7\u00e3o das casas da vila dos ferrovi\u00e1rios e da destrui\u00e7\u00e3o de documentos v\u00e1rios da administra\u00e7\u00e3o estatal da estrada.<\/p>\n<p style=\"text-align: justify;\">Das centenas de trabalhadores empregados nas atividades do transporte ferrovi\u00e1rio, em Tr\u00eas Lagoas, hoje apenas s\u00e3o mantidas algumas dezenas na manuten\u00e7\u00e3o da linha e no escrit\u00f3rio de representa\u00e7\u00e3o da empresa, na antiga esta\u00e7\u00e3o ferrovi\u00e1ria.<\/p>\n<p style=\"text-align: justify;\"><strong>Fontes:<\/strong> QUEIR\u00d3Z, P. R. C. Uma ferrovia entre dois mundos: A E. F. Noroeste do Brasil na primeira metade do s\u00e9culo 20. Bauru: EDUSC; Campo Grande: UFMS, 2004.<\/p>\n<p style=\"text-align: justify;\"><strong>Proced\u00eancia:<\/strong> Com a privatiza\u00e7\u00e3o da antiga Noroeste do Brasil, em 1996, houve, por parte da concession\u00e1ria Novo Oeste, o descarte de documenta\u00e7\u00e3o da administra\u00e7\u00e3o anterior. Um primeiro grupo de documentos chegou ao N\u00facleo de Documenta\u00e7\u00e3o, em 2004, repassado por Ad\u00e3o Levorato, pessoa que buscava formar um museu ferrovi\u00e1rio em Tr\u00eas Lagoas. Este tomou a iniciativa de entrar em contato com a coordena\u00e7\u00e3o do N\u00facleo no momento em que a administra\u00e7\u00e3o da Novoeste estava preste a jogar os documentos no lixo. Em 2006, quando da aquisi\u00e7\u00e3o da concess\u00e3o pela Am\u00e9rica Latina Log\u00edstica, chegou outro grupo documental composto por fichas funcionais de antigos trabalhadores, doado pelo funcion\u00e1rio respons\u00e1vel pela administra\u00e7\u00e3o.<\/p>\n<p style=\"text-align: justify;\"><strong>Data da Aquisi\u00e7\u00e3o:<\/strong> 2004 e 2006<\/p>\n<p style=\"text-align: justify;\">Conte\u00fado: Grupo Administrativo, subgrupos: circulares, memorandos, comunicados, of\u00edcios, requisi\u00e7\u00e3o de material, recortes de jornais, livro de visita, publica\u00e7\u00f5es, telegramas, boletim de servi\u00e7o, boletim interno, resolu\u00e7\u00f5es e decretos. Grupo Recursos Humanos, subgrupos: fichas funcionais, rela\u00e7\u00e3o de trabalhadores, livros-ponto, hora extra, memorandos, afastamento, ficha de transcri\u00e7\u00e3o de dados pessoais, comunica\u00e7\u00e3o de acidente de trabalho, controle de expediente, seguran\u00e7a no trabalho, acidente de trabalho, previd\u00eancia social e sa\u00fade. Grupo Transporte, subgrupos: seguran\u00e7a, boletim de ocorr\u00eancia, patrimonial, atas, mapeamento de controle de muni\u00e7\u00e3o, bilheteria, material rodante, escala de plant\u00e3o de seguran\u00e7a, tarifas, guia geral da Estrada de Ferro e boletim de trem.<\/p>\n<p style=\"text-align: justify;\"><strong>Sistema de Classifica\u00e7\u00e3o:<\/strong> Dividido em grupos e subgrupos, tem\u00e1ticos.<\/p>\n<p style=\"text-align: justify;\"><strong>Idiomas:<\/strong> Portugu\u00eas-BRA<\/p>\n<p style=\"text-align: justify;\"><a href=\"https:\/\/ndh-cptl.ufms.br\/wp-content\/uploads\/2017\/07\/NOB.pdf\" target=\"_blank\" rel=\"noopener\"><strong>Instrumentos de pesquisa:<\/strong><\/a> Rela\u00e7\u00e3o do acervo com descri\u00e7\u00e3o de conte\u00fado, identificando grupos, subgrupos, s\u00e9ries e subs\u00e9ries.<\/p>\n<p style=\"text-align: justify;\"><a title=\"Acervo NOB - Fichas funcionais\" href=\"https:\/\/ndh-cptl.ufms.br\/wp-content\/uploads\/2020\/06\/JOSIANE-SILVA_X-ENCONTRO-DA-ANPUHMS.pdf\" target=\"_blank\" rel=\"noopener\">Instrumento de pesquisa<\/a>: Descri\u00e7\u00e3o das fichas funcionais da NOB &#8211; Artigo de Josiane Sim\u00e3o Silva, X Encontro de Hist\u00f3ria do MS, ANPUH-MS, 2010.<\/p>\n<p style=\"text-align: justify;\"><strong>Grupos relacionados:<\/strong> Sindicato dos Trabalhadores em Empresas Ferrovi\u00e1rias de Bauru e Mato Grosso do Sul; Prefeitura Municipal de Tr\u00eas Lagoas; Peri\u00f3dicos.<\/p>\n<p style=\"text-align: justify;\"><strong>Acesso e Uso:<\/strong> Aberto a consulta, restringindo-se nos casos em que as fontes est\u00e3o se deteriorando. Para alguns documentos \u00e9 permitida a reprodu\u00e7\u00e3o no local.<\/p>\n<p style=\"text-align: justify;\"><strong>Controle da descri\u00e7\u00e3o:<\/strong> Jo\u00e3o Batista Lazarini, Juliana da Paz Bonfim, Fabiane Filgueiras Viana, Vitor Wagner Neto de Oliveira.<\/p>\n<p style=\"text-align: justify;\"><strong>Data da descri\u00e7\u00e3o:<\/strong> Junho de 2007.<\/p>\n<p style=\"text-align: justify;\"><a href=\"#topo\"><img loading=\"lazy\" decoding=\"async\" class=\"alignnone wp-image-333 size-full\" src=\"https:\/\/ndh-cptl.ufms.br\/wp-content\/uploads\/2014\/12\/icone_topo.gif\" alt=\"Voltar ao Topo\" width=\"111\" height=\"34\" \/><\/a><\/p>\n<p style=\"text-align: justify;\"><a name=\"3\"><\/a><span style=\"color: #ff0000;\"><strong>3 &#8211; Barrageiros<\/strong><\/span><\/p>\n<p style=\"text-align: justify;\"><span style=\"color: #000000;\"><strong>Identifica\u00e7\u00e3o:<\/strong> Barrageiros<\/span><\/p>\n<p><strong>C\u00f3digo:<\/strong> BAR<\/p>\n<p><strong>Datas &#8211; limite:<\/strong> 22\/06\/1963 \u2013 25\/01\/1987<\/p>\n<p><strong>Dimens\u00e3o e suportes:<\/strong> Jornais: 292 n\u00fameros, tabl\u00f3ide medindo 0,32cm x 0,22cm, com 8 p\u00e1ginas em m\u00e9dia, arquivadas em pastas poliondas. Documentos reproduzidos da Biblioteca P\u00fablica Municipal de Ilha Solteira: 9\u00a0caixas arquivos ou 2 metros lineares.<\/p>\n<p><strong>Produtores\/Colecionadores:<\/strong> Jornais: primeiramente foi produzido pela Administra\u00e7\u00e3o da Vila Piloto, n\u00facleo de moradia dos trabalhadores na constru\u00e7\u00e3o da Usina Hidrel\u00e9trica de Jupi\u00e1, em Tr\u00eas Lagoas-MS. Posteriormente passou a ser produzido pela Se\u00e7\u00e3o de Comunica\u00e7\u00f5es, Assessoria aos Servi\u00e7os Comunit\u00e1rios da Administra\u00e7\u00e3o de Ilha Solteira, n\u00facleo de moradia dos trabalhadores da constru\u00e7\u00e3o da Usina Hidrel\u00e9trica de Ilha Solteira-SP. Foi doado por Mitsuro Oda, antigo funcion\u00e1rio administrativo da Usina de Ilha Solteira, na \u00e9poca da constru\u00e7\u00e3o. Documentos reproduzidos: produzido pela Companhia Energ\u00e9tica do Estado de S\u00e3o Paulo, Administra\u00e7\u00e3o Especial de Ilha Solteira, sob a guarda da Biblioteca Municipal de Ilha Solteira.<\/p>\n<p><strong>Hist\u00f3rico:<\/strong> A constru\u00e7\u00e3o da Usina do Jupi\u00e1 iniciou-se na primeira metade da d\u00e9cada de 1960 e finalizou-se no ano de 1970. Como projeto desenvolvido durante a ditadura militar, per\u00edodo marcado por obras fara\u00f4nicas, a Usina Hidrel\u00e9trica do Jupi\u00e1 \u00e9 eficaz em termos de gera\u00e7\u00e3o de energia, apesar da destrui\u00e7\u00e3o ambiental causada pela grande \u00e1rea alagada. Entre as tr\u00eas maiores usinas hidrel\u00e9tricas do Brasil, perde somente para a Usina hidrel\u00e9trica de Itaipu.<br \/>Jupi\u00e1 era a primeira etapa do Complexo Hidrel\u00e9trico Urubupung\u00e1 que contava ainda com a constru\u00e7\u00e3o da usina de Ilha Solteira (iniciada em 1969) e de Tr\u00eas Irm\u00e3os (iniciada no final da d\u00e9cada de 1980).<br \/>O projeto previu a constru\u00e7\u00e3o de vilas e cidades para alojar os trabalhadores. Assim nasceu a Vila Piloto, na cidade de Tr\u00eas Lagoas-MS, a Vila dos Operadores, em Castilho-SP e a constru\u00e7\u00e3o planejada da cidade de Ilha Solteira-SP com cerca de 30 mil habitantes.<\/p>\n<p style=\"text-align: justify;\">Esses projetos foram impactantes na vida das pessoas que habitavam a regi\u00e3o. No caso de Tr\u00eas Lagoas, os barrageiros passaram a constituir um tipo de trabalhador qualitativamente diferenciado do restante, sobretudo se comparados aos ferrovi\u00e1rios, outra categoria numerosa na cidade.<\/p>\n<p style=\"text-align: justify;\">As diferen\u00e7as foram acentuadas em vista das caracter\u00edsticas dos n\u00facleos urbanos da Vila Piloto e da Vila dos Operadores: o primeiro, com cerca de 14 mil habitantes, fora implantado distante do centro urbano de Tr\u00eas Lagoas, contando com hospital, escola e outras estruturas que o tornava independente da rela\u00e7\u00e3o com a comunidade treslagoense, levando a uma segrega\u00e7\u00e3o espacial e tamb\u00e9m administrativa em vista de ser controlado pela pr\u00f3pria empresa construtora da Usina de Jupi\u00e1 e pelo fato de seus moradores serem \u201ctutelados\u201d pela administra\u00e7\u00e3o; o segundo n\u00facleo fora constru\u00eddo em forma de condom\u00ednio rural para servir aos operadores da Usina de Jupi\u00e1, aos engenheiros e aos t\u00e9cnicos especializados, com padr\u00e3o salarial muito acima da m\u00e9dia dos trabalhadores da regi\u00e3o.<\/p>\n<p style=\"text-align: justify;\">O jornal S.E.U. (Sociedade Esportiva Urubupung\u00e1), principal conjunto documental do grupo Barrageiros, foi o primeiro jornal criado como instrumento informativo dos trabalhadores de Jupi\u00e1, administrado pela sociedade esportiva, e editado pelo setor de estudos e pesquisas da administra\u00e7\u00e3o da Vila Piloto e impresso na gr\u00e1fica Vit\u00f3ria em Andradina (S\u00e3o Paulo), com uma tiragem inicial de dois mil exemplares, era distribu\u00eddo quinzenalmente aos moradores da Vila Piloto.<\/p>\n<p style=\"text-align: justify;\">Com um car\u00e1ter informativo do cotidiano dos trabalhadores, o jornal n\u00e3o noticia os acontecimentos pol\u00edticos do pa\u00eds, no per\u00edodo da ditadura militar. \u00c9 interessante observar que o jornal n\u00e3o se manifesta com o per\u00edodo marcado pelo autoritarismo, supress\u00e3o dos direitos constitucionais, persegui\u00e7\u00e3o policial e militar, pris\u00e3o e tortura dos opositores e pela censura pr\u00e9via aos meios de comunica\u00e7\u00e3o.<\/p>\n<p style=\"text-align: justify;\">O jornal S.E.U. existiu at\u00e9 no final de 1966, com o mesmo padr\u00e3o jornal\u00edstico de entretenimento, ou seja, not\u00edcias escolares, esportivas, festas, an\u00fancios referentes \u00e0s obras de Jupi\u00e1 e o crescimento da Vila Piloto. J\u00e1 em 1967, o jornal passa a se chamar O barrageiro, em refer\u00eancia \u00e0 categoria oper\u00e1ria da constru\u00e7\u00e3o da barragem da Usina Hidrel\u00e9trica de Jupi\u00e1.<\/p>\n<p style=\"text-align: justify;\">Com as obras da hidrel\u00e9trica a todo vapor o jornal O barrageiro, em meados de 1967, passa a editar quatro mil exemplares. No final de 1967 chega a cinco mil exemplares, distribu\u00eddos aos moradores da Vila Piloto e parte da popula\u00e7\u00e3o de Tr\u00eas Lagoas.<br \/>Em 1968, o jornal que nasceu para informar os trabalhadores passa a ter uma tiragem de seis mil exemplares. J\u00e1 em 1969, a edi\u00e7\u00e3o do jornal O barrageiro transferiu-se para o n\u00facleo urbano de Ilha Solteira, uma das primeiras cidades planejadas do Brasil, fundado em 1968 para abrigar os trabalhadores da Usina Hidrel\u00e9trica de Tr\u00eas Irm\u00e3os em S\u00e3o Paulo.<\/p>\n<p style=\"text-align: justify;\">Assim, o jornal foi editado pela se\u00e7\u00e3o de comunica\u00e7\u00f5es, assessoria aos servi\u00e7os comunit\u00e1rios, administra\u00e7\u00e3o de Ilha Solteira e passou a ser impresso na editora Ilha Solteira Ltda, chegando a uma tiragem de oito mil exemplares. Em mar\u00e7o de 1969, foram publicados, pela primeira vez, os nomes dos produtores e redatores do jornal: \u201cdiretor respons\u00e1vel Paulo Ribeiro, supervisor de reda\u00e7\u00e3o Luiz N. de Souza, redator secretario Jos\u00e9 Auro V. Albuquerque, cop desk Antonio Correia Melo, Roberto T. Watanabe e Paulo Coutinho de Moura, fot\u00f3grafos Jos\u00e9 C\u00e9lio P. de Campos e Ariovaldo Fornazari, e ilustrador Adelino Carlos Grave\u201d (O barrageiro, 01\/03\/1969).<\/p>\n<p style=\"text-align: justify;\">As noticias apresentadas pelo jornal apenas retratavam o cotidiano dos oper\u00e1rios, festas e entretenimentos como a \u201cFesta do bom Jesus em Tr\u00eas Lagoas\u201d (O barrageiro, 20\/06\/1968), mas n\u00e3o relatavam, por exemplo, os acidentes de trabalho, que eram muito freq\u00fcentes durante a constru\u00e7\u00e3o das usinas, bem como os descontentamentos dos trabalhadores, reivindica\u00e7\u00f5es, entre outros tipos de conflitos sociais<br \/>O jornal O barrageiro ao longo de sua exist\u00eancia foi lido por milhares de trabalhadores, alcan\u00e7ando seu apogeu na d\u00e9cada de 1970, quando chegou a produzir oito mil exemplares semanais.<\/p>\n<p>Proced\u00eancia: Jornais: doado ao N\u00facleo de Documenta\u00e7\u00e3o Hist\u00f3ria em 1973, por Mitsuro Oda, antigo funcion\u00e1rio administrativo da Usina de Ilha Solteira. Documentos reproduzidos: parte da documenta\u00e7\u00e3o produzida pela Administra\u00e7\u00e3o Especial de Ilha Solteira, sob a guarda da Biblioteca Municipal de Ilha Solteira, foi reproduzida ap\u00f3s autoriza\u00e7\u00e3o da Secretaria Municipal de Educa\u00e7\u00e3o de Ilha Solteira, de fevereiro a maio de 2007.<\/p>\n<p><strong>Data da Aquisi\u00e7\u00e3o: Jornais:<\/strong> 1973. Documentos reproduzidos: fevereiro a maio de 2007.<\/p>\n<p><strong>Conte\u00fado:<\/strong> Jornais: car\u00e1ter informativo do cotidiano dos trabalhadores noticia festas, entretenimentos, esportes, eventos pol\u00edticos e sociais. Documentos reproduzidos: relat\u00f3rios administrativos da Administra\u00e7\u00e3o Especial de Ilha Solteira; boletins informativos; pesquisa s\u00f3cio-econ\u00f4mica.<\/p>\n<p><strong>Sistema de Classifica\u00e7\u00e3o:<\/strong> Jornais: foram organizados a partir do n\u00famero de edi\u00e7\u00e3o e data, em ordem crescente. Documentos reproduzidos: organizados em ordem cronol\u00f3gica e divididos por subgrupos.<br \/>Idiomas:Portugu\u00eas-BRA<\/p>\n<p style=\"text-align: justify;\"><a href=\"https:\/\/ndh-cptl.ufms.br\/wp-content\/uploads\/2017\/07\/BARRAGEIROS.pdf\" target=\"_blank\" rel=\"noopener\"><strong>Instrumentos de pesquisa:<\/strong><\/a> Rela\u00e7\u00e3o do acervo com descri\u00e7\u00e3o de conte\u00fado, identificando grupos, subgrupos, s\u00e9ries e subs\u00e9ries. No caso dos jornais existem fichas de descri\u00e7\u00e3o sum\u00e1ria.<\/p>\n<p><a href=\"https:\/\/ndh-cptl.ufms.br\/wp-content\/uploads\/2014\/09\/BARRAGEIRO.pdf\" target=\"_blank\" rel=\"noopener\"><strong>Jornal O Barrageiro<\/strong><\/a>: Ficha descritiva<\/p>\n<p style=\"text-align: justify;\"><strong>Grupos relacionados:<\/strong> Sindicato dos Trabalhadores em Empresas Ferrovi\u00e1rias de Bauru e Mato Grosso do Sul; SINTED; Peri\u00f3dicos; Noroeste do Brasil.<\/p>\n<p><strong>Acesso e Uso:<\/strong> Aberto a consulta, restringindo-se nos casos em que as fontes est\u00e3o se deteriorando. Para alguns documentos \u00e9 permitida a reprodu\u00e7\u00e3o no local.<\/p>\n<p><strong>Controle da descri\u00e7\u00e3o:<\/strong> Igor Fernando Tim e Vitor Wagner Neto de Oliveira.<\/p>\n<p><strong>Data da descri\u00e7\u00e3o:<\/strong> Junho de 2007.<\/p>\n<p><a href=\"#topo\"><img loading=\"lazy\" decoding=\"async\" class=\"alignnone wp-image-333 size-full\" src=\"https:\/\/ndh-cptl.ufms.br\/wp-content\/uploads\/2014\/12\/icone_topo.gif\" alt=\"Voltar ao Topo\" width=\"111\" height=\"34\" \/><\/a><\/p>\n<p style=\"text-align: justify;\"><span style=\"color: #ff0000;\"><strong><em><a name=\"4\"><\/a>4 &#8211; Prefeitura Municipal de Tr\u00eas lagoas<\/em><\/strong><\/span><\/p>\n<p style=\"text-align: justify;\"><strong>Identifica\u00e7\u00e3o:<\/strong> Prefeitura Municipal de Tr\u00eas lagoas<strong>\u00a0<\/strong><\/p>\n<p style=\"text-align: justify;\"><strong>C\u00f3digo: <\/strong>PMTL<strong>\u00a0<\/strong><\/p>\n<p style=\"text-align: justify;\"><strong>Datas &#8211; limite:<\/strong> 1978 \u2013 2008<strong>\u00a0<\/strong><\/p>\n<p style=\"text-align: justify;\"><strong>Dimens\u00e3o e suportes:<\/strong> 28 caixas arquivos ou 7 metros lineares.<strong>\u00a0<\/strong><\/p>\n<p style=\"text-align: justify;\"><strong>Produtores\/Colecionadores:<\/strong> Secretarias municipais de Finan\u00e7as, Cultura, Administra\u00e7\u00e3o e Planejamento, e Procuradoria Jur\u00eddica.<\/p>\n<p style=\"text-align: justify;\"><strong>Hist\u00f3rico:<\/strong> As not\u00edcias mais recuadas sobre a penetra\u00e7\u00e3o da regi\u00e3o que \u00e9 hoje Tr\u00eas Lagoas, encontram-se nas narrativas dos bandeirantes, da segunda d\u00e9cada do s\u00e9culo XVIII, que relatam a exist\u00eancia dos \u00edndios caiap\u00f3s: \u201cDesde o s\u00e9culo XVIII, movimentos humanos retiravam do isolamento a regi\u00e3o sul do antigo Mato Grosso. Todavia, at\u00e9 o primeiro quartel do s\u00e9culo XX, momento de um lento cisma com o sert\u00e3o selvagem, a regi\u00e3o, como todo o Oeste, permanecia in\u00f3spita. Nas primeiras d\u00e9cadas deste s\u00e9culo [XX], as vilas e logo cidades, que surgiam ao longo dos trilhos da via f\u00e9rrea, uma ap\u00f3s outra, empenhavam-se em sair da condi\u00e7\u00e3o primitiva. Perturbando a lenta rotina, quebrando o ritmo do sert\u00e3o, dos cerrados, levas de homens, mulheres em menor n\u00famero, nordestinos, paulistas, mineiros, portugueses, s\u00edrio-libaneses, em marcha acorriam constantemente para o Oeste\u201d.<\/p>\n<p style=\"text-align: justify;\">O processo de urbaniza\u00e7\u00e3o de Tr\u00eas lagoas, no s\u00e9culo XX, \u00e9 marcado por tr\u00eas caracter\u00edsticas: 1) Sua base econ\u00f4mica inicial era a pecu\u00e1ria, depois em coexist\u00eancia com o com\u00e9rcio; 2) nasceu em 1913, a partir de um assentamento de trabalhadores da constru\u00e7\u00e3o da Estrada de Ferro e se transformou em entreposto comercial entre o sert\u00e3o e o eixo Rio-S\u00e3o Paulo; 3) a constru\u00e7\u00e3o da Usina Hidrel\u00e9trica de Jupi\u00e1, entre os anos de 1961 e 1969, promoveu um impacto expressivo no crescimento urbano.<\/p>\n<p style=\"text-align: justify;\">\u201cEm 15 de junho de 1915, Tr\u00eas Lagoas foi desmembrada do munic\u00edpio de Santana do Parana\u00edba, do qual era distrito. Surgiu, como vila, \u2018ao silvo da locomotiva\u2019, ent\u00e3o, s\u00edmbolo do progresso. Foi o primeiro povoado no Estado de Mato Grosso que se ergueu em decorr\u00eancia da Estrada de Ferro Companhia da Noroeste. Seu ponto inicial era na cidade de Bauru, no Estado de S\u00e3o Paulo, interrompendo-se em Itapura. Foi no Km 33 da Noroeste, como a primeira esta\u00e7\u00e3o f\u00e9rrea em territ\u00f3rio mato-grossense, que nasceu Tr\u00eas Lagoas\u201d.<\/p>\n<p style=\"text-align: justify;\">A constru\u00e7\u00e3o da Usina Hidrel\u00e9trica de Jupi\u00e1, \u00e9 parte do contexto das grandes obras de infraestrutura no Brasil das d\u00e9cadas de 1950 e 1960, quando se assiste a um salto na constru\u00e7\u00e3o de usinas hidrel\u00e9tricas que movimentavam recursos financeiros, materiais e humanos nunca vistos em cidades interioranas onde se localizavam rios com potenciais hidrel\u00e9tricos. Os maiores projetos nesse sentido eram tocados no rio Paran\u00e1, nas divisas dos estados de S\u00e3o Paulo e Mato Grosso, por empresas estatais do estado de S\u00e3o Paulo unificadas em 1966 na Companhia Energ\u00e9tica de S\u00e3o Paulo-CESP.<\/p>\n<p style=\"text-align: justify;\">A cidade de Tr\u00eas Lagoas, localizada na regi\u00e3o do Alto Paran\u00e1, foi diretamente atingida por um desses projetos. Em 1961 se iniciou a constru\u00e7\u00e3o da barragem e da usina de Jupi\u00e1, no rio Paran\u00e1 que divide as duas cidades, tornando-se um marco na hist\u00f3ria das grandes hidrel\u00e9tricas, pois pela primeira vez no Brasil se barrava um rio do porte do Paran\u00e1. A constru\u00e7\u00e3o atraiu grande n\u00famero de trabalhadores provenientes de diversas regi\u00f5es do pa\u00eds, alguns j\u00e1 com hist\u00f3ria de trabalho em barragens, da\u00ed a denomina\u00e7\u00e3o de barrageiros.<\/p>\n<p style=\"text-align: justify;\">Atualmente se intensifica o desenvolvimento industrial, baseado nos ramos de t\u00eaxtil, metalurgia e celulose, motivado pelos benef\u00edcios fiscais e pela m\u00e3o-de-obra barata, realidade que coloca outros desafios aos estudiosos das ci\u00eancias humanas e sociais.<\/p>\n<p style=\"text-align: justify;\"><strong>Fontes:<\/strong> MENDON\u00c7A, N. D. <strong>A (des)constru\u00e7\u00e3o das (des)ordens: poder e viol\u00eancia em Tr\u00eas Lagoas, 1915-1945<\/strong>. (Tese de Doutorado em Hist\u00f3ria) S\u00e3o Paulo: FFLCH-USP, 1991.<\/p>\n<p style=\"text-align: justify;\"><strong>Proced\u00eancia:<\/strong> Prefeitura Municipal de Tr\u00eas Lagoas<strong>\u00a0<\/strong><\/p>\n<p style=\"text-align: justify;\"><strong>Data da Aquisi\u00e7\u00e3o<\/strong>: d\u00e9cada de 1990 e ano de 2008.<br \/><strong><br \/>Conte\u00fado:<\/strong> <strong><em>Grupo Finan\u00e7as:<\/em><\/strong> Aviso de lan\u00e7amentos e cobran\u00e7a de d\u00e9bito;<strong><em> Grupo Educa\u00e7\u00e3o e Cultura:<\/em><\/strong> Secretaria de Educa\u00e7\u00e3o; protocolo de correspond\u00eancia, entrega de correspond\u00eancia; se\u00e7\u00e3o de obras p\u00fablicas (1978; 1980; 1981; 1984); guia de recolhimento de atraso; oficio; memorando; Perfil s\u00f3cio econ\u00f4mico da cidade de Tr\u00eas Lagoas; <strong><em>Grupo Departamento Jur\u00eddico: <\/em><\/strong>Leis e decretos; atas; correspond\u00eancias recebidas e expedidas; legisla\u00e7\u00e3o do IPEMAT;<strong><em> Grupo Recursos Humanos:<\/em><\/strong> Folhas de pagamento. <strong><em>Grupo Planejamento:<\/em><\/strong> Projeto de constru\u00e7\u00e3o de resid\u00eancia;<strong><em> Grupo Administrativo:<\/em><\/strong>Protocolos; Correspond\u00eancia interna; folha de ponto e requisi\u00e7\u00e3o para abastecimento.<strong>\u00a0<\/strong><\/p>\n<p style=\"text-align: justify;\"><strong>Sistema de Classifica\u00e7\u00e3o<\/strong>: Dividido em subgrupos tem\u00e1ticos.<strong>\u00a0<\/strong><\/p>\n<p style=\"text-align: justify;\"><strong>Idiomas:<\/strong> Portugu\u00eas-BRA<\/p>\n<p style=\"text-align: justify;\"><a href=\"https:\/\/ndh-cptl.ufms.br\/wp-content\/uploads\/2014\/12\/PMTL.pdf\" target=\"_blank\" rel=\"noopener\"><strong>Instrumentos de pesquisa:<\/strong> <\/a>Rela\u00e7\u00e3o do acervo com descri\u00e7\u00e3o de conte\u00fado, identificando grupos, subgrupos, s\u00e9ries e subs\u00e9ries.<\/p>\n<p style=\"text-align: justify;\"><strong>Grupos relacionados: <\/strong>Noroeste do Brasil; Sindicato dos Ferrovi\u00e1rios de Baur\u00fa e Mato Grosso do Sul.<\/p>\n<p style=\"text-align: justify;\"><strong>Acesso e Uso<\/strong>: Aberto a consulta, restringindo-se nos casos em que as fontes est\u00e3o se deteriorando. Para alguns documentos \u00e9 permitida a reprodu\u00e7\u00e3o no local.<\/p>\n<p style=\"text-align: justify;\"><strong>Controle da descri\u00e7\u00e3o<\/strong>: Juliano Alves da Silva; Danilo de Souza Ferreira; Vitor Augusto de Oliveira Valentim e Vitor Wagner Neto de Oliveira.<\/p>\n<p style=\"text-align: justify;\">\u00a0<strong>Data da descri\u00e7\u00e3o:<\/strong> Junho de 2007.<\/p>\n<p><a href=\"#topo\"><img loading=\"lazy\" decoding=\"async\" class=\"alignnone wp-image-333 size-full\" src=\"https:\/\/ndh-cptl.ufms.br\/wp-content\/uploads\/2014\/12\/icone_topo.gif\" alt=\"Voltar ao Topo\" width=\"111\" height=\"34\" \/><\/a><\/p>\n<p style=\"text-align: justify;\">\u00a0<span style=\"color: #ff0000;\"><strong><a name=\"5\"><\/a>5 &#8211; Arquivo Fotogr\u00e1fico<\/strong><\/span><\/p>\n<p style=\"text-align: justify;\"><strong>Identifica\u00e7\u00e3o:<\/strong> Fotografias<\/p>\n<p style=\"text-align: justify;\"><strong>C\u00f3digo:<\/strong>\u00a0ArFo<br \/><strong>Datas &#8211; limite:<\/strong> Segunda d\u00e9cada do seculo XX a 1997.<br \/><strong>Dimens\u00e3o e suportes:<\/strong> Cont\u00e9m 588 fotos, sendo 151 coloridas e 437 preto e branco, arquivadas em papel cart\u00e3o neutro e pastas suspensas.<br \/><strong>Produtores\/Colecionadores:<\/strong> Ruth M\u00e1ximo Filgueiras; Nazareth dos Reis; Honorio de Souza Carneiro e funcin\u00e1rios da UFMS.<br \/><strong>Hist\u00f3rico:<\/strong> As fotos relacionadas ao prefeito Jo\u00e3o Dantas Filgueiras foram doadas por sua esposa dona Ruth M\u00e1ximo Filgueiras, na decada de 1990. Fotos do Pontal do Faia doadas pelo professor Honorio de Souza Carneiro, em 1997. Fotos do trabalho de Cultura brasileira, doadas pelo professor Nazareth dos Reis, no ano de 2004. Fotos 3&#215;4, dos funcion\u00e1rios da UFMS, foram destinadas pelo setor administrativo da Universidade.<br \/><strong>Proced\u00eancia:<\/strong> Por se tratar de um grupo documental diversificado no que se refere aos produtores e ou colecionadores, a proced\u00eancia \u00e9 igualmente diversa, doadas por particulares, em sua maior\u00eda, parentes de pessoas que ocuparam cargos p\u00fablicos.<br \/><strong>Data da Aquisi\u00e7\u00e3o:<\/strong> d\u00e9cada de 1990, 1997 e 2004.<\/p>\n<p style=\"text-align: justify;\"><strong>Conte\u00fado:<\/strong> &#8220;Pioneiros&#8221;; eventos pol\u00edticos; desfiles c\u00edvicos; teatro; esporte; obras p\u00fablicas; demoli\u00e7\u00f5es; panor\u00e2micas; fam\u00edlia; projetos acad\u00eamicos.<br \/><strong>Sistema de Classifica\u00e7\u00e3o:<\/strong> As fotos est\u00e3o enquadradas em papel cart\u00e3o neutro, protegidas por filme pl\u00e1stico, arquivadas em pastas suspensas.<\/p>\n<p style=\"text-align: justify;\"><strong>Instrumentos de pesquisa: <\/strong><a title=\"Arquivo Fotogr\u00e1fico\" href=\"https:\/\/ndh-cptl.ufms.br\/wp-content\/uploads\/2017\/07\/Arquivo-Fotogr\u00e1fico_Estrutura-do-Acervo_15-12-2014.pdf\" target=\"_blank\" rel=\"noopener\">clique aqui para descri\u00e7\u00e3o geral<\/a><\/p>\n<p style=\"text-align: justify;\">Universidade Federal de Mato Grosso do Sul (<a title=\"ArFo UFMS\" href=\"https:\/\/ndh-cptl.ufms.br\/wp-content\/uploads\/2017\/07\/UFMS_PASTAS_2015.pdf\" target=\"_blank\" rel=\"noopener\">clique aqui para descri\u00e7\u00e3o das pastas 01-07<\/a>)<\/p>\n<p>Universidade Federal de Mato Grosso do Sul &#8211; Funcion\u00e1rios da UFMS (<a href=\"https:\/\/ndh-cptl.ufms.br\/wp-content\/uploads\/2023\/12\/Ar_Fo_05_UFMS.pdf\" target=\"_blank\" rel=\"noopener\">clique aqui para descri\u00e7\u00e3o da pasta 05<\/a>)<\/p>\n<p style=\"text-align: justify;\">Tr\u00eas Lagoas\u00a0(<a title=\"ArFo TL\" href=\"https:\/\/ndh-cptl.ufms.br\/wp-content\/uploads\/2017\/07\/TL_PASTAS_2015.pdf\" target=\"_blank\" rel=\"noopener\">clique aqui para descri\u00e7\u00e3o das pastas 08-10<\/a>)<\/p>\n<p style=\"text-align: justify;\">Barragem de Jupi\u00e1\u00a0(<a title=\"ArFo BJ\" href=\"https:\/\/ndh-cptl.ufms.br\/wp-content\/uploads\/2017\/07\/Ar_Fo_11_BJ.pdf\" target=\"_blank\" rel=\"noopener\">clique aqui para descri\u00e7\u00e3o da pasta 11<\/a>)<\/p>\n<p style=\"text-align: justify;\">Jo\u00e3o Dantas Filgueiras\u00a0(<a title=\"ArFo JDF_12_26\" href=\"https:\/\/ndh-cptl.ufms.br\/wp-content\/uploads\/2017\/07\/JDF_2015_PASTAS_12_26.pdf\" target=\"_blank\" rel=\"noopener\">clique aqui para descri\u00e7\u00e3o das pastas 12-26<\/a>)<\/p>\n<p style=\"text-align: justify;\">Jo\u00e3o Dantas Filgueiras\u00a0(<a title=\"ArFo JDF 27_41\" href=\"https:\/\/ndh-cptl.ufms.br\/wp-content\/uploads\/2017\/07\/JDF_2015_PASTAS_27_41.pdf\" target=\"_blank\" rel=\"noopener\">clique aqui para descri\u00e7\u00e3o das pastas 27-41<\/a>)<\/p>\n<p style=\"text-align: justify;\">Jo\u00e3o Dantas Filgueiras\u00a0(<a title=\"ArFo JDF 42_54\" href=\"https:\/\/ndh-cptl.ufms.br\/wp-content\/uploads\/2017\/07\/JDF_2015_PASTAS_42_54.pdf\" target=\"_blank\" rel=\"noopener\">clique aqui para descri\u00e7\u00e3o das pastas 42-54<\/a>)<\/p>\n<p>IAJES &#8211; S\u00e9rie de fotos do Fundo IAJES (<a href=\"https:\/\/ndh-cptl.ufms.br\/wp-content\/uploads\/2024\/12\/SERIE-DE-FOTOS-DO-FUNDO-IAJES.pdf\" target=\"_blank\" rel=\"noopener\">clique aqui para ver descri\u00e7\u00e3o<\/a>)<\/p>\n<p style=\"text-align: left;\"><strong>Cole\u00e7\u00f5es\/Fundos relacionados:<\/strong> Prefeitura Municipal de Tr\u00eas Lagoas; Peri\u00f3dicos.<\/p>\n<p style=\"text-align: justify;\"><strong>Acesso e Uso:<\/strong> O acesso \u00e9 livre para a maior parte do acervo, restringindo-se para alguns casos em que as fontes est\u00e3o se deteriorando. Para a reprodu\u00e7\u00e3o deve-se ter autoriza\u00e7\u00e3o espec\u00edfica.<\/p>\n<p style=\"text-align: justify;\"><strong>Controle da descri\u00e7\u00e3o:<\/strong> Ferm\u00ednia Ferreira Lima Favreto, Fernanda Am\u00e9lia Leal Borges Duarte e Nelson Jose Chiericci Junior.<\/p>\n<p style=\"text-align: justify;\"><a href=\"#topo\"><img loading=\"lazy\" decoding=\"async\" class=\"alignnone wp-image-333 size-full\" src=\"https:\/\/ndh-cptl.ufms.br\/wp-content\/uploads\/2014\/12\/icone_topo.gif\" alt=\"Voltar ao Topo\" width=\"111\" height=\"34\" \/><\/a><\/p>\n<p style=\"text-align: justify;\"><span style=\"color: #ff0000;\"><strong><em><a name=\"6\"><\/a>6- Arquivo Pessoal<\/em><\/strong><\/span><\/p>\n<p style=\"text-align: justify;\"><strong>Identifica\u00e7\u00e3o: <\/strong>Arquivo Pessoal<\/p>\n<p style=\"text-align: justify;\"><strong>C\u00f3digo: <\/strong>PESSOAL<\/p>\n<p style=\"text-align: justify;\"><strong>Datas \u2013 limite: <\/strong>1880-1975<strong>.<\/strong><\/p>\n<p style=\"text-align: justify;\"><strong>Dimens\u00e3o e suportes: <\/strong>8\u00a0caixas arquivo.<\/p>\n<p style=\"text-align: justify;\"><strong>Produtores: <\/strong>Pessoas da comunidade local (Tr\u00eas Lagoas e regi\u00e3o).<\/p>\n<p style=\"text-align: justify;\"><strong>Hist\u00f3rico: <\/strong>O grupo foi formado para dar conta da diversidade de pessoas da comunidade que doam documentos pessoais, recorda\u00e7\u00f5es familiares e de atua\u00e7\u00e3o profissional. O N\u00facleo de Documenta\u00e7\u00e3o desenvolve campanhas de sensibiliza\u00e7\u00e3o da comunidade para a preserva\u00e7\u00e3o da hist\u00f3ria, nestas atividades surgem doadores, bem como as pessoas procuram o N\u00facleo para entrega de material. Este grupo cont\u00e9m um contrato de venda de escravo datado de 27 de novembro de 1880, documento de data mais recuada de todo o acervo do N\u00facleo de Documenta\u00e7\u00e3o, doado pela professora do Departamento de Educa\u00e7\u00e3o, Cheila Cristina Silva, que recebeu de seu irm\u00e3o que, por sua vez, recolheu de um entulho de uma constru\u00e7\u00e3o que estava sendo demolida na cidade do Rio de Janeiro. Isso exemplifica a diversidade na forma de recebimento de doa\u00e7\u00f5es, bem como a origem dos documentos.<\/p>\n<p style=\"text-align: justify;\"><strong>Proced\u00eancia: <\/strong>Comunidade local.<\/p>\n<p style=\"text-align: justify;\"><strong>Data da aquisi\u00e7\u00e3o: <\/strong>De fluxo cont\u00ednuo, desde 2007.<\/p>\n<p style=\"text-align: justify;\"><strong>Conte\u00fado: <\/strong>Documentos pessoais; certificados; diplomas; revista <em>Ferrovia<\/em>; fotos de ferrovi\u00e1rios; contrato de venda de escravo; passaporte, documentos e certid\u00f5es de registro de imigrantes japoneses.<\/p>\n<p style=\"text-align: justify;\"><strong>Sistema de classifica\u00e7\u00e3o:<\/strong><\/p>\n<p style=\"text-align: justify;\"><strong>Idiomas: <\/strong>Portugu\u00eas-BRA<\/p>\n<p style=\"text-align: justify;\"><a href=\"https:\/\/ndh-cptl.ufms.br\/wp-content\/uploads\/2017\/07\/PESSOAL.pdf\" target=\"_blank\" rel=\"noopener\"><strong>Instrumentos <\/strong><strong>de<\/strong><strong> pesquisa:<\/strong> <\/a>Rela\u00e7\u00e3o do acervo com descri\u00e7\u00e3o de conte\u00fado, identificando subgrupos, s\u00e9ries e subs\u00e9ries.<\/p>\n<p style=\"text-align: justify;\"><strong>Grupos relacionados: <\/strong>Prefeitura Municipal de Tr\u00eas Lagoas; Ferrovia Noroeste do Brasil; Sindicato dos Trabalhadores Ferrovi\u00e1rios; Arquivo da Palavra.<\/p>\n<p style=\"text-align: justify;\"><strong>Acesso e uso:<\/strong> Aberto a consulta, restringindo-se nos casos em que as fontes est\u00e3o se deteriorando.<\/p>\n<p style=\"text-align: justify;\"><strong>Controle da descri\u00e7\u00e3o: <\/strong>Renan Gon\u00e7alves Bressan e Nelson Jose Chiericci Junior.<\/p>\n<p style=\"text-align: justify;\"><strong>Data da descri\u00e7\u00e3o:<\/strong> Agosto de 2009<\/p>\n<p style=\"text-align: justify;\"><a href=\"#topo\"><img loading=\"lazy\" decoding=\"async\" class=\"alignnone wp-image-333 size-full\" src=\"https:\/\/ndh-cptl.ufms.br\/wp-content\/uploads\/2014\/12\/icone_topo.gif\" alt=\"Voltar ao Topo\" width=\"111\" height=\"34\" \/><\/a><\/p>\n<p style=\"text-align: justify;\"><span style=\"color: #ff0000;\"><strong><em><a name=\"7\"><\/a>7 &#8211; Instituto Administrativo Jesus Bom Pastor \u2013 \u201cGiancarlo Oliveri\u201d.<\/em><\/strong><\/span><\/p>\n<p style=\"text-align: justify;\">Identifica\u00e7\u00e3o: Instituto Administrativo Jesus Bom Pastor \u2013 \u201cGiancarlo Oliveri\u201d.<\/p>\n<p style=\"text-align: justify;\"><strong>C\u00f3digo<\/strong>: IAJES<\/p>\n<p style=\"text-align: justify;\"><strong>Datas-limite<\/strong>: 1965 \u2013 1996<\/p>\n<p style=\"text-align: justify;\"><strong>Dimens\u00e3o e Suporte:<\/strong> 4 arquivos de a\u00e7o e 60 metros lineares de documentos em papel (manuscritos, livros editados, documentos datilografados, digitados, impressos, mimeografados, jornais, revistas, correspond\u00eancias), fotografias, slides, filmes e fitas de \u00e1udio.<\/p>\n<p style=\"text-align: justify;\"><strong>Produtores\/Colecionadores<\/strong>: Os documentos foram produzidos e acumulados pela entidade eclesi\u00e1stica IAJES (Instituto Administrativo Jesus Bom Pastor), organizadora dos movimentos sociais da regi\u00e3o de Andradina a partir dos anos 1970 e ainda por uma entidade organicamente relacionada ao IAJES, por afinidades de seus membros, o CEOC, de S\u00e3o Paulo.<\/p>\n<p style=\"text-align: justify;\"><strong>Hist\u00f3rico<\/strong>: Inicialmente voltada para a assist\u00eancia social do bairro da periferia da cidade de Andradina-SP, a partir dos anos1970 a entidade passou a ampliar suas atividades sociais em todos os bairros numa perspectiva menos assistencialista e mais combativa, como a organiza\u00e7\u00e3o e cria\u00e7\u00e3o de movimentos populares \u2013 Movimento de Mulheres, Movimento de Bairros, Movimento Negro, Movimento pela Sa\u00fade, Sociedade Amigos de Bairros \u2013 e com a consolida\u00e7\u00e3o do papel sociopol\u00edtico das Comunidades Eclesiais de Base na periferia da cidade, na linha teol\u00f3gica da Liberta\u00e7\u00e3o. A entidade promoveu um trabalho de conscientiza\u00e7\u00e3o sociopol\u00edtica na periferia da cidade junto com esses movimentos populares, bastante atuantes e interligados entre si, atrav\u00e9s do que chamou de educa\u00e7\u00e3o popular libertadora. Experi\u00eancias que alimentaram o crescimento do papel pol\u00edtico da periferia e estabeleceram novas formas de atua\u00e7\u00e3o, como o Partido dos Trabalhadores, os Conselhos Municipais e muito mais.<\/p>\n<p style=\"text-align: justify;\">Durante os anos em que atuou em Andradina e em rede com diversos outros movimentos por todo o pa\u00eds, o IAJES produziu e acumulou uma quantidade significativa de documentos e, para este fim, a institui\u00e7\u00e3o adquiriu material t\u00e9cnico de <em>off-set<\/em>, conhecimento t\u00e9cnico na \u00e1rea de produ\u00e7\u00e3o de documentos e organiza\u00e7\u00e3o de arquivo por meio de cursos feitos em entidades especializadas e, em decorr\u00eancia, um Centro de Documenta\u00e7\u00e3o que prestava servi\u00e7o aos movimentos e \u00e0 popula\u00e7\u00e3o.<\/p>\n<p style=\"text-align: justify;\">Com a crise dos movimentos populares da chamada Nova Esquerda, nos anos 1990, a entidade entrou em decl\u00ednio e deixou de receber os investimentos das ag\u00eancias internacionais, o que dificultou a manuten\u00e7\u00e3o das atividades da entidade, das Comunidades Eclesiais de Base e dos pr\u00f3prios movimentos. Seu acervo foi removido dos antigos espa\u00e7os da Igreja \u201cNossa Senhora das Gra\u00e7as\u201d, cujos escrit\u00f3rios abrigavam as centrais de atividades e documenta\u00e7\u00e3o, e o material foi alojado no barrac\u00e3o da cooperativa de pequenos produtores.<\/p>\n<p style=\"text-align: justify;\">As condi\u00e7\u00f5es prec\u00e1rias de alojamento da documenta\u00e7\u00e3o da entidade IAJES sempre foram uma preocupa\u00e7\u00e3o dos sujeitos que participaram da institui\u00e7\u00e3o e dos movimentos populares e, durante os tr\u00eas \u00faltimos anos (2003-2006), o acervo do IAJES passou a ser tamb\u00e9m uma preocupa\u00e7\u00e3o dos intelectuais, a medida em que a pesquisa de mestrado \u201c<em>O grito aben\u00e7oado da periferia<\/em>\u201d divulgou sua situa\u00e7\u00e3o para o campo acad\u00eamico. Nesse sentido, o contato entre o campo acad\u00eamico e esses sujeitos foi feito por meio de visitas ao acervo e a alguns dos membros remanescentes do instituto, com perspectivas de integra\u00e7\u00e3o e parcerias que pudessem levar a um caminho de preserva\u00e7\u00e3o dessa documenta\u00e7\u00e3o. No ano de 2006, o IAJES, que ainda mant\u00e9m uma exist\u00eancia oficial para finalidades jur\u00eddicas, sofreu uma penalidade judicial que levou o terreno onde se encontra o galp\u00e3o a leil\u00e3o p\u00fablico. No mesmo ano, o N\u00facleo de Documenta\u00e7\u00e3o Hist\u00f3rica \u201cHon\u00f3rio de Souza Carneiro\u201d pleiteou e logrou a fomenta\u00e7\u00e3o de apoio e subs\u00eddios para um projeto de organiza\u00e7\u00e3o do acervo do N\u00facleo junto com a Funda\u00e7\u00e3o Get\u00falio Vargas. Nesse contexto, as rela\u00e7\u00f5es entre a Universidade e os pr\u00f3prios sujeitos respons\u00e1veis pela documenta\u00e7\u00e3o se estreitaram, com vias de garantir um destino digno e din\u00e2mico \u00e0s fontes do instituto com a urg\u00eancia que a ordem dos acontecimentos judiciais pedia. A partir do m\u00eas de outubro do ano de 2006, professores e alunos da gradua\u00e7\u00e3o passaram a trabalhar semanalmente na limpeza e separa\u00e7\u00e3o da documenta\u00e7\u00e3o no pr\u00f3prio galp\u00e3o, em Andradina-SP, sob a forma de mutir\u00f5es. O trabalho coletivo, que ainda contou com a participa\u00e7\u00e3o direta dos membros do IAJES, se estendeu at\u00e9 o m\u00eas de dezembro daquele ano, quando finalmente toda a documenta\u00e7\u00e3o foi transferida para Tr\u00eas Lagoas, na UFMS, j\u00e1 com um primeiro processo de cataloga\u00e7\u00e3o que, embora prim\u00e1rio, possibilitou o alojamento do acervo em melhores condi\u00e7\u00f5es.<\/p>\n<p style=\"text-align: justify;\"><strong>Fontes:<\/strong> OLIVEIRA, M. E. <strong>O grito aben\u00e7oado da periferia: trajet\u00f3rias e contradi\u00e7\u00f5es do IAJES e dos movimentos populares na Andradina dos anos 1980<\/strong>. (Mestrado em Hist\u00f3ria) Maring\u00e1: Departamento de Documenta\u00e7\u00e3o Hist\u00f3rica, UEM, 2006.<\/p>\n<p style=\"text-align: justify;\"><strong>Proced\u00eancia<\/strong>: Barrac\u00e3o da cooperativa de pequenos produtores, sob a guarda do IAJES, em Andradina-SP.<\/p>\n<p style=\"text-align: justify;\"><strong>Data da Aquisi\u00e7\u00e3o<\/strong>: De outubro a dezembro de 2006.<\/p>\n<p style=\"text-align: justify;\"><strong>Conte\u00fado<\/strong>: Nos diversos suportes documentais do grupo IAJES, encontram-se, sumariamente, os seguintes temas principais:<\/p>\n<ul style=\"text-align: justify;\">\n<li>Discuss\u00f5es te\u00f3ricas e pr\u00e1ticas de experi\u00eancias pr\u00f3prias e diversas de Movimentos Sociais;<\/li>\n<li>\u00a0Material de Forma\u00e7\u00e3o (Livros, Cadernos e impressos) para: Movimento de Mulheres, Movimento de Bairro, Movimento pela Sa\u00fade, Movimento Negro, Cooperativas, Sociedades Amigos de Bairros, grupos combativos;<\/li>\n<li>Relat\u00f3rios das atividades cotidianas do IAJES e dos Movimentos Populares;<\/li>\n<li>Projetos de Fomenta\u00e7\u00e3o para experi\u00eancias alternativas de sustentabilidade a atua\u00e7\u00e3o de movimentos populares;<\/li>\n<li>Material de divulga\u00e7\u00e3o das lutas sociais e pol\u00edticas;<\/li>\n<li>Material eclesi\u00e1stico sobre as origens e as perspectivas da Teologia da Liberta\u00e7\u00e3o;<\/li>\n<li>Fotos e slides acerca das experi\u00eancias vivenciadas pelo IAJES e pelos Movimentos;<\/li>\n<li>Material de \u201cEduca\u00e7\u00e3o Popular\u201d e \u201cForma\u00e7\u00e3o Pol\u00edtica\u201d;<\/li>\n<li>Material de produ\u00e7\u00e3o de documenta\u00e7\u00e3o;<\/li>\n<li><em>Clippings<\/em> com recortes de jornais regionais de forma tem\u00e1tica;<\/li>\n<li>Correspond\u00eancias nacionais e internacionais que revelam a atua\u00e7\u00e3o em rede;<\/li>\n<li>Filmes e material iconogr\u00e1fico de forma\u00e7\u00e3o, informa\u00e7\u00e3o e integra\u00e7\u00e3o dos grupos sociais diversos;<\/li>\n<li>Atas de reuni\u00f5es e de estudos produzidos pela entidade;<\/li>\n<li>Material de Cursos Profissionalizantes (Bordado Industrial);<\/li>\n<li>Documenta\u00e7\u00e3o da forma\u00e7\u00e3o do Partido dos Trabalhadores em n\u00edvel nacional e municipal.<\/li>\n<\/ul>\n<p style=\"text-align: justify;\"><strong>Sistema de Classifica\u00e7\u00e3o<\/strong>: O sistema de classifica\u00e7\u00e3o adotado para este fundo procurou recuperar o sistema utilizado na origem do acervo, que outrora se constituiu enquanto Centro de Documenta\u00e7\u00e3o.<\/p>\n<p style=\"text-align: justify;\"><strong>Idiomas<\/strong>: Portugu\u00eas \u2013 BRA; Espanhol \u2013 ESP, Espanhol \u2013 ESA; Espanhol \u2013 GUA; Italiano \u2013 ITA.<\/p>\n<p style=\"text-align: justify;\"><strong>Instrumentos de pesquisa:<\/strong> <a href=\"https:\/\/ndh-cptl.ufms.br\/wp-content\/uploads\/2026\/02\/IAJES_TABELA_1_atualizada_2025.pdf\" target=\"_blank\" rel=\"noopener\">TABELA 1<\/a>\u00a0 <a href=\"https:\/\/ndh-cptl.ufms.br\/wp-content\/uploads\/2026\/02\/IAJES_TABELA_2_atualizada_2025.pdf\" target=\"_blank\" rel=\"noopener\">TABELA 2<\/a>\u00a0&#8211; Rela\u00e7\u00e3o do acervo com descri\u00e7\u00e3o de conte\u00fado, identificando grupos, subgrupos, s\u00e9ries e subs\u00e9ries.<\/p>\n<p style=\"text-align: justify;\"><a title=\"Biblioteca do Instituto Administrativo Jesus Bom Pastor\" href=\"https:\/\/ndh-cptl.ufms.br\/wp-content\/uploads\/2020\/12\/JOSENIAS_RELATORIO_BIBLIOTECA_IAJES.pdf\" target=\"_blank\" rel=\"noopener\">Biblioteca IAJES:<\/a>\u00a0Relat\u00f3rio de Inicia\u00e7\u00e3o Cient\u00edfica que analisa o acervo bibliogr\u00e1fico do IAJES sob a guarda do NDH.<\/p>\n<p><a href=\"https:\/\/ndh-cptl.ufms.br\/wp-content\/uploads\/2025\/05\/SERIE-DE-FOTOS-DO-FUNDO-IAJES.pdf\" target=\"_blank\" rel=\"noopener\">Fotos<\/a>: S\u00e9rie de fotos do Fundo IAJES<\/p>\n<p><a href=\"https:\/\/ndh-cptl.ufms.br\/wp-content\/uploads\/2025\/05\/IAJES-Slides-Tabela.pdf\" target=\"_blank\" rel=\"noopener\">Slides<\/a>: S\u00e9rie de <em>slides<\/em> multim\u00eddias do Fundo IAJES<\/p>\n<p style=\"text-align: justify;\"><strong>Grupos relacionados: <\/strong>Sindicato dos Trabalhadores em Empresas Ferrovi\u00e1rias de Bauru e Mato Grosso do Sul; Sindicato dos Trabalhadores em Educa\u00e7\u00e3o de Tr\u00eas Lagoas e Selv\u00edria; Comiss\u00e3o Pastoral da Terra; Partido dos Trabalhadores; Arquivo da Palavra.<\/p>\n<p style=\"text-align: justify;\"><strong>Publica\u00e7\u00f5es Relacionadas:<\/strong><\/p>\n<p style=\"text-align: justify;\">ALVES, M. <strong>IAJES: uma entidade em movimento. Lins: (TCC &#8211; Faculdade de Servi\u00e7o Social de Lins). 1989.<\/strong><\/p>\n<p style=\"text-align: justify;\">BRENTAN, Marcelo Fernandes. <strong>IAJES: um olhar na Ditadura Militar (1964 a 1985), <\/strong>publicado nos Anais de XI Semana de Hist\u00f3ria da UFMS, campus de Tr\u00eas Lagoas-MS, denominada \u201cHist\u00f3ria e historiografia: perspectivas e desafios\u201d, de 08 a12 de setembro de 2008. ISBN: 978-85-7613-158-8<strong>\u00a0<\/strong><\/p>\n<p style=\"text-align: justify;\"><strong>___________________.Hist\u00f3ria Oral dos militantes do Instituto Administrativo Jesus Bom Pastor (IAJES): subvers\u00e3o e resist\u00eancia pol\u00edtica no Alto Paran\u00e1<\/strong>, publicado nos Anais do \u201cIII Simp\u00f3sio Internacional sobre Religiosidades, Di\u00e1logos Culturais e Hibrida\u00e7\u00f5es\u201d, de 21 a 24 de abril de 2009, na UFMS, cidade universit\u00e1ria em Campo Grande-MS.ISBN: 978-85-7613-195-3<\/p>\n<h5 style=\"text-align: justify;\">___________________.O IAJES e a milit\u00e2ncia Cat\u00f3lica sob a Ditadura Militar (1970-1985) na regi\u00e3o do Alto Paran\u00e1, relat\u00f3rio final elaborado com os resultados da pesquisa, pela PIBIC-CNPq\/ UFMS, publicado nos Anais, da XII Semana de Hist\u00f3ria, intitulada\u00a0 \u201cSaberes hist\u00f3ricos e a sala de aula: di\u00e1logos, converg\u00eancias e diverg\u00eancias, de 14 a 17 de setembro de 2009, na Universidade Federal do Mato Grosso do Sul, campus de Tr\u00eas Lagoas.<\/h5>\n<p style=\"text-align: justify;\">OLIVEIRA, M. E. <strong>O grito aben\u00e7oado da periferia: trajet\u00f3rias e contradi\u00e7\u00f5es do IAJES e dos movimentos populares na Andradina dos anos 1980<\/strong>. Maring\u00e1, 2006. Disserta\u00e7\u00e3o Mestrado em Hist\u00f3ria -Departamento de Hist\u00f3ria, Universidade Estadual de Maring\u00e1. 296 p.<\/p>\n<p style=\"text-align: justify;\">OLIVEIRA, M. E. Entre rezas e resist\u00eancias: o pol\u00edtico se reconfigurando a partir das experi\u00eancias dos movimentos populares e\u00a0 da atua\u00e7\u00e3o da Igreja nos anos 70 e 80. In: <strong>Revista Achegas.net<\/strong><em>.<\/em> n\u00b025, setembro\/outubro 2005. ISSN 1677-8855. Acess\u00edvel em: <a href=\"http:\/\/www.achegas.net\/numero\/vinteecinco\/mariana_esteves_25.htm\">http:\/\/www.achegas.net\/numero\/vinteecinco\/mariana_esteves_25.htm<\/a><\/p>\n<p style=\"text-align: justify;\">OLIVEIRA, M. E. Experi\u00eancias do Pol\u00edtico: Hist\u00f3rias e trajet\u00f3rias de movimentos populares do Iajes na Andradina dos anos 80. In: <strong>Semana De Hist\u00f3ria 2005: O Ensino e a Pesquisa na Constru\u00e7\u00e3o da Hist\u00f3ria<\/strong>, 2006, Tr\u00eas Lagoas. ANAIS: O Ensino E A Pesquisa na Constru\u00e7\u00e3o da Hist\u00f3ria. Campo Grande : Editora UFMS, 2006. v. I. p. 181-197.<\/p>\n<p style=\"text-align: justify;\">OLIVEIRA, M. E. \u201cPol\u00edtica Em Movimento: Trajet\u00f3rias E Contradi\u00e7\u00f5es No Fazer-Se Pol\u00edtico Dos Movimentos Populares Do Iajes Na Andradina Dos Anos 1980\u201d. In: <strong>II Semin\u00e1rio Internacional de Hist\u00f3ria: O espa\u00e7o p\u00fablico: configura\u00e7\u00e3o de olhares<\/strong>, 2006, Maring\u00e1. Anais do II Semin\u00e1rio Internacional de Hist\u00f3ria. Maring\u00e1 : TAC Mutim\u00eddia, 2005. v. I.<\/p>\n<p style=\"text-align: justify;\">OLIVEIRA, M. E. \u201cSeo Z\u00e9 e dona Maria entre Deus e Marx: A luta de Classes no Cotidiano de Enfrentamento, Ora\u00e7\u00f5es e Comemora\u00e7\u00f5es nos Movimentos Populares dos anos 70 e 80\u201d. In: <strong>XXIII Simp\u00f3sio Nacional de Hist\u00f3ria: Hist\u00f3ria: Guerra e Paz<\/strong>, 2005, Londrina. Anais do XXIII Simp\u00f3sio Nacional de Hist\u00f3ria: Hist\u00f3ria: Guerra e Paz [CD-ROM]. Londrina : Editorial M\u00eddia, 2005. v. \u00danico.<\/p>\n<p style=\"text-align: justify;\">OLIVEIRA, M. E. \u201cO IAJES no contexto dos movimentos populares da d\u00e9cada de 1980: A experi\u00eancia de Andradina\u201d. In:<strong>VII Encontro Estadual de Hist\u00f3ria do Mato Grosso do Sul Patrim\u00f4nio Hist\u00f3rico e Cultural: Identidade e Poder<\/strong>, 2004, Campo Grande MS. Patrim\u00f4nio Hist\u00f3rico e Cultural: Identidade e Poder. Campo Grande MS : MKT\/UCDB, 2004.<\/p>\n<p style=\"text-align: justify;\">OLIVEIRA, M. E. \u201cDi\u00e1logos entre a hist\u00f3ria, as ci\u00eancias sociais e a pesquisa emp\u00edrica: para a compreens\u00e3o dos movimentos sociais da Andradina da d\u00e9cada de 1980\u201d. In: <strong>II Semin\u00e1rio de Ci\u00eancias Sociais. Discuss\u00f5es recentes sobre temas das ci\u00eancias sociais<\/strong>, 2004, Maring\u00e1. II Semin\u00e1rio de Ci\u00eancias Sociais. Discuss\u00f5es recentes sobre temas das ci\u00eancias sociais. Maring\u00e1 : Universidade Estadual de Maring\u00e1, 2004. v. unico. p. 98-100.<\/p>\n<p style=\"text-align: justify;\">PEREIRA JR. H. (org). <strong>Giancarlo Oliveri: um homem chamado Jo\u00e3o<\/strong>. Andradina: Novas Formas Editorial, 2006.<\/p>\n<p style=\"text-align: justify;\"><strong>Acesso e Uso<\/strong>: Aberto a consulta, restringindo-se nos casos em que as fontes est\u00e3o se deteriorando. Para alguns documentos \u00e9 permitida a reprodu\u00e7\u00e3o no local.<\/p>\n<p style=\"text-align: justify;\"><strong>Controle de Descri\u00e7\u00e3o: <\/strong>Mariana Esteves de Oliveira e Vitor Wagner Neto de Oliveira<\/p>\n<p><strong>Descritores<\/strong>: [Primeira fase] Loana Cristina Martins do Nascimento, Marciana Santiago de Oliveira, Marcos Sanches da Costa, Caio Vinicius dos Santos, Caroline Cassoli Goncalves. [Segunda fase] Amanda Alves de Fran\u00e7a, Jo\u00e3o Gabriel Batista de Souza, Jos\u00e9 Eduardo Rodrigues da Silva, Karen Rafaela Felipe Nogueira, Kennedy Macedo Quintino, Lohanny Marques Pereira, Lohanny Marques Pereira, Mariane Xavier Da Silva Santos Reis, Lohanny Marques Pereira, Lua Beatriz Luana Maciel.<\/p>\n<p style=\"text-align: justify;\"><strong>Data da descri\u00e7\u00e3o:<\/strong> Maio de 2007 &#8211; dezembro de 2024<\/p>\n<p style=\"text-align: justify;\"><a href=\"#topo\"><img loading=\"lazy\" decoding=\"async\" class=\"alignnone wp-image-333 size-full\" src=\"https:\/\/ndh-cptl.ufms.br\/wp-content\/uploads\/2014\/12\/icone_topo.gif\" alt=\"Voltar ao Topo\" width=\"111\" height=\"34\" \/><\/a><\/p>\n<p style=\"text-align: justify;\"><span style=\"color: #ff0000;\"><strong><em><a name=\"8\"><\/a>8 &#8211; Comiss\u00e3o Pastoral da Terra<\/em><\/strong><\/span><\/p>\n<p style=\"text-align: justify;\"><strong>Identifica\u00e7\u00e3o:<\/strong> Comiss\u00e3o Pastoral da Terra<\/p>\n<p style=\"text-align: justify;\"><strong>C\u00f3digo:<\/strong> CPT<\/p>\n<p style=\"text-align: justify;\"><strong>Datas &#8211; limite:<\/strong> 1977 \u2013 2000.<\/p>\n<p style=\"text-align: justify;\"><strong>Dimens\u00e3o e suportes:<\/strong>\u00a04 caixas arquivo (Impressos e mimeografados).<\/p>\n<p style=\"text-align: justify;\"><strong>Produtores\/Colecionadores:<\/strong> Comiss\u00e3o Pastoral da Terra e Instituto Administrativo Jesus Bom Pastor.<\/p>\n<p style=\"text-align: justify;\"><strong>Hist\u00f3rico:<\/strong> A cria\u00e7\u00e3o da CPT em Tr\u00eas Lagoas coincide com a vinda do Bispo D. Izidoro Kosinski, em 1981, para assumir a condu\u00e7\u00e3o pastoral da diocese. Neste per\u00edodo, j\u00e1 existia a CPT no Mato Grosso do Sul. Preocupado em dinamizar a Pastoral na Diocese, primeiramente convida pessoas do Rio Grande do Sul como Geni Favaro e Luiz Ernesto Branbatti, popular Chico, e pessoas da Diocese, como Dalve Manoel dos Santos e Eg\u00eddio. Esta equipe de agentes inicia o trabalho dando assist\u00eancia pastoral aos ribeirinhos do Rio Paran\u00e1 e atuam na organiza\u00e7\u00e3o dos Sem Terra da Regi\u00e3o. Em 1983 ocorre a grande enchente do rio Paran\u00e1 e a CPT direciona os trabalhos para defender as reivindica\u00e7\u00f5es dos flagelados e dos atingidos pela barragem de Porto Primavera, numa luta que perdurou pelos pr\u00f3ximos 20 anos. Ao mesmo tempo, continua com a organiza\u00e7\u00e3o dos Sem Terra, motivando e assessorando na funda\u00e7\u00e3o dos Sindicatos de Trabalhadores Rurais da Regi\u00e3o do Bols\u00e3o. Tamb\u00e9m em 1983, o bispo convida o Instituto Administrativo Jesus Bom Pastor (IAJES) de Andradina-SP para abrir uma frente de trabalho da Pastoral Social na Diocese de Tr\u00eas Lagoas. Transferem-se para a Diocese o casal Jo\u00e3o Carlos e Bel e, em 1985, chega a agente de pastoral Belkiss. As pessoas vindas de Andradina mantiveram a aproxima\u00e7\u00e3o forte de seus trabalhos em Tr\u00eas Lagoas com a linha dos trabalhos da Pastoral Social de Andradina desenvolvida pelo IAJES e ao mesmo tempo, com la\u00e7os muito estreitos com o grupo da CPT diocesana, inclusive com seus escrit\u00f3rios funcionando num mesmo pr\u00e9dio.<\/p>\n<p style=\"text-align: justify;\">A CPT intensifica seus trabalhos na assessoria aos ribeirinhos, na estrutura\u00e7\u00e3o dos sem Terra e na funda\u00e7\u00e3o dos Sindicatos de Trabalhadores Rurais da regi\u00e3o, com a inclus\u00e3o de novos agentes nos seus quadros funcionais. Tanto a equipe da Pastoral Social como a equipe da CPT, durante os dez anos que desenvolveram suas atividades na diocese, sempre receberam o apoio da Diocese na pessoa do Bispo d. Izidoro e de alguns padres e religiosas, a ponto de estarem inclu\u00eddas por um tempo como prioridade nos Planos Pastorais da Diocese. Neste per\u00edodo, ano de 1986, a diocese alcan\u00e7ou reconhecimento no estado de Mato Grosso do Sul e em \u00e2mbito nacional, como uma diocese com uma atua\u00e7\u00e3o pastoral muito avan\u00e7ada, principalmente por suas posi\u00e7\u00f5es em defesa dos Sem Terra.<\/p>\n<p style=\"text-align: justify;\">Em resposta a esta pr\u00e1tica se inicia uma rea\u00e7\u00e3o conservadora, inclusive via imprensa, contra os agentes e o pr\u00f3prio bispo d. Izidoro. A persegui\u00e7\u00e3o aos agentes da Pastoral da Terra, aos agentes da Pastoral Social e ao bispo diocesano era constante, chegando a agress\u00f5es f\u00edsicas a d. Izidoro.<\/p>\n<p style=\"text-align: justify;\">Em vista de press\u00f5es, at\u00e9 internas da pr\u00f3pria Diocese, contra esta linha de pastoral adotada pela Igreja de Tr\u00eas Lagoas, o bispo encerra os trabalhos das pastorais em 1992. Por um tempo, a CPT deixa de atuar na regi\u00e3o, recome\u00e7ando a partir de 1995, sem v\u00ednculo nenhum com a Diocese de Tr\u00eas Lagoas e relacionando-se pastoralmente e juridicamente com a CPT Regional-MS. Nesta fase, os trabalhos s\u00e3o realizados por apenas um agente e direcionados ao acompanhamento das fam\u00edlias atingidas pela barragem de Porto Primavera (oleiros, pescadores, agricultores e assalariados rurais) e com a Sub-Comiss\u00e3o de Investiga\u00e7\u00e3o do Trabalho Escravo nas Carvoarias e Destilarias. Em 2000, na medida que as fam\u00edlias ribeirinhas v\u00e3o sendo minimamente atendidas em suas reivindica\u00e7\u00f5es, a CPT retoma o trabalho de acompanhamento da luta dos sem terra e de apoio na luta pela terra na regi\u00e3o, de modo especial em Selv\u00edria e Santa Rita do Pardo. Em Tr\u00eas Lagoas, participou da luta dos produtores do Cintur\u00e3o Verde, na transforma\u00e7\u00e3o da antiga \u00e1rea industrial em assentamento de produtores de hortifruticultura.<\/p>\n<p style=\"text-align: justify;\"><strong>Fontes:<\/strong> Relato de Mieceslau Kudlavicz<\/p>\n<p style=\"text-align: justify;\"><strong>Proced\u00eancia:<\/strong> Sob a guarda do agente da CPT local, Mieceslau Kudlavcz, a documenta\u00e7\u00e3o foi cedida ao N\u00facleo em dois momentos.<\/p>\n<p style=\"text-align: justify;\"><strong>Data da Aquisi\u00e7\u00e3o<\/strong>: em setembro de 2006, maio de 2007; abril de 2009 e 2017.<\/p>\n<p style=\"text-align: justify;\"><strong>Conte\u00fado:<\/strong> cole\u00e7\u00f5es de resenhas da imprensa; jornais; relat\u00f3rios; cartilhas; campanhas; projetos; quest\u00e3o agr\u00e1ria; luta pela terra; atingidos por barragens; Tr\u00eas Lagoas-MS; Brasil\u00e2ndia-MS; Castilho-SP e Andradina-SP.<\/p>\n<p style=\"text-align: justify;\"><strong>Sistema de Classifica\u00e7\u00e3o<\/strong>: A documenta\u00e7\u00e3o foi agrupada por temas, respeitando a l\u00f3gica origin\u00e1ria.<\/p>\n<p style=\"text-align: justify;\"><strong>Idiomas:<\/strong> Portugu\u00eas-BRA<\/p>\n<p style=\"text-align: justify;\"><strong><a href=\"https:\/\/ndh-cptl.ufms.br\/wp-content\/uploads\/2026\/02\/CPT_dezembro_2025.pdf\" target=\"_blank\" rel=\"noopener\">Instrumentos de pesquisa<\/a>:<\/strong> Rela\u00e7\u00e3o do acervo com descri\u00e7\u00e3o de conte\u00fado, identificando grupos, subgrupos, s\u00e9ries e subs\u00e9ries.<\/p>\n<p style=\"text-align: justify;\"><strong>Grupos relacionados:<\/strong> IAJES; Partido dos Trabalhadores; Sindicato dos Trabalhadores em Empresas Ferrovi\u00e1rias de Bauru e Mato Grosso do Sul; Prefeitura Municipal de Tr\u00eas Lagoas.<\/p>\n<p style=\"text-align: justify;\"><strong>Acesso e Uso<\/strong>: Aberto a consulta, restringindo-se nos casos em que as fontes est\u00e3o se deteriorando. Para alguns documentos \u00e9 permitida a reprodu\u00e7\u00e3o no local.<\/p>\n<p style=\"text-align: justify;\"><strong>Controle da descri\u00e7\u00e3o<\/strong>: Vitor Wagner Neto de Oliveira<\/p>\n<p style=\"text-align: justify;\"><strong>Data da descri\u00e7\u00e3o:<\/strong> Junho de 2007.<\/p>\n<p style=\"text-align: justify;\"><a href=\"#topo\"><img loading=\"lazy\" decoding=\"async\" class=\"alignnone wp-image-333 size-full\" src=\"https:\/\/ndh-cptl.ufms.br\/wp-content\/uploads\/2014\/12\/icone_topo.gif\" alt=\"Voltar ao Topo\" width=\"111\" height=\"34\" \/><\/a><\/p>\n<p style=\"text-align: justify;\"><span style=\"color: #ff0000;\"><strong><em><a name=\"9\"><\/a>9 &#8211; Sindicato dos Trabalhadores em Empresas Ferrovi\u00e1rias de Baur\u00fa e Mato Grosso do Sul<\/em><\/strong><\/span><\/p>\n<p style=\"text-align: justify;\"><span style=\"color: #000000;\"><strong>Identifica\u00e7\u00e3o: <\/strong>Sindicato dos Trabalhadores em Empresas Ferrovi\u00e1rias de Bauru e Mato Grosso do Sul<strong>\u00a0<\/strong><\/span><\/p>\n<p style=\"text-align: justify;\"><strong>C\u00f3digo: <\/strong>STEFBMS<\/p>\n<p style=\"text-align: justify;\"><strong>Datas &#8211; limite:<\/strong> 1989 a 1999.<\/p>\n<p style=\"text-align: justify;\"><strong>Dimens\u00e3o e suportes:<\/strong> 3 caixas arquivo ou 1 metro linear.<\/p>\n<p style=\"text-align: justify;\"><strong>Produtores\/Colecionadores:<\/strong> Sindicato dos Trabalhadores em Empresas Ferrovi\u00e1rias de Bauru e Mato Grosso do Sul<\/p>\n<p style=\"text-align: justify;\"><strong>Hist\u00f3rico:<\/strong> Os trabalhadores ferrovi\u00e1rios foram uma das primeiras categorias a se mobilizar por melhores condi\u00e7\u00f5es de vida e trabalho em Mato Grosso. Existem registros de mobiliza\u00e7\u00f5es j\u00e1 em 1910, durante a constru\u00e7\u00e3o da linha f\u00e9rrea no Pantanal matogrossense e greve em 1912, durante a opera\u00e7\u00e3o do primeiro trecho entre Bauru e Tr\u00eas lagoas.<\/p>\n<p style=\"text-align: justify;\">Em Aquidauana, por exemplo, h\u00e1 ind\u00edcios de organiza\u00e7\u00e3o sindical da categoria em 1919. Todavia, como sindicato \u00fanico em toda a rede Noroeste, aparece na primeira metade da d\u00e9cada de 1930 o Sindicato dos Empregados e Oper\u00e1rios da Estrada de Ferro Noroeste do Brasil.<\/p>\n<p style=\"text-align: justify;\">No per\u00edodo ditatorial militar a denomina\u00e7\u00e3o foi trocada para Associa\u00e7\u00e3o Ferrovi\u00e1ria e voltou a se denominar Sindicato dos Trabalhadores em Empresas Ferrovi\u00e1rias de Bauru e Mato Grosso do Sul, ap\u00f3s a ditadura, com diretores em cidades por onde passam os trilhos.<\/p>\n<p style=\"text-align: justify;\"><strong>Fontes:<\/strong> QUEIR\u00d3Z, P. R. C. <strong>Uma ferrovia entre dois mundos: A E. F. Noroeste do Brasil na primeira metade do s\u00e9culo 20<\/strong>. Bauru: EDUSC; Campo Grande: UFMS, 2004.<\/p>\n<p style=\"text-align: justify;\">OLIVEIRA, V. W. N. de. <strong>Entre o Prata e Mato Grosso: uma viagem pelo mundo do trabalho mar\u00edtimo de 1910 a1930. (Buenos Aires, Montevid\u00e9u, Assun\u00e7\u00e3o e Corumb\u00e1)<\/strong>. (Tese de Doutorado em Hist\u00f3ria). Campinas: IFCH\/UNICAMP, 2006.<\/p>\n<p style=\"text-align: justify;\"><strong>Proced\u00eancia:<\/strong> Em meados de 2006, os graduandos do curso de hist\u00f3ria Jos\u00e9 Miguel Garnica J\u00fanior e Igor Fernando Tim, por interm\u00e9dio dos tamb\u00e9m graduandos Vitor Valentim e Alan da Silva Junqueira, procuraram o Sindicato dos Ferrovi\u00e1rios em busca de documentos que viessem a complementar o acervo de documenta\u00e7\u00e3o hist\u00f3rica do N\u00facleo de Documenta\u00e7\u00e3o da UFMS. Encontraram documentos guardados em condi\u00e7\u00f5es prec\u00e1rias e de m\u00e1 conserva\u00e7\u00e3o que foram doados ao N\u00facleo pelo presidente do Sindicato, por interm\u00e9dio do professor Vitor Wagner Neto de Oliveira. Ap\u00f3s pr\u00e9-sele\u00e7\u00e3o os documentos foram transportados para o N\u00facleo.<\/p>\n<p style=\"text-align: justify;\"><strong>Data da Aquisi\u00e7\u00e3o<\/strong>: Setembro\/2006<br \/><strong><br \/>Conte\u00fado:<\/strong> <strong><em>Caixa I<\/em><\/strong>: cont\u00e9m os seguintes tipos documentais: campanha salarial 98\/99; admiss\u00e3o e aposentadoria de funcion\u00e1rios da NOB; Acordo Coletivo de Trabalho; apura\u00e7\u00e3o de infra\u00e7\u00e3o disciplinar; Leis Trabalhistas; F\u00f3rum Inter-sindical; Previd\u00eancia Social; fotos de acidente na ferrovia. <strong><em>Caixa II<\/em><\/strong>: Circulares 1993\/1996; rela\u00e7\u00e3o de aposentadorias 1990\/1993; Primeiro Congresso Nacional de Maquinistas Ferrovi\u00e1rios; finan\u00e7as; apura\u00e7\u00e3o de irregularidades; resolu\u00e7\u00f5es da diretoria; fax diversos. <strong><em>Caixa III<\/em><\/strong>: Recortes de jornais diversos\/1997; impressos diversos; dossi\u00eas do acidente de Vacaria; correspond\u00eancias diversas.<\/p>\n<p style=\"text-align: justify;\"><strong>Sistema de Classifica\u00e7\u00e3o<\/strong>: A documenta\u00e7\u00e3o foi encontrada em uma organiza\u00e7\u00e3o pr\u00f3pria do Sindicato, que assim foi mantida, apenas divida em tr\u00eas caixas.<strong>\u00a0<\/strong><\/p>\n<p style=\"text-align: justify;\"><strong>Idiomas:<\/strong> Portugu\u00eas &#8211; BRA.<\/p>\n<p style=\"text-align: justify;\"><a href=\"https:\/\/ndh-cptl.ufms.br\/wp-content\/uploads\/2014\/12\/STEFBMS.pdf\" target=\"_blank\" rel=\"noopener\"><strong>Instrumentos de pesquisa:<\/strong><\/a> Rela\u00e7\u00e3o do acervo com descri\u00e7\u00e3o de conte\u00fado, identificando grupos, subgrupos, s\u00e9ries e subs\u00e9ries.<\/p>\n<p style=\"text-align: justify;\"><strong>Grupos relacionados:<\/strong> Noroeste do Brasil; Peri\u00f3dicos; Barrageiros.<strong>\u00a0<\/strong><\/p>\n<p style=\"text-align: justify;\"><strong>Acesso e Uso<\/strong>: Aberto a consulta, restringindo-se nos casos em que as fontes est\u00e3o se deteriorando. Para alguns documentos \u00e9 permitida a reprodu\u00e7\u00e3o no local.<\/p>\n<p style=\"text-align: justify;\"><strong>Controle da descri\u00e7\u00e3o: <\/strong>Alan da Silva Junqueira, Jos\u00e9 Miguel Garnica J\u00fanior e Vitor Wagner Neto de Oliveira.<br \/><strong>\u00a0<\/strong><\/p>\n<p style=\"text-align: justify;\"><strong>Data da descri\u00e7\u00e3o:<\/strong> Junho de 2007.<\/p>\n<p style=\"text-align: justify;\"><a href=\"#topo\"><img loading=\"lazy\" decoding=\"async\" class=\"alignnone wp-image-333 size-full\" src=\"https:\/\/ndh-cptl.ufms.br\/wp-content\/uploads\/2014\/12\/icone_topo.gif\" alt=\"Voltar ao Topo\" width=\"111\" height=\"34\" \/><\/a><\/p>\n<p style=\"text-align: justify;\"><span style=\"color: #ff0000;\"><em><strong><a name=\"10\"><\/a>10 &#8211; Sindicato dos Trabalhadores em educa\u00e7\u00e3o de Tr\u00eas Lagoas e Selviria<\/strong><\/em><\/span><\/p>\n<p style=\"text-align: justify;\"><strong>Identifica\u00e7\u00e3o: <\/strong>Sindicato dos Trabalhadores em Educa\u00e7\u00e3o de Tr\u00eas Lagoas e Selv\u00edria<\/p>\n<p style=\"text-align: justify;\"><strong>C\u00f3digo: <\/strong>SINTED<\/p>\n<p style=\"text-align: justify;\"><strong>Datas &#8211; limite:<\/strong> 1950 a 2006<\/p>\n<p style=\"text-align: justify;\"><strong>Dimens\u00e3o e suportes:<\/strong> S\u00e3o 30 caixas arquivos, contendo os seguintes subgrupos: CNTE &#8211; Confedera\u00e7\u00e3o Nacional dos Trabalhadores em Educa\u00e7\u00e3o, FETEMS &#8211; Federa\u00e7\u00e3o Estadual dos Trabalhadores em Educa\u00e7\u00e3o do Estado do Mato Grosso do Sul, SED-MS Secretaria Estadual de Educa\u00e7\u00e3o do Mato Grosso do Sul e SED\u2013TL Secretaria Municipal de Educa\u00e7\u00e3o de Tr\u00eas Lagoas.<\/p>\n<p style=\"text-align: justify;\"><strong>Produtores\/Colecionadores:<\/strong> SINTED, CNTE, FETEMS, SED-MS e SED-TL<\/p>\n<p style=\"text-align: justify;\"><strong>Hist\u00f3rico:<\/strong> A Associa\u00e7\u00e3o Tr\u00eas-lagoense de Professores teve seu in\u00edcio, aproximadamente, em 1975, na Escola T\u00e9cnica de Contabilidade. Faziam parte desse movimento n\u00e3o s\u00f3 os professores da Escola T\u00e9cnica como os demais integrantes do magist\u00e9rio.<\/p>\n<p style=\"text-align: justify;\">A luta pelo fortalecimento da associa\u00e7\u00e3o contou com o apoio de professores da rede municipal, sendo parte fundamental da cria\u00e7\u00e3o da Federa\u00e7\u00e3o do Professores do Mato Grosso do Sul-FEPROSUL. A partir de ent\u00e3o o movimento foi se fortalecendo cada vez mais, resultando no surgimento do Sindicato dos trabalhadores em Educa\u00e7\u00e3o\u2013SINTED.<\/p>\n<p style=\"text-align: justify;\"><strong>Fontes<\/strong>: A partir de documento redigido por um membro do sindicato no ano de 1980.<\/p>\n<p style=\"text-align: justify;\"><strong>Proced\u00eancia:<\/strong> Os documentos ficam sob a guarda do SINTED, na rua Zuleide Perez Tabox, 386, centro de Tr\u00eas Lagoas.<\/p>\n<p style=\"text-align: justify;\"><strong>Data da aquisi\u00e7\u00e3o: <\/strong>Fevereiro de 2007.<\/p>\n<p style=\"text-align: justify;\"><strong>Conte\u00fado: <\/strong>Esse acervo possui as seguintes tipologias documentais: atas, cartas, convites, circular, cartazes, convoca\u00e7\u00e3o, di\u00e1rio oficial, documentos financeiros, decretos, faixas, ficha de filia\u00e7\u00e3o e desfilia\u00e7\u00e3o, di\u00e1rio oficial do Estado, lista de participa\u00e7\u00e3o em eventos, of\u00edcios recebidos e expedidos, peri\u00f3dicos, recibos e requerimentos.<strong>\u00a0<\/strong><\/p>\n<p style=\"text-align: justify;\"><strong>Idiomas:<\/strong> Portugu\u00eas-BRA<strong>\u00a0<\/strong><\/p>\n<p style=\"text-align: justify;\"><a href=\"https:\/\/ndh-cptl.ufms.br\/wp-content\/uploads\/2014\/12\/SINTED.pdf\" target=\"_blank\" rel=\"noopener\"><strong>Instrumentos de pesquisa:<\/strong><\/a> Rela\u00e7\u00e3o do acervo com descri\u00e7\u00e3o de conte\u00fado, identificando grupos, subgrupos, s\u00e9ries e subs\u00e9ries.<\/p>\n<p style=\"text-align: justify;\"><strong>Grupos relacionados: <\/strong>Arquivo da palavra; Noroeste do Brasil; Universidade Federal do Mato Grosso do Sul; Prefeitura de Tr\u00eas Lagoas; Hon\u00f3rio de Souza Carneiro; Movimento Estudantil; Sindicato dos Trabalhadoresem Empresas Ferrovi\u00e1rias de Bauru e Mato Grosso do Sul e Barrageiros.<\/p>\n<p style=\"text-align: justify;\"><strong>Acesso e Uso<\/strong>: Os documentos, sob a guarda do Sindicato na Rua Zuleide Perez Tabox, 386, centro de Tr\u00eas Lagoas, s\u00e3o de f\u00e1cil acesso e disponibilizados para consultas, c\u00f3pias e reprodu\u00e7\u00f5es, todavia, o manuseio dos documentos est\u00e1 sujeitos a autoriza\u00e7\u00e3o do SINTED.<\/p>\n<p style=\"text-align: justify;\"><strong>Controle da descri\u00e7\u00e3o<\/strong>: Dennis Rodrigo Damasceno Fernandes e Giani Vendramel de Oliveira.<\/p>\n<p style=\"text-align: justify;\"><strong>Data da descri\u00e7\u00e3o:<\/strong> Junho de 2007.<\/p>\n<p style=\"text-align: justify;\"><a href=\"#topo\"><img loading=\"lazy\" decoding=\"async\" class=\"alignnone wp-image-333 size-full\" src=\"https:\/\/ndh-cptl.ufms.br\/wp-content\/uploads\/2014\/12\/icone_topo.gif\" alt=\"Voltar ao Topo\" width=\"111\" height=\"34\" \/><\/a><\/p>\n<p style=\"text-align: justify;\"><span style=\"color: #ff0000;\"><em><strong><a name=\"11\"><\/a>11 &#8211; Partido dos Trabalhadores<\/strong><\/em><\/span><\/p>\n<p style=\"text-align: justify;\"><span style=\"color: #000000;\"><strong>Identifica\u00e7\u00e3o:<\/strong> Partido dos Trabalhadores<\/span><\/p>\n<p style=\"text-align: justify;\"><strong>C\u00f3digo: <\/strong>PT<\/p>\n<p style=\"text-align: justify;\"><strong>Datas &#8211; limite:<\/strong> 1986\u20132002<\/p>\n<p style=\"text-align: justify;\"><strong>Dimens\u00e3o e suportes:<\/strong> 2 caixas arquivo. Impressos, digitados e manuscritos.<\/p>\n<p style=\"text-align: justify;\"><strong>Colecionadores:<\/strong> Diret\u00f3rio Municipal do Partido dos Trabalhadores em Tr\u00eas Lagoas<\/p>\n<p style=\"text-align: justify;\"><strong>Hist\u00f3rico:<\/strong> O Partido dos Trabalhadores existe em Tr\u00eas Lagoas desde ao menos 1982, quando lan\u00e7am candidatos pela primeira vez, ainda como diret\u00f3rio provis\u00f3rio. Neste in\u00edcio, seus militantes atuam, concomitantemente, nos movimentos sociais da cidade e regi\u00e3o, especialmente ligados \u00e0 Igreja Cat\u00f3lica, como a Comiss\u00e3o Pastoral da Terra e o Instituto Administrativo Jesus Bom Pastor. Acompanhando o contexto de retomada dos movimentos populares de base, essas organiza\u00e7\u00f5es se tornam refer\u00eancia nas lutas sociais no Mato Grosso do Sul e Oeste de S\u00e3o Paulo, influenciando no fortalecimento do PT local. Na primeira metade da d\u00e9cada de 1990, o PT chega a eleger vereadores, mas, diferente de outras localidades do Estado onde se verifica uma ascens\u00e3o eleitoral do Partido, levando inclusive \u00e0 elei\u00e7\u00e3o do governador, em Tr\u00eas Lagoas o Partido perde espa\u00e7o eleitoral. Coincidindo com esse processo, a segunda metade da d\u00e9cada de 1990 e os anos 2000, marcam, tamb\u00e9m, o decl\u00ednio das atividades de base da CPT e do IAJES.<\/p>\n<p style=\"text-align: justify;\"><strong>Proced\u00eancia:<\/strong> Diret\u00f3rio Municipal do Partido dos Trabalhadores em Tr\u00eas lagoas<strong>\u00a0<\/strong><\/p>\n<p style=\"text-align: justify;\"><strong>Data da aquisi\u00e7\u00e3o<\/strong>: 2006.<strong>\u00a0<\/strong><\/p>\n<p style=\"text-align: justify;\"><strong>Conte\u00fado: <\/strong>lista de filiados, fichas de filiados, circulares, c\u00f3pias de atas de reuni\u00f5es do diret\u00f3rio municipal, convoca\u00e7\u00e3o para reuni\u00e3o, convites, recortes de imprensa, campanhas, elei\u00e7\u00f5es, mapas de apura\u00e7\u00e3o de elei\u00e7\u00f5es, panfletos, relat\u00f3rios, finan\u00e7as.<\/p>\n<p style=\"text-align: justify;\"><strong>Sistema de Classifica\u00e7\u00e3o<\/strong>: A documenta\u00e7\u00e3o foi agrupada por temas, respeitando a l\u00f3gica origin\u00e1ria.<strong>\u00a0<\/strong><\/p>\n<p style=\"text-align: justify;\"><strong>Idiomas:<\/strong> Portugu\u00eas-BRA<strong>\u00a0<\/strong><\/p>\n<p style=\"text-align: justify;\"><strong><a href=\"https:\/\/ndh-cptl.ufms.br\/wp-content\/uploads\/2026\/02\/PT_dezembro_2025.pdf\" target=\"_blank\" rel=\"noopener\">Instrumentos de pesquisa<\/a>:<\/strong> Rela\u00e7\u00e3o do acervo com descri\u00e7\u00e3o de conte\u00fado, identificando grupos, subgrupos, s\u00e9ries e subs\u00e9ries.<\/p>\n<p style=\"text-align: justify;\"><strong>Grupos relacionados: <\/strong>Arquivo da palavra; Noroeste do Brasil; Universidade Federal do Mato Grosso do Sul; Prefeitura de Tr\u00eas Lagoas; Hon\u00f3rio de Souza Carneiro; Movimento Estudantil; Sindicato dos Trabalhadores em Empresas Ferrovi\u00e1rias de Bauru e Mato Grosso do Sul e Barrageiros.<\/p>\n<p style=\"text-align: justify;\"><strong>Acesso e Uso<\/strong>: Aberto a consulta, restringindo-se nos casos em que as fontes est\u00e3o se deteriorando. Para alguns documentos \u00e9 permitida a reprodu\u00e7\u00e3o no local.<\/p>\n<p style=\"text-align: justify;\"><strong>Controle da descri\u00e7\u00e3o<\/strong>: Vitor Wagner Neto de Oliveira.<\/p>\n<p style=\"text-align: justify;\"><strong>Data da descri\u00e7\u00e3o:<\/strong> Junho de 2007.<\/p>\n<p style=\"text-align: justify;\"><a href=\"#topo\"><img loading=\"lazy\" decoding=\"async\" class=\"alignnone wp-image-333 size-full\" src=\"https:\/\/ndh-cptl.ufms.br\/wp-content\/uploads\/2014\/12\/icone_topo.gif\" alt=\"Voltar ao Topo\" width=\"111\" height=\"34\" \/><\/a><\/p>\n<p style=\"text-align: justify;\"><span style=\"color: #ff0000;\"><strong><em><a name=\"12\"><\/a>12 &#8211; Universidade Federal de Mato Grosso do Sul<\/em><\/strong><\/span><\/p>\n<p style=\"text-align: justify;\"><strong>Identifica\u00e7\u00e3o: <\/strong>Universidade Federal de Mato Grosso do Sul<\/p>\n<p style=\"text-align: justify;\"><strong>C\u00f3digo: <\/strong>UFMS<strong>\u00a0<\/strong><\/p>\n<p style=\"text-align: justify;\"><strong>Datas &#8211; limite:<\/strong> abril de 1962 \u2013 2006<\/p>\n<p style=\"text-align: justify;\"><strong>Dimens\u00e3o e suportes:<\/strong> 49 caixas arquivos ou 11 metros lineares, separados por subgrupos.<\/p>\n<p style=\"text-align: justify;\"><strong>Produtores\/Colecionadores:<\/strong> Universidade Federal de Mato Grosso do Sul, Campus de Tr\u00eas Lagoas; Centro Acad\u00eamico de Hist\u00f3ria; Diret\u00f3rio Setorial dos Estudantes; Associa\u00e7\u00e3o Docente da Universidade Federal de Mato Grosso do Sul.<\/p>\n<p style=\"text-align: justify;\"><strong>Hist\u00f3rico:<\/strong> A Universidade Federal de Mato Grosso do Sul teve sua origem no ano de 1962, com a cria\u00e7\u00e3o da Faculdade de Farm\u00e1cia e Odontologia, na cidade de Campo Grande, a qual tornar-se-ia o embri\u00e3o do ensino p\u00fablico superior no sul do ent\u00e3o Estado de Mato Grosso.<\/p>\n<p style=\"text-align: justify;\">No ano de 1967, o Governo do Estado criou em Corumb\u00e1 o Instituto Superior de Pedagogia e, em Tr\u00eas Lagoas, o Instituto de Ci\u00eancias Humanas e Letras, ampliando, com isso, a rede p\u00fablica estadual de ensino superior.<\/p>\n<p style=\"text-align: justify;\">Integrando os Institutos de Campo Grande, Corumb\u00e1 e Tr\u00eas Lagoas, a Lei Estadual n\u00ba. 2.947, de 16 de setembro de 1969, criou a Universidade Estadual de Mato Grosso. Com a divis\u00e3o do Estado de Mato Grosso, foi concretizada a federaliza\u00e7\u00e3o da institui\u00e7\u00e3o que passou a denominar-se Funda\u00e7\u00e3o Universidade Federal de Mato Grosso do Sul, pela Lei Federal n\u00ba. 6.674, de 5 de julho de 1979.<\/p>\n<p style=\"text-align: justify;\">O Campus Universit\u00e1rio de Tr\u00eas Lagoas-CPTL foi fundado em 1970, como Instituto Superior de Pedagogia, Instituto Isolado da Universidade de Mato Grosso. Com a cria\u00e7\u00e3o do estado de Mato Grosso do Sul, o Campus tornou-se parte da Universidade Federal de Mato Grosso do Sul.<\/p>\n<p style=\"text-align: justify;\">O Curso de Hist\u00f3ria do CPTL foi criado em abril de 1970 e implantado no 1<sup>o<\/sup> semestre desse ano pelo Conselho Estadual de Educa\u00e7\u00e3o do Estado de Mato Grosso do Sul.\u00a0 Desde ent\u00e3o tem funcionado de forma regular, embora em certo per\u00edodo (final dos anos setenta e in\u00edcio dos anos oitenta) tenha sido transformado, juntamente com o Curso de Geografia, na Licenciatura curta de Estudos Sociais, e uma complementa\u00e7\u00e3o para forma\u00e7\u00e3o em Educa\u00e7\u00e3o Moral e C\u00edvica.<\/p>\n<p style=\"text-align: justify;\">Atualmente o curso de Hist\u00f3ria do CPTL faz parte do Departamento de Ci\u00eancias Humanas, juntamente com o curso de Geografia.<strong>\u00a0<\/strong><\/p>\n<p style=\"text-align: justify;\"><strong>Fontes:<\/strong> Projeto Pedag\u00f3gico do Curso de Hist\u00f3ria da UFMS-CPTL.<\/p>\n<p style=\"text-align: justify;\"><strong>Proced\u00eancia:<\/strong> Administra\u00e7\u00e3o setorial da UFMS; Diret\u00f3rio Setorial dos Estudantes; Centro Acad\u00eamico de Hist\u00f3ria e Associa\u00e7\u00e3o dos Docentes da Universidade Federal de Mato Grosso do Sul.<strong>\u00a0<\/strong><\/p>\n<p style=\"text-align: justify;\"><strong>Data da Aquisi\u00e7\u00e3o<\/strong>: Fluxo cont\u00ednuo, desde a d\u00e9cada de 1990.<\/p>\n<p style=\"text-align: justify;\"><strong>Conte\u00fado:<\/strong> <strong><em>Subgrupo administra\u00e7\u00e3o setorial<\/em><\/strong><em>:<\/em> compreende os documentos produzidos pela UFMS unidade de Tr\u00eas Lagoas ou pela Administra\u00e7\u00e3o central em Campo Grande, mas referentes a unidade de Tr\u00eas Lagoas: processos de implementa\u00e7\u00e3o de cursos, resolu\u00e7\u00f5es, of\u00edcios, circulares, memorandos, portarias, atas do conselho de centro, solicita\u00e7\u00f5es, procura\u00e7\u00e3o, ordem de servi\u00e7o, boletim de servi\u00e7o. <strong><em>Subgrupo curso de Hist\u00f3ria<\/em><\/strong>: resolu\u00e7\u00f5es, projetos de extens\u00e3o, projetos de pesquisa, ficha de controle acad\u00eamico, ficha curricular, di\u00e1rios de classe, circulares, especializa\u00e7\u00e3o em hist\u00f3ria, of\u00edcios. <strong><em>Subgrupo Movimento Estudantil<\/em><\/strong>: atas, editais de convoca\u00e7\u00e3o, panfletos, cartazes, informativos, notas de imprensa, projetos de extens\u00e3o, elei\u00e7\u00f5es, eventos culturais, peri\u00f3dicos, liminares, estatuto DCE, regulamenta\u00e7\u00e3o da profiss\u00e3o de historiador, portarias, of\u00edcios, circulares, editais. <strong><em>Subgrupo Sindical<\/em><\/strong>: edital de convoca\u00e7\u00e3o de assembl\u00e9ias, campanhas salariais, cartazes, greves, of\u00edcios, circulares, recortes de imprensa, finan\u00e7as. <strong><em>Subgrupo curso de Geografia<\/em><\/strong>: Plano de a\u00e7\u00e3o; Estrutura curricular (1995);<strong><em>Subgrupo Departamento de Ci\u00eancias Humanas<\/em><\/strong>: Comunica\u00e7\u00f5es internas; correspond\u00eancias; atas; of\u00edcios boletins; planos.<strong><em>Subgrupo Informativos<\/em><\/strong>: Informativos; boletins; convites.<strong>\u00a0<\/strong><\/p>\n<p style=\"text-align: justify;\"><strong>Sistema de Classifica\u00e7\u00e3o<\/strong>: Dividido em subgrupos tem\u00e1ticos.<strong>\u00a0<\/strong><\/p>\n<p style=\"text-align: justify;\"><strong>Idiomas:<\/strong> Portugu\u00eas \u2013 BRA<\/p>\n<p style=\"text-align: justify;\"><strong>I<\/strong><strong>nstrumentos d<\/strong><strong>e pesquisa:<\/strong> <a href=\"https:\/\/ndh-cptl.ufms.br\/wp-content\/uploads\/2026\/02\/UFMS_dezembro_2025.pdf\" target=\"_blank\" rel=\"noopener\">Rela\u00e7\u00e3o do acervo<\/a> com descri\u00e7\u00e3o de conte\u00fado, identificando grupos, subgrupos, s\u00e9ries e subs\u00e9ries. <a href=\"https:\/\/ndh-cptl.ufms.br\/wp-content\/uploads\/2026\/02\/UFMS_EVENTOS-HISTORIA_12_2025.pdf\" target=\"_blank\" rel=\"noopener\">Tabela<\/a> descritiva de material de eventos do Curso de Hist\u00f3ria.<\/p>\n<p style=\"text-align: justify;\"><strong>Grupos relacionados: <\/strong>Corpo Docente de Hist\u00f3ria.<\/p>\n<p style=\"text-align: justify;\"><strong>Acesso e Uso<\/strong>: Aberto a consulta, restringindo-se nos casos em que as fontes est\u00e3o se deteriorando. Para alguns documentos \u00e9 permitida a reprodu\u00e7\u00e3o no local.<\/p>\n<p style=\"text-align: justify;\"><strong>Controle da descri\u00e7\u00e3o<\/strong>: Ana Laura Begnhossi, Lays Matias Mazoti, Shesman Augusto Campache, Thalita da Silva Gon\u00e7alves,\u00a0Nelson Jose Chiericci Junior e Vitor Wagner Neto de Oliveira.<\/p>\n<p style=\"text-align: justify;\"><strong>Data da descri\u00e7\u00e3o:<\/strong> Junho de 2007.<\/p>\n<p style=\"text-align: justify;\"><a href=\"#topo\"><img loading=\"lazy\" decoding=\"async\" class=\"alignnone wp-image-333 size-full\" src=\"https:\/\/ndh-cptl.ufms.br\/wp-content\/uploads\/2014\/12\/icone_topo.gif\" alt=\"Voltar ao Topo\" width=\"111\" height=\"34\" \/><\/a><\/p>\n<p style=\"text-align: justify;\"><span style=\"color: #ff0000;\"><em><strong><a name=\"13\"><\/a>13 &#8211; Corpo Docente de Hist\u00f3ria<\/strong><\/em><\/span><\/p>\n<p style=\"text-align: justify;\"><strong>Identifica\u00e7\u00e3o: <\/strong>Corpo Docente de Hist\u00f3ria<\/p>\n<p style=\"text-align: justify;\"><strong>C\u00f3digo: <\/strong>CDH<\/p>\n<p style=\"text-align: justify;\"><strong>Datas \u2013 limite: <\/strong>1914 &#8211; 2009<\/p>\n<p style=\"text-align: justify;\"><strong>Dimens\u00e3o e suportes:<\/strong>\u00a042 caixas arquivo ou 10 metros lineares, separados por subgrupos.<\/p>\n<p style=\"text-align: justify;\"><strong>Produtores\/Colecionadores: <\/strong>Curso de Hist\u00f3ria<\/p>\n<p style=\"text-align: justify;\"><strong>Hist\u00f3rico: <\/strong>O grupo \u00e9 composto dos acervos particulares dos professores do Curso de Hist\u00f3ria, resultado da atua\u00e7\u00e3o acad\u00eamica e pol\u00edtica dos mesmos.<strong>\u00a0<\/strong><\/p>\n<p style=\"text-align: justify;\"><strong><br \/>Proced\u00eancia:<\/strong> Arquivos particulares dos professores do curso de Hist\u00f3ria<\/p>\n<p style=\"text-align: justify;\"><strong>Data da aquisi\u00e7\u00e3o:<\/strong> De fluxo cont\u00ednuo, desde a d\u00e9cada de 1980.<strong>\u00a0<\/strong><\/p>\n<p style=\"text-align: justify;\"><strong>Conte\u00fado: <em>Subgrupo Hon\u00f3rio de Souza Carneiro<\/em>: <\/strong>Os documentos reunidos s\u00e3o produtos do trabalho de pesquisa do professor Hon\u00f3rio durante a realiza\u00e7\u00e3o da sua disserta\u00e7\u00e3o de mestrado sobre a Companhia de Agricultura, Imigra\u00e7\u00e3o e Coloniza\u00e7\u00e3o (CAIC). As fontes fazem refer\u00eancia aos munic\u00edpios do extremo Noroeste de S\u00e3o Paulo, durante o processo de coloniza\u00e7\u00e3o nos anos de 1930 e 1940, em especial sobre o n\u00facleo colonial Paget, no atual munic\u00edpio de Santa F\u00e9 do Sul. Alguns destes documentos foram organizados pelos alunos do professor, quando lecionava na antiga Faculdade de Ci\u00eancias, Letras e Filosofia de Jales, no ano de 1972. Tamb\u00e9m constam fontes acerca da sua doc\u00eancia e coordena\u00e7\u00e3o do curso de Hist\u00f3ria do Centro Universit\u00e1rio de Tr\u00eas Lagoas\/UFMS. Na sua maioria trata-se de planos de aula, modelos de provas, assim como correspond\u00eancias recebidas e emitidas pelo mesmo quando na coordena\u00e7\u00e3o, bem como trabalhos desenvolvidos de 1990 a 1997. <strong><em>Subgrupo Nazareth dos Reis<\/em>: <\/strong>Jornal; recortes de jornais; revistas; cartilhas; informativos, projetos; quadros did\u00e1ticos Brasil I e II, Planos de ensino; Avalia\u00e7\u00e3o das disciplinas; avalia\u00e7\u00e3o pr\u00e9via; of\u00edcios; Di\u00e1rio oficial (c\u00f3pia); artigos de jornal (fragmentos); Pesquisas.<strong><em> Subgrupo Stella Maris<\/em><\/strong>: Fontes coletadas durante a pesquisa de mestrado; Documentos e artigos sobre Tr\u00eas Lagoas; Estatutos do Partido da Mobiliza\u00e7\u00e3o Nacional; Documentos pol\u00edticos e textos pertinentes a Era Vargas; Documentos oficiais (xerocopiados) a respeito de Filinto M\u00fcller provindos do CPDOC-FGV; fitas K7. <strong><em>Subgrupo Vitor Wagner Neto de Oliveira<\/em><\/strong>: Revistas, resolu\u00e7\u00f5es; abaixo assinado; boletins; MAB (Movimento dos Atingidos por Barragens); Plebiscito da d\u00edvida externa; recortes de jornais; jornal Converg\u00eancia Socialista; jornal Opini\u00e3o Socialista; jornal do PSTU; revistas; plebiscito da ALCA. <strong><em>Subgrupo Maria Celma Borges<\/em><\/strong>: Peri\u00f3dicos sobre o Movimento dos Sem Terra; Mapas de assentamentos; oficio do Presidente da Rep\u00fablica de fevereiro de 1967; jornais; reportagens (xerocopiadas) sobre o MST; Fontes MST; boletim de ocorr\u00eancia (Teodoro Sampaio).<\/p>\n<p style=\"text-align: justify;\"><strong>Sistema de classifica\u00e7\u00e3o: <\/strong>Dividido em subgrupos tem\u00e1ticos.<\/p>\n<p style=\"text-align: justify;\"><strong>Idiomas: <\/strong>Portugu\u00eas-BRA<strong>\u00a0<\/strong><\/p>\n<p style=\"text-align: justify;\"><a href=\"https:\/\/ndh-cptl.ufms.br\/wp-content\/uploads\/2024\/12\/CDH_06-12-2024.pdf\" target=\"_blank\" rel=\"noopener\"><strong>Instrumentos de pesquisa:<\/strong><\/a> Rela\u00e7\u00e3o do acervo com descri\u00e7\u00e3o de conte\u00fado, identificando grupos, subgrupos, s\u00e9ries e subs\u00e9ries.\u00a0<strong>\u00a0<\/strong><\/p>\n<p style=\"text-align: justify;\"><strong>Grupos relacionados: <\/strong>Arquivo da Palavra, Universidade Federal de Mato Grosso do Sul, comiss\u00e3o Pastoral da Terra, Noroeste do Brasil, Prefeitura Municipal de Tr\u00eas Lagoas, Sindicato dos Trabalhadores em Empresas Ferrovi\u00e1rias de Bauru e Mato Grosso do Sul, Noroeste do Brasil.<strong>\u00a0<\/strong><\/p>\n<p style=\"text-align: justify;\"><strong>Publica\u00e7\u00f5es relacionadas:<\/strong><\/p>\n<p style=\"text-align: justify;\">BORGES, M. C. <strong>De pobres da terra ao Movimento Sem Terra:<\/strong> pr\u00e1ticas e representa\u00e7\u00f5es camponesas no Pontal do Paranapanema \u2013 SP. 2004. Tese (Doutorado em Hist\u00f3ria).\u00a0 Faculdades de Letras e Ci\u00eancias Humanas. Universidade Estadual Paulista, Assis.<\/p>\n<p style=\"text-align: justify;\">CARNEIRO, H. de S. <strong>A Companhia Agr\u00edcola de Imigra\u00e7\u00e3o e Coloniza\u00e7\u00e3o (CAIC): 1928-1961<\/strong>. (Disserta\u00e7\u00e3o de mestrado) S\u00e3o Paulo: Funda\u00e7\u00e3o Escola de Sociologia e Pol\u00edtica de S\u00e3o Paulo, 1986.<\/p>\n<p style=\"text-align: justify;\">JORGE, Stella Maris Floresani. <strong>Filinto M\u00fcller:<\/strong> <strong>mem\u00f3ria e mito (1933-1942)<\/strong>. S\u00e3o Paulo, USP\/FFLCH, 1993 (mestrado em Hist\u00f3ria Social)<\/p>\n<p style=\"text-align: justify;\">SAUL, R. A. de. <strong>O Noroeste Paulista no contexto as Frentes Pioneiras: Debates sobre sua Ocupa\u00e7\u00e3o<\/strong>. In: BORGES, M. C. e ALVES, W. <strong>A. Semana de Hist\u00f3ria 2005: O Ensino e a Pesquisa na Constru\u00e7\u00e3o da Hist\u00f3ria<\/strong>. Campo Grande, MS: Ed. UFMS, 2006<\/p>\n<p style=\"text-align: justify;\">SAUL, R. A. de. <strong>O Processo de Coloniza\u00e7\u00e3o do Extremo Norte Ocidental Paulista: 1930 \u2013 1940<\/strong>. (Monografia de gradua\u00e7\u00e3o). CPTL\/UFMS, 2007.<\/p>\n<p style=\"text-align: justify;\"><strong>Acesso e Uso<\/strong>: Aberto a consulta, restringindo-se nos casos em que as fontes est\u00e3o se deteriorando. Para alguns documentos \u00e9 permitida a reprodu\u00e7\u00e3o no local.<\/p>\n<p style=\"text-align: justify;\"><strong>Controle da descri\u00e7\u00e3o: <\/strong>Juliana Bernardi Petek, Regivan Antonio de Saul, Renan Gon\u00e7alves Bressan, Thalita da Silva Gon\u00e7alves e Nelson Jose Chiericci Junior.<\/p>\n<p style=\"text-align: justify;\"><strong>Data da descri\u00e7\u00e3o:<\/strong>Agosto de 2009.<\/p>\n<p style=\"text-align: justify;\"><a href=\"#topo\"><img loading=\"lazy\" decoding=\"async\" class=\"alignnone wp-image-333 size-full\" src=\"https:\/\/ndh-cptl.ufms.br\/wp-content\/uploads\/2014\/12\/icone_topo.gif\" alt=\"Voltar ao Topo\" width=\"111\" height=\"34\" \/><\/a><\/p>\n<p style=\"text-align: justify;\"><span style=\"color: #ff0000;\"><em><strong><a name=\"14\"><\/a>14 &#8211; Arquivo da Palavra<\/strong><\/em><\/span><\/p>\n<p style=\"text-align: justify;\"><strong>Identifica\u00e7\u00e3o: <\/strong>Arquivo da Palavra (fontes orais e audiovisuais)<\/p>\n<p style=\"text-align: justify;\"><strong>C\u00f3digo: <\/strong>AP<\/p>\n<p style=\"text-align: justify;\"><strong>Datas &#8211; limite:<\/strong> 1984 \u2013 2007<\/p>\n<p style=\"text-align: justify;\"><strong>Dimens\u00e3o e suportes:<\/strong> 223 fitas cassetes de 60 minutos<\/p>\n<p style=\"text-align: justify;\"><strong>Produtores\/Colecionadores:<\/strong> Dentre os produtores das fontes contidas no Arquivo da Palavra se destacam os pesquisadores Hon\u00f3rio de Souza Carneiro e Maria Celma Borges. No entanto, diversos pesquisadores e alunos da UFMS-CPTL e de outras institui\u00e7\u00f5es contribu\u00edram doando as fontes produzidas para a constitui\u00e7\u00e3o do arquivo.<\/p>\n<p style=\"text-align: justify;\"><strong>Hist\u00f3rico:<\/strong> A proposta de organiza\u00e7\u00e3o de um Arquivo da Palavra no Curso de Hist\u00f3ria da UFMS, Campus de Tr\u00eas Lagoas, deu-se em mar\u00e7o de 2000, com o projeto de pesquisa \u201cArquivo da palavra: relato das pessoas comuns\u201d, aprovado pela PROPP. Na ocasi\u00e3o propunha-se a elabora\u00e7\u00e3o de um \u201carquivo da palavra\u201d, tomando como base o trabalho com as fontes orais e utilizando-se do referencial te\u00f3rico e metodol\u00f3gico da Hist\u00f3ria Oral, particularmente das entrevistas tem\u00e1ticas e da hist\u00f3ria de vida. Objetivava-se coletar a fala das \u201cpessoas comuns\u201d, sujeitos hist\u00f3ricos que se encontram a margem do sistema econ\u00f4mico e\/ou social, como por exemplo: os menores carentes, os menores infratores e os moradores de rua. Foi poss\u00edvel a realiza\u00e7\u00e3o de entrevistas com as duas \u00faltimas categorias de sujeitos, a partir da orienta\u00e7\u00e3o de Inicia\u00e7\u00e3o Cient\u00edfica, financiada pelo CNPq.<\/p>\n<p style=\"text-align: justify;\">Este grupo documental somou-se a outras fontes produzidas no N\u00facleo de Documenta\u00e7\u00e3o Hist\u00f3rica desde a sua funda\u00e7\u00e3o, a partir da iniciativa de professores do curso nos anos 1980 e 1990 destacando-se os projetos: \u201cAs origens de Tr\u00eas Lagoas\u201d, realizado na segunda metade da d\u00e9cada de 1980, e \u201cRelatos e Mem\u00f3rias em Tr\u00eas lagoas\u201d, de agosto de 1991 a dezembro de 1992. Outros projetos de extens\u00e3o, como com os ribeirinhos de Ilha Cumprida, trabalho desenvolvido pela coordenadora do Arquivo da Palavra e pela Professora Dra. Rosemeire de Almeida, juntamente com alunos de Hist\u00f3ria e de Geografia, contribu\u00edram e vem contribuindo para o acervo do Arquivo da Palavra.<\/p>\n<p style=\"text-align: justify;\">Atualmente, desenvolve-se o projeto de pesquisa, registrado na PROPP em 2004, intitulado \u201cEntre o campo e a cidade: pr\u00e1ticas e representa\u00e7\u00f5es sociais nas vozes das pessoas comuns\u201d que tem como objetivo analisar os sujeitos sociais do campo e da cidade nos munic\u00edpios da regi\u00e3o do Alto Paran\u00e1, partindo do tempo presente, com enfoque para os diversos movimentos coletivos e a\u00e7\u00f5es individuais que se manifestam (manifestaram) nestes espa\u00e7os, e que, comumente se encontram exclu\u00eddos da an\u00e1lise da historiografia tradicional. O projeto visa a aprender, particularmente, o modo como os homens e mulheres organizam as suas a\u00e7\u00f5es, por meio da compreens\u00e3o de suas vozes, das pr\u00e1ticas e representa\u00e7\u00f5es que desenham para si, bem como para os outros na busca de melhorias para a sua condi\u00e7\u00e3o de vida e de trabalho. As fontes orais, neste sentido, tornam-se imprescind\u00edveis, na medida em que possibilitam compreender as diversas express\u00f5es de luta, evidenciadas em quest\u00f5es que expressam medos, esperan\u00e7as, conquistas, perdas, elementos que se fazem cotidianos para aqueles que se contrap\u00f5em \u00e0 l\u00f3gica do capital.<\/p>\n<p style=\"text-align: justify;\">Movimentos de organiza\u00e7\u00e3o da luta pela e na terra constru\u00eddos por aqueles que se encontram acampados e assentados, \u00e0s margens da economia dominante no espa\u00e7o rural e urbano e mesmo daqueles que fogem aos padr\u00f5es de normalidade impressos pela sociedade (loucos, prostitutas, encarcerados, etc.), podem exprimir uma outra leitura que n\u00e3o aquela centrada na elite.<\/p>\n<p style=\"text-align: justify;\">Neste ano de 2007, podemos assinalar que v\u00e1rios destes objetivos j\u00e1 foram alcan\u00e7ados, na medida em que as fontes orais coletadas pela coordenadora em seu projeto de Doutorado, em 2004, foram destinadas para a composi\u00e7\u00e3o deste acervo, com cerca de 92 fitas gravadas com militantes, dirigentes, acampados e assentados do Movimento dos Trabalhadores Rurais Sem Terra na regi\u00e3o do Pontal do Paranapanema e em outras localidades do estado de S\u00e3o Paulo, somando-se ainda \u00e0 orienta\u00e7\u00e3o de mestrado e \u00e0s inicia\u00e7\u00f5es cient\u00edficas, desenvolvidas sob o incentivo do CNPq ou volunt\u00e1rias, as quais vem sendo realizadas desde o ano de 2000.<\/p>\n<p style=\"text-align: justify;\"><strong>Proced\u00eancia:<\/strong> As fontes contidas no Arquivo da Palavra procedem de projetos de hist\u00f3ria oral inerentes ao curso de Hist\u00f3ria da UFMS-CPTL, e de alunos e demais pesquisadores que trabalham com esta metodologia.<strong>\u00a0<\/strong><\/p>\n<p style=\"text-align: justify;\"><strong>Data da Aquisi\u00e7\u00e3o<\/strong>: Teve seu inicio no ano de 1984.<br \/><strong><br \/>Conte\u00fado: <\/strong>Os conte\u00fados que mais se destacam, at\u00e9 o momento, s\u00e3o os seguintes: quest\u00e3o agr\u00e1ria, MST, acampamento, assentamento, atividade cafeeira no Mato Grosso do Sul, origens de Tr\u00eas Lagoas, barrageiros, ferrovi\u00e1rios, ribeirinhos, religi\u00f5es e religiosidades.<\/p>\n<p style=\"text-align: justify;\"><strong>Sistema de Classifica\u00e7\u00e3o<\/strong>: As fitas, contendo as entrevistas, foram numeradas de 001 a 223 e os conte\u00fados discriminados em fichas de consultas.<\/p>\n<p style=\"text-align: justify;\"><strong>Idiomas:<\/strong> Portugu\u00eas\u2013BRA<\/p>\n<p style=\"text-align: justify;\"><strong>Instrumentos de pesquisa:<\/strong> Fichas descritivas contendo v\u00e1rias informa\u00e7\u00f5es, dentre elas a numera\u00e7\u00e3o das fitas, assuntos e produtores. Parte do acervo oral est\u00e1 transcrita.<\/p>\n<p style=\"text-align: justify;\"><a href=\"https:\/\/ndh-cptl.ufms.br\/wp-content\/uploads\/2024\/11\/ARQUIVO-DA-PALAVRA_LISTA-DE-PROJETOS-CADASTRADOS_novembro-2024.pdf\" target=\"_blank\" rel=\"noopener\"><strong>LISTA DE PROJETOS CADASTRADOS<\/strong><\/a><\/p>\n<p style=\"text-align: justify;\">Atualizado em 12\/2014<\/p>\n<p style=\"text-align: justify;\"><strong>Grupos relacionados:<\/strong> Noroeste do Brasil; IAJES; CPT; Peri\u00f3dicos; Arquivo Fotogr\u00e1fico; Sindicato dos Trabalhadores em Empresas Ferrovi\u00e1rias de Bauru e Mato Grosso do Sul; Barrageiros; UFMS; Hon\u00f3rio de Souza Carneiro; Ofai\u00e9.<strong>\u00a0<\/strong><\/p>\n<p><strong>Publica\u00e7\u00f5es relacionadas:<\/strong><\/p>\n<p style=\"text-align: justify;\">BORGES, M. C. <strong>De pobres da terra ao Movimento Sem Terra:<\/strong> pr\u00e1ticas e representa\u00e7\u00f5es camponesas no Pontal do Paranapanema \u2013 SP. 2004. Tese (Doutorado em Hist\u00f3ria).\u00a0 Faculdades de Letras e Ci\u00eancias Humanas. Universidade Eotadual Paulista, Assis.<\/p>\n<p style=\"text-align: justify;\">BORGES, M. C. <strong>Movimentos Sociais nos Campos do Pontal do Paranapanema: <\/strong>um estudo de caso da gleba Ribeir\u00e3o bonito (1970-1980). 1996. Disserta\u00e7\u00e3o (Mestrado em Hist\u00f3ria). Faculdades de Letras e Ci\u00eancias Humanas. Universidade Estadual Paulista, Assis.<\/p>\n<p style=\"text-align: justify;\">BORGES, M. C. <strong>Os sem terra e as fontes orais: considera\u00e7\u00f5es de pesquisa<\/strong>. In: VII Encontro de Hist\u00f3ria de Mato Grosso do Sul, 2005, Campo Grande. Anais &#8220;Patrim\u00f4nio Hist\u00f3rico e Cultural: Identidade e Poder&#8221;. Campo Grande -MS: UCDB, 2005. v. 01. p. 01-10.<\/p>\n<p style=\"text-align: justify;\">BORGES, M. C. <strong>Os sem-terra no Pontal do Paranapanema-SP: marcas na terra, marcos na mem\u00f3ria<\/strong>. In: XII Encontro Sul-Mato-Grossense de Geografia, 2003, Tr\u00eas Lagoas. XII Encontro Sul-Mato-Grossense de Geografia. Anais CD-R. Tr\u00eas Lagoas: UFMS, 2003. p. 526-543<\/p>\n<p style=\"text-align: justify;\">BORGES, M. C. <strong>Ouvir e contar: experi\u00eancia no uso das fontes orais<\/strong>. In: I Encontro de Letras: estudos ling\u00fc\u00edsticos e liter\u00e1rios, 2006, Tr\u00eas Lagoas. Anais I Encontro de Letras: Estudos ling\u00fc\u00edsticos e liter\u00e1rios. Tr\u00eas Lagoas -MS, 2006. p. 350-360<\/p>\n<p style=\"text-align: justify;\">BORGES, M. C.; OLIVEIRA, V. W. N. de. (Orgs) <strong>Cultura, trabalho e mem\u00f3ria<\/strong>. Campo Grande: Ed. UFMS, 2006.<\/p>\n<p>BORGES, M. C.; KUDLAVICZ, Mieceslaw. <a href=\"https:\/\/ndh-cptl.ufms.br\/wp-content\/uploads\/2023\/03\/CARTILHA-JUPIA.pdf\" target=\"_blank\" rel=\"noopener\"><strong>Pescadores do Jupi\u00e1<\/strong>: homens e mulheres do rio<\/a>. Curso de Hist\u00f3ria do CPTL\/UFMS; Comiss\u00e3o Pastoral da Terra. Tr\u00eas Lagoas-MS, 2009.<\/p>\n<p style=\"text-align: justify;\">OLIVEIRA, V. W. N. de. <strong>Estrada M\u00f3vel, Fronteiras Incertas<\/strong> \u2013 Os Trabalhadores do Rio Paraguai (1917-1926). Campo Grande: Ed. UFMS, 2005.<strong>\u00a0<\/strong><\/p>\n<p style=\"text-align: justify;\"><strong>Acesso e Uso<\/strong>: Aberto a consulta, restringindo-se para alguns casos em que as fontes est\u00e3o se deteriorando. \u00c9 permitida a reprodu\u00e7\u00e3o de transcri\u00e7\u00f5es e de fitas no pr\u00f3prio local.<strong>\u00a0<\/strong><\/p>\n<p style=\"text-align: justify;\"><strong>Controle da descri\u00e7\u00e3o<\/strong>: Andrey Minin Martin, Fabiano Coelho, Giani Vendramel de Oliveira, Maria Celma Borges, Mariana Quadros Gimenez e Nelson Jose Chiericci Junior.<\/p>\n<p style=\"text-align: justify;\"><strong>Data da descri\u00e7\u00e3o:<\/strong> Junho de 2007<\/p>\n<p style=\"text-align: center;\"><a href=\"#topo\"><img loading=\"lazy\" decoding=\"async\" class=\"alignnone wp-image-333 size-full\" src=\"https:\/\/ndh-cptl.ufms.br\/wp-content\/uploads\/2014\/12\/icone_topo.gif\" alt=\"Voltar ao Topo\" width=\"111\" height=\"34\" \/><\/a><\/p>\n\n\n<p><\/p>\n","protected":false},"excerpt":{"rendered":"<p>Biblioteca NDH O NDH possui uma biblioteca com cerca de 2 mil volumes que serve aos alunos e \u00e0s alunas do Curso de Hist\u00f3ria e consulentes diversos. As obras s\u00e3o origin\u00e1rias de doa\u00e7\u00f5es de docentes aposentados e aposentadas, de docentes &hellip; <a href=\"https:\/\/ndh-cptl.ufms.br\/?page_id=14\">Continue lendo <span class=\"meta-nav\">&rarr;<\/span><\/a><\/p>\n","protected":false},"author":1,"featured_media":0,"parent":0,"menu_order":4,"comment_status":"closed","ping_status":"open","template":"","meta":{"footnotes":""},"class_list":["post-14","page","type-page","status-publish","hentry"],"_links":{"self":[{"href":"https:\/\/ndh-cptl.ufms.br\/index.php?rest_route=\/wp\/v2\/pages\/14","targetHints":{"allow":["GET"]}}],"collection":[{"href":"https:\/\/ndh-cptl.ufms.br\/index.php?rest_route=\/wp\/v2\/pages"}],"about":[{"href":"https:\/\/ndh-cptl.ufms.br\/index.php?rest_route=\/wp\/v2\/types\/page"}],"author":[{"embeddable":true,"href":"https:\/\/ndh-cptl.ufms.br\/index.php?rest_route=\/wp\/v2\/users\/1"}],"replies":[{"embeddable":true,"href":"https:\/\/ndh-cptl.ufms.br\/index.php?rest_route=%2Fwp%2Fv2%2Fcomments&post=14"}],"version-history":[{"count":285,"href":"https:\/\/ndh-cptl.ufms.br\/index.php?rest_route=\/wp\/v2\/pages\/14\/revisions"}],"predecessor-version":[{"id":1612,"href":"https:\/\/ndh-cptl.ufms.br\/index.php?rest_route=\/wp\/v2\/pages\/14\/revisions\/1612"}],"wp:attachment":[{"href":"https:\/\/ndh-cptl.ufms.br\/index.php?rest_route=%2Fwp%2Fv2%2Fmedia&parent=14"}],"curies":[{"name":"wp","href":"https:\/\/api.w.org\/{rel}","templated":true}]}}