{"id":2,"date":"2014-06-20T11:08:09","date_gmt":"2014-06-20T11:08:09","guid":{"rendered":"http:\/\/www.ndh.ufms.br\/?page_id=2"},"modified":"2026-03-06T16:34:09","modified_gmt":"2026-03-06T20:34:09","slug":"pagina-exemplo","status":"publish","type":"page","link":"https:\/\/ndh-cptl.ufms.br\/","title":{"rendered":"Not\u00edcias"},"content":{"rendered":"\n<figure class=\"wp-block-gallery has-nested-images columns-default is-cropped wp-block-gallery-1 is-layout-flex wp-block-gallery-is-layout-flex\"><\/figure>\n\n\n\n<p><\/p>\n\n\n\n<div class=\"wp-block-columns is-layout-flex wp-container-core-columns-is-layout-9d6595d7 wp-block-columns-is-layout-flex\">\n<div class=\"wp-block-column is-layout-flow wp-block-column-is-layout-flow\" style=\"flex-basis:100%\">\n<figure class=\"wp-block-gallery has-nested-images columns-default is-cropped wp-block-gallery-2 is-layout-flex wp-block-gallery-is-layout-flex\"><\/figure>\n<\/div>\n<\/div>\n\n\n<h1><strong>Apresenta\u00e7\u00e3o<\/strong><\/h1>\n<p style=\"text-align: center;\"><strong>SEJA BEM-VINDO \u00c0 NOVA P\u00c1GINA DO N\u00daCLEO DE DOCUMENTA\u00c7\u00c3O HIST\u00d3RICA &#8220;HON\u00d3RIO DE SOUZA CARNEIRO&#8221;<\/strong><\/p>\n<p align=\"justify\">Depois de um tempo fora do ar por problemas t\u00e9cnicos, a p\u00e1gina do NDH na internet volta com novo visual e com novidades no acervo.<\/p>\n<p align=\"justify\">Logo teremos mais novidades comemorativas dos 40 anos do NDH.<\/p>\n<p style=\"color: #000000; text-align: justify;\" align=\"justify\">O objetivo deste site \u00e9 servir aos pesquisadores em hist\u00f3ria e \u00e1reas afins, bem como aos demais interessados em hist\u00f3ria social, pol\u00edtica e econ\u00f4mica de Tr\u00eas Lagoas e da regi\u00e3o do Alto Paran\u00e1.<\/p>\n<p style=\"color: #000000; text-align: justify;\" align=\"justify\">Aqui o pesquisador ter\u00e1 informa\u00e7\u00f5es dos diversos tipos de documentos que comp\u00f5em o NDH e que s\u00e3o constitu\u00eddos, entre outros, de arquivos textuais, cole\u00e7\u00f5es, peri\u00f3dicos, arquivos sonoros e iconogr\u00e1ficos.<\/p>\n<div class=\"kvgmc6g5 cxmmr5t8 oygrvhab hcukyx3x c1et5uql ii04i59q\">\u00a0<\/div>\n<hr \/>\n<div class=\"kvgmc6g5 cxmmr5t8 oygrvhab hcukyx3x c1et5uql ii04i59q\">\n<p dir=\"auto\" style=\"text-align: center;\"><strong>NDH DISPONIBILIZA NOVAS FERRAMENTAS DE PESQUISA<\/strong><\/p>\n<\/div>\n<p style=\"text-align: justify;\">O trabalho constante de docentes e discentes do Curso de Hist\u00f3ria do CPTL\/UFMS tem permitido aprimorar a organiza\u00e7\u00e3o e descri\u00e7\u00e3o do acervo do NDH. Neste m\u00eas lan\u00e7amos novo grupo documental: as Cole\u00e7\u00f5es do Centro de Estudos Migrat\u00f3rios (CEM).<\/p>\n<p style=\"text-align: justify;\">O acervo colecionado pelo CEM, localizado na cidade de S\u00e3o Paulo, disp\u00f5e de material diverso na produ\u00e7\u00e3o, tendo como n\u00facleo a defesa dos migrantes (nacionais e estrangeiros) no Brasil e em outros pa\u00edses, especialmente na Am\u00e9rica Latina. Entre os t\u00edtulos com maior express\u00e3o quantitativa no acervo, encontra-se \u201cVai-Vem \u2013 Boletim das Migra\u00e7\u00f5es\u201d. A egressa do curso de Hist\u00f3ria do CPTL\/UFMS, Marciana Santiago de Oliveira, mediou junto \u00e0 diretoria do CEM a doa\u00e7\u00e3o do acervo para o NDH em 2017, quando a mesma desenvolvia pesquisa de mestrado que resultou na disserta\u00e7\u00e3o refer\u00eancia para se compreender o papel do CEM e do <em>Boletim Vai-Vem<\/em> no apoio e defesa dos imigrantes em S\u00e3o Paulo.<\/p>\n<p style=\"text-align: justify;\">O trabalho de aperfei\u00e7oamento da descri\u00e7\u00e3o documental tamb\u00e9m permitiu a atualiza\u00e7\u00e3o de tabelas descritivas dos seguintes fundos documentais: IAJES, PT, UFMS, e CPT.<\/p>\n<p style=\"text-align: justify;\">Conhe\u00e7a as novidades na p\u00e1gina do NDH em &#8220;Acervo&#8221;.<\/p>\n<p style=\"text-align: justify;\">Em 2026, continuaremos o trabalho de aperfei\u00e7oamento na organiza\u00e7\u00e3o do acervo, tais como: digitaliza\u00e7\u00e3o das fichas funcionais dos trabalhadores da NOB e descri\u00e7\u00e3o das cole\u00e7\u00f5es de revistas.<\/p>\n<hr \/>\n<p style=\"text-align: center;\"><strong>SELO NDH &#8211; ACESSE LIVROS GRATUITOS<\/strong><\/p>\n<p>A Editora da UMFS tem publicado obras digitais com selo NDH. Livros que desvelam hist\u00f3rias contadas a partir do acervo sob a guarda do NDH.<\/p>\n<p>Conhe\u00e7a!!!<\/p>\n<p>Nadir Domingues Mendon\u00e7a &#8220;A (des)constru\u00e7\u00e3o da (des)ordens: poder e viol\u00eancia em Tr\u00eas Lagoas &#8211; MT (1915-1945)&#8221; (2021)<\/p>\n<div class=\"kvgmc6g5 cxmmr5t8 oygrvhab hcukyx3x c1et5uql ii04i59q\">\n<div>O livro est\u00e1 dispon\u00edvel no Reposit\u00f3rio Institucional:<\/div>\n<div><a title=\"Her\u00f3is de barro\" href=\"https:\/\/repositorio.ufms.br\/handle\/123456789\/4179\" target=\"_blank\" rel=\"noopener\" data-saferedirecturl=\"https:\/\/www.google.com\/url?q=https:\/\/repositorio.ufms.br\/handle\/123456789\/5170&amp;source=gmail&amp;ust=1665259083907000&amp;usg=AOvVaw3-Uzy6TZzjwXvrjKgIcNI3\">https:\/\/repositorio.ufms.br\/<wbr \/>handle\/123456789\/5170<\/a><\/div>\n<p style=\"text-align: justify;\">No formato e-book e gratuito.<\/p>\n<p style=\"text-align: justify;\"><a href=\"https:\/\/ndh-cptl.ufms.br\/?attachment_id=1538\" rel=\"attachment wp-att-1538\"><img loading=\"lazy\" decoding=\"async\" class=\"wp-image-1538 aligncenter\" src=\"https:\/\/ndh-cptl.ufms.br\/wp-content\/uploads\/2025\/06\/A-Desdescontrucao-das-desordens-capoa_page-0001-683x1024.jpg\" alt=\"\" width=\"317\" height=\"475\" srcset=\"https:\/\/ndh-cptl.ufms.br\/wp-content\/uploads\/2025\/06\/A-Desdescontrucao-das-desordens-capoa_page-0001-683x1024.jpg 683w, https:\/\/ndh-cptl.ufms.br\/wp-content\/uploads\/2025\/06\/A-Desdescontrucao-das-desordens-capoa_page-0001-200x300.jpg 200w, https:\/\/ndh-cptl.ufms.br\/wp-content\/uploads\/2025\/06\/A-Desdescontrucao-das-desordens-capoa_page-0001-768x1152.jpg 768w, https:\/\/ndh-cptl.ufms.br\/wp-content\/uploads\/2025\/06\/A-Desdescontrucao-das-desordens-capoa_page-0001.jpg 834w\" sizes=\"auto, (max-width: 317px) 100vw, 317px\" \/><\/a><\/p>\n<\/div>\n<div dir=\"auto\">\u00a0<\/div>\n<p dir=\"auto\" style=\"text-align: left;\">Mem\u00f3rias de Rebu\u00e1 Alves Corr\u00eaa &#8220;Her\u00f3is de Barro &#8211; Nos bastidores do front&#8221; (2022)<\/p>\n<div dir=\"auto\">O livro est\u00e1 dispon\u00edvel no Reposit\u00f3rio Institucional:<\/div>\n<div dir=\"auto\"><a href=\"https:\/\/repositorio.ufms.br\/handle\/123456789\/5170\" target=\"_blank\" rel=\"noopener\">https:\/\/repositorio.ufms.br\/handle\/123456789\/5170<\/a><br \/>\n<p style=\"text-align: justify;\">No formato e-book e gratuito.<\/p>\n<\/div>\n<div dir=\"auto\" style=\"text-align: justify;\"><a href=\"https:\/\/ndh-cptl.ufms.br\/?attachment_id=1231\" rel=\"attachment wp-att-1231\"><img loading=\"lazy\" decoding=\"async\" class=\"aligncenter  wp-image-1231\" src=\"https:\/\/ndh-cptl.ufms.br\/wp-content\/uploads\/2022\/10\/CAPA_HER\u00d3IS_DE_BARRO_NOS_BASTIDORES_DO_FRONT_Mem\u00f3rias_de_Petr\u00f4nio_Rebu\u00e1_Alves_Corr\u00eaa.jpg\" alt=\"\" width=\"322\" height=\"483\" srcset=\"https:\/\/ndh-cptl.ufms.br\/wp-content\/uploads\/2022\/10\/CAPA_HER\u00d3IS_DE_BARRO_NOS_BASTIDORES_DO_FRONT_Mem\u00f3rias_de_Petr\u00f4nio_Rebu\u00e1_Alves_Corr\u00eaa.jpg 600w, https:\/\/ndh-cptl.ufms.br\/wp-content\/uploads\/2022\/10\/CAPA_HER\u00d3IS_DE_BARRO_NOS_BASTIDORES_DO_FRONT_Mem\u00f3rias_de_Petr\u00f4nio_Rebu\u00e1_Alves_Corr\u00eaa-200x300.jpg 200w\" sizes=\"auto, (max-width: 322px) 100vw, 322px\" \/><\/a><\/div>\n<hr \/>\n\n\n\n\n\n\n<figure class=\"wp-block-gallery has-nested-images columns-default is-cropped wp-block-gallery-3 is-layout-flex wp-block-gallery-is-layout-flex\"><\/figure>\n\n\n\n\n\n\n","protected":false},"excerpt":{"rendered":"<p>Apresenta\u00e7\u00e3o SEJA BEM-VINDO \u00c0 NOVA P\u00c1GINA DO N\u00daCLEO DE DOCUMENTA\u00c7\u00c3O HIST\u00d3RICA &#8220;HON\u00d3RIO DE SOUZA CARNEIRO&#8221; Depois de um tempo fora do ar por problemas t\u00e9cnicos, a p\u00e1gina do NDH na internet volta com novo visual e com novidades no acervo. &hellip; <a href=\"https:\/\/ndh-cptl.ufms.br\/\">Continue lendo <span class=\"meta-nav\">&rarr;<\/span><\/a><\/p>\n","protected":false},"author":1,"featured_media":0,"parent":0,"menu_order":0,"comment_status":"closed","ping_status":"open","template":"","meta":{"footnotes":""},"class_list":["post-2","page","type-page","status-publish","hentry"],"_links":{"self":[{"href":"https:\/\/ndh-cptl.ufms.br\/index.php?rest_route=\/wp\/v2\/pages\/2","targetHints":{"allow":["GET"]}}],"collection":[{"href":"https:\/\/ndh-cptl.ufms.br\/index.php?rest_route=\/wp\/v2\/pages"}],"about":[{"href":"https:\/\/ndh-cptl.ufms.br\/index.php?rest_route=\/wp\/v2\/types\/page"}],"author":[{"embeddable":true,"href":"https:\/\/ndh-cptl.ufms.br\/index.php?rest_route=\/wp\/v2\/users\/1"}],"replies":[{"embeddable":true,"href":"https:\/\/ndh-cptl.ufms.br\/index.php?rest_route=%2Fwp%2Fv2%2Fcomments&post=2"}],"version-history":[{"count":177,"href":"https:\/\/ndh-cptl.ufms.br\/index.php?rest_route=\/wp\/v2\/pages\/2\/revisions"}],"predecessor-version":[{"id":1610,"href":"https:\/\/ndh-cptl.ufms.br\/index.php?rest_route=\/wp\/v2\/pages\/2\/revisions\/1610"}],"wp:attachment":[{"href":"https:\/\/ndh-cptl.ufms.br\/index.php?rest_route=%2Fwp%2Fv2%2Fmedia&parent=2"}],"curies":[{"name":"wp","href":"https:\/\/api.w.org\/{rel}","templated":true}]}}